{"id":66,"date":"2024-03-18T19:44:40","date_gmt":"2024-03-18T22:44:40","guid":{"rendered":"https:\/\/clientesbrandbits.click\/?page_id=66"},"modified":"2024-06-03T12:52:29","modified_gmt":"2024-06-03T16:52:29","slug":"mujeres-en-la-industria","status":"publish","type":"page","link":"https:\/\/clientesbrandbits.click\/es\/mujeres-en-la-industria\/","title":{"rendered":"Mujeres en la Industria"},"content":{"rendered":"\t\t<div data-elementor-type=\"wp-page\" data-elementor-id=\"66\" class=\"elementor elementor-66\">\n\t\t\t\t<div class=\"elementor-element elementor-element-d3a210e e-flex e-con-boxed wpr-particle-no wpr-jarallax-no wpr-parallax-no wpr-sticky-section-no e-con e-parent\" data-id=\"d3a210e\" data-element_type=\"container\">\n\t\t\t\t\t<div class=\"e-con-inner\">\n\t\t<div class=\"elementor-element elementor-element-12cf2d3 e-con-full e-flex wpr-particle-no wpr-jarallax-no wpr-parallax-no wpr-sticky-section-no e-con e-child\" data-id=\"12cf2d3\" data-element_type=\"container\" data-settings=\"{&quot;background_background&quot;:&quot;classic&quot;}\">\n\t\t\t\t<div class=\"elementor-element elementor-element-73a6602 elementor-widget elementor-widget-heading\" data-id=\"73a6602\" data-element_type=\"widget\" data-widget_type=\"heading.default\">\n\t\t\t\t<div class=\"elementor-widget-container\">\n\t\t\t<style>\/*! elementor - v3.21.0 - 26-05-2024 *\/\n.elementor-heading-title{padding:0;margin:0;line-height:1}.elementor-widget-heading .elementor-heading-title[class*=elementor-size-]>a{color:inherit;font-size:inherit;line-height:inherit}.elementor-widget-heading .elementor-heading-title.elementor-size-small{font-size:15px}.elementor-widget-heading .elementor-heading-title.elementor-size-medium{font-size:19px}.elementor-widget-heading .elementor-heading-title.elementor-size-large{font-size:29px}.elementor-widget-heading .elementor-heading-title.elementor-size-xl{font-size:39px}.elementor-widget-heading .elementor-heading-title.elementor-size-xxl{font-size:59px}<\/style><h3 class=\"elementor-heading-title elementor-size-default\">Mujeres en la Industria<\/h3>\t\t<\/div>\n\t\t\t\t<\/div>\n\t\t\t\t<div class=\"elementor-element elementor-element-58ba827 elementor-widget-divider--view-line elementor-widget elementor-widget-divider\" data-id=\"58ba827\" data-element_type=\"widget\" data-widget_type=\"divider.default\">\n\t\t\t\t<div class=\"elementor-widget-container\">\n\t\t\t<style>\/*! elementor - v3.21.0 - 26-05-2024 *\/\n.elementor-widget-divider{--divider-border-style:none;--divider-border-width:1px;--divider-color:#0c0d0e;--divider-icon-size:20px;--divider-element-spacing:10px;--divider-pattern-height:24px;--divider-pattern-size:20px;--divider-pattern-url:none;--divider-pattern-repeat:repeat-x}.elementor-widget-divider .elementor-divider{display:flex}.elementor-widget-divider .elementor-divider__text{font-size:15px;line-height:1;max-width:95%}.elementor-widget-divider .elementor-divider__element{margin:0 var(--divider-element-spacing);flex-shrink:0}.elementor-widget-divider .elementor-icon{font-size:var(--divider-icon-size)}.elementor-widget-divider .elementor-divider-separator{display:flex;margin:0;direction:ltr}.elementor-widget-divider--view-line_icon .elementor-divider-separator,.elementor-widget-divider--view-line_text .elementor-divider-separator{align-items:center}.elementor-widget-divider--view-line_icon .elementor-divider-separator:after,.elementor-widget-divider--view-line_icon .elementor-divider-separator:before,.elementor-widget-divider--view-line_text .elementor-divider-separator:after,.elementor-widget-divider--view-line_text .elementor-divider-separator:before{display:block;content:\"\";border-block-end:0;flex-grow:1;border-block-start:var(--divider-border-width) var(--divider-border-style) var(--divider-color)}.elementor-widget-divider--element-align-left .elementor-divider .elementor-divider-separator>.elementor-divider__svg:first-of-type{flex-grow:0;flex-shrink:100}.elementor-widget-divider--element-align-left .elementor-divider-separator:before{content:none}.elementor-widget-divider--element-align-left .elementor-divider__element{margin-left:0}.elementor-widget-divider--element-align-right .elementor-divider .elementor-divider-separator>.elementor-divider__svg:last-of-type{flex-grow:0;flex-shrink:100}.elementor-widget-divider--element-align-right .elementor-divider-separator:after{content:none}.elementor-widget-divider--element-align-right .elementor-divider__element{margin-right:0}.elementor-widget-divider--element-align-start .elementor-divider .elementor-divider-separator>.elementor-divider__svg:first-of-type{flex-grow:0;flex-shrink:100}.elementor-widget-divider--element-align-start .elementor-divider-separator:before{content:none}.elementor-widget-divider--element-align-start .elementor-divider__element{margin-inline-start:0}.elementor-widget-divider--element-align-end .elementor-divider .elementor-divider-separator>.elementor-divider__svg:last-of-type{flex-grow:0;flex-shrink:100}.elementor-widget-divider--element-align-end .elementor-divider-separator:after{content:none}.elementor-widget-divider--element-align-end .elementor-divider__element{margin-inline-end:0}.elementor-widget-divider:not(.elementor-widget-divider--view-line_text):not(.elementor-widget-divider--view-line_icon) .elementor-divider-separator{border-block-start:var(--divider-border-width) var(--divider-border-style) var(--divider-color)}.elementor-widget-divider--separator-type-pattern{--divider-border-style:none}.elementor-widget-divider--separator-type-pattern.elementor-widget-divider--view-line .elementor-divider-separator,.elementor-widget-divider--separator-type-pattern:not(.elementor-widget-divider--view-line) .elementor-divider-separator:after,.elementor-widget-divider--separator-type-pattern:not(.elementor-widget-divider--view-line) .elementor-divider-separator:before,.elementor-widget-divider--separator-type-pattern:not([class*=elementor-widget-divider--view]) .elementor-divider-separator{width:100%;min-height:var(--divider-pattern-height);-webkit-mask-size:var(--divider-pattern-size) 100%;mask-size:var(--divider-pattern-size) 100%;-webkit-mask-repeat:var(--divider-pattern-repeat);mask-repeat:var(--divider-pattern-repeat);background-color:var(--divider-color);-webkit-mask-image:var(--divider-pattern-url);mask-image:var(--divider-pattern-url)}.elementor-widget-divider--no-spacing{--divider-pattern-size:auto}.elementor-widget-divider--bg-round{--divider-pattern-repeat:round}.rtl .elementor-widget-divider .elementor-divider__text{direction:rtl}.e-con-inner>.elementor-widget-divider,.e-con>.elementor-widget-divider{width:var(--container-widget-width,100%);--flex-grow:var(--container-widget-flex-grow)}<\/style>\t\t<div class=\"elementor-divider\">\n\t\t\t<span class=\"elementor-divider-separator\">\n\t\t\t\t\t\t<\/span>\n\t\t<\/div>\n\t\t\t\t<\/div>\n\t\t\t\t<\/div>\n\t\t\t\t<div class=\"elementor-element elementor-element-20ff6a1 wpr-grid-columns-1 wpr-grid-columns--tablet2 wpr-grid-columns--mobile1 wpr-grid-pagination-center wpr-item-styles-inner elementor-widget elementor-widget-wpr-grid\" data-id=\"20ff6a1\" data-element_type=\"widget\" data-widget_type=\"wpr-grid.default\">\n\t\t\t\t<div class=\"elementor-widget-container\">\n\t\t\t<ul class=\"wpr-grid-filters elementor-clearfix wpr-grid-filters-sep-right\"><li class=\" wpr-pointer-none wpr-pointer-line-fx wpr-pointer-fx-none\"><span data-filter=\"*\" class=\"wpr-active-filter \">All Posts<\/span><em class=\"wpr-grid-filters-sep\"><\/em><\/li><li class=\" wpr-pointer-none wpr-pointer-line-fx wpr-pointer-fx-none\"><span  data-filter=\".category-mujeres-en-la-industria\">Mujeres en la Industria<\/span><em class=\"wpr-grid-filters-sep\"><\/em><\/li><\/ul><section class=\"wpr-grid elementor-clearfix\" data-settings=\"{&quot;layout&quot;:&quot;list&quot;,&quot;stick_last_element_to_bottom&quot;:&quot;no&quot;,&quot;columns_desktop&quot;:&quot;1&quot;,&quot;gutter_hr&quot;:15,&quot;gutter_hr_mobile&quot;:15,&quot;gutter_hr_mobile_extra&quot;:15,&quot;gutter_hr_tablet&quot;:15,&quot;gutter_hr_tablet_extra&quot;:15,&quot;gutter_hr_laptop&quot;:15,&quot;gutter_hr_widescreen&quot;:15,&quot;gutter_vr&quot;:15,&quot;gutter_vr_mobile&quot;:15,&quot;gutter_vr_mobile_extra&quot;:15,&quot;gutter_vr_tablet&quot;:15,&quot;gutter_vr_tablet_extra&quot;:15,&quot;gutter_vr_laptop&quot;:15,&quot;gutter_vr_widescreen&quot;:15,&quot;animation&quot;:&quot;default&quot;,&quot;animation_duration&quot;:0.3,&quot;animation_delay&quot;:0.1,&quot;deeplinking&quot;:&quot;&quot;,&quot;filters_linkable&quot;:&quot;no&quot;,&quot;filters_default_filter&quot;:&quot;&quot;,&quot;filters_count&quot;:&quot;&quot;,&quot;filters_hide_empty&quot;:&quot;no&quot;,&quot;filters_animation&quot;:&quot;default&quot;,&quot;filters_animation_duration&quot;:0.3,&quot;filters_animation_delay&quot;:0.1,&quot;pagination_type&quot;:&quot;load-more&quot;,&quot;pagination_max_pages&quot;:4,&quot;media_align&quot;:&quot;left&quot;,&quot;media_width&quot;:38,&quot;media_distance&quot;:20,&quot;lightbox&quot;:{&quot;selector&quot;:&quot;.wpr-grid-image-wrap&quot;,&quot;iframeMaxWidth&quot;:&quot;60%&quot;,&quot;hash&quot;:false,&quot;autoplay&quot;:&quot;true&quot;,&quot;pause&quot;:5000,&quot;progressBar&quot;:&quot;true&quot;,&quot;counter&quot;:&quot;true&quot;,&quot;controls&quot;:&quot;true&quot;,&quot;getCaptionFromTitleOrAlt&quot;:&quot;true&quot;,&quot;thumbnail&quot;:&quot;&quot;,&quot;showThumbByDefault&quot;:&quot;&quot;,&quot;share&quot;:&quot;&quot;,&quot;zoom&quot;:&quot;true&quot;,&quot;fullScreen&quot;:&quot;true&quot;,&quot;download&quot;:&quot;true&quot;}}\"><article class=\"wpr-grid-item elementor-clearfix post-2584 post type-post status-publish format-standard has-post-thumbnail hentry category-mujeres-en-la-industria tag-maite-alberdi tag-netflix infinite-scroll-item\"><div class=\"wpr-grid-item-inner\"><div class=\"wpr-grid-media-wrap wpr-effect-size-medium \" data-overlay-link=\"yes\"><div class=\"wpr-grid-image-wrap\" data-src=\"https:\/\/clientesbrandbits.click\/wp-content\/uploads\/2024\/07\/LH_20230709-SC09_00056-e1722353429260.jpg\" data-img-on-hover=\"\"  data-src-secondary=\"\"><img decoding=\"async\" data-no-lazy=\"1\" src=\"https:\/\/clientesbrandbits.click\/wp-content\/uploads\/2024\/07\/LH_20230709-SC09_00056-e1722353429260.jpg\" alt=\"El Lugar De La Otra. Elisa Zulueta as Mercedes in El Lugar De La Otra. Cr. Diego Araya Corval\u00e1n \/Netflix  \u00a92024\" class=\"wpr-anim-timing-ease-default\"><\/div><div class=\"wpr-grid-media-hover wpr-animation-wrap\"><div class=\"wpr-grid-media-hover-bg  wpr-overlay-fade-in wpr-anim-size-large wpr-anim-timing-ease-default wpr-anim-transparency\" data-url=\"https:\/\/clientesbrandbits.click\/es\/netflix-estrena-el-lugar-de-la-otra-la-nueva-pelicula-de-maite-alberdi\/\"><\/div><\/div><\/div><div class=\"wpr-grid-item-below-content elementor-clearfix\"><h2 class=\"wpr-grid-item-title elementor-repeater-item-c562b1b wpr-grid-item-display-block wpr-grid-item-align-left wpr-pointer-none wpr-pointer-line-fx wpr-pointer-fx-fade\"><div class=\"inner-block\"><a target=\"_self\"  href=\"https:\/\/clientesbrandbits.click\/es\/netflix-estrena-el-lugar-de-la-otra-la-nueva-pelicula-de-maite-alberdi\/\">Netflix estrena \u00abEl Lugar de la otra\u00bb, la nueva pel\u00edcula de Maite Alberdi<\/a><\/div><\/h2><div class=\"wpr-grid-item-excerpt elementor-repeater-item-cfc1745 wpr-grid-item-display-block wpr-grid-item-align-left\"><div class=\"inner-block\"><p>La destacada directora chilena, estrenar\u00e1 su m\u00e1s reciente trabajo, que adem\u00e1s es su primera pel\u00edcula titulada \u201cEl lugar de la&hellip;<\/p><\/div><\/div><div class=\"wpr-grid-item-read-more elementor-repeater-item-861d914 wpr-grid-item-display-block wpr-grid-item-align-left\"><div class=\"inner-block\"><a target=\"_self\" href=\"https:\/\/clientesbrandbits.click\/es\/netflix-estrena-el-lugar-de-la-otra-la-nueva-pelicula-de-maite-alberdi\/\" class=\"wpr-button-effect wpr-button-none\"><span>Leer M\u00e1s<\/span><\/a><\/div><\/div><div class=\"wpr-grid-item-separator elementor-repeater-item-831439c wpr-grid-item-display-block wpr-grid-item-align-left wpr-grid-sep-style-1\"><div class=\"inner-block\"><span><\/span><\/div><\/div><\/div><\/div><\/article><article class=\"wpr-grid-item elementor-clearfix post-2543 post type-post status-publish format-standard has-post-thumbnail hentry category-destacados category-mujeres-en-la-industria tag-destacados tag-mujeres-en-la-industria tag-shondaland infinite-scroll-item\"><div class=\"wpr-grid-item-inner\"><div class=\"wpr-grid-media-wrap wpr-effect-size-medium \" data-overlay-link=\"yes\"><div class=\"wpr-grid-image-wrap\" data-src=\"https:\/\/clientesbrandbits.click\/wp-content\/uploads\/2024\/07\/shondaland.jpg\" data-img-on-hover=\"\"  data-src-secondary=\"\"><img decoding=\"async\" data-no-lazy=\"1\" src=\"https:\/\/clientesbrandbits.click\/wp-content\/uploads\/2024\/07\/shondaland.jpg\" alt=\"\u00abLas mujeres de Shondaland\u00bb: el impacto de Shonda Rhimes en la industria Televisiva\" class=\"wpr-anim-timing-ease-default\"><\/div><div class=\"wpr-grid-media-hover wpr-animation-wrap\"><div class=\"wpr-grid-media-hover-bg  wpr-overlay-fade-in wpr-anim-size-large wpr-anim-timing-ease-default wpr-anim-transparency\" data-url=\"https:\/\/clientesbrandbits.click\/es\/el-impacto-de-shonda-rhimes-en-la-industria-televisiva\/\"><\/div><\/div><\/div><div class=\"wpr-grid-item-below-content elementor-clearfix\"><h2 class=\"wpr-grid-item-title elementor-repeater-item-c562b1b wpr-grid-item-display-block wpr-grid-item-align-left wpr-pointer-none wpr-pointer-line-fx wpr-pointer-fx-fade\"><div class=\"inner-block\"><a target=\"_self\"  href=\"https:\/\/clientesbrandbits.click\/es\/el-impacto-de-shonda-rhimes-en-la-industria-televisiva\/\">\u00abLas mujeres de Shondaland\u00bb: el impacto de Shonda Rhimes en la industria Televisiva<\/a><\/div><\/h2><div class=\"wpr-grid-item-excerpt elementor-repeater-item-cfc1745 wpr-grid-item-display-block wpr-grid-item-align-left\"><div class=\"inner-block\"><p>La escritora y productora Shonda Rhimes ha revolucionado la industria del cine y la televisi\u00f3n. Si no escuchaste nunca de&hellip;<\/p><\/div><\/div><div class=\"wpr-grid-item-read-more elementor-repeater-item-861d914 wpr-grid-item-display-block wpr-grid-item-align-left\"><div class=\"inner-block\"><a target=\"_self\" href=\"https:\/\/clientesbrandbits.click\/es\/el-impacto-de-shonda-rhimes-en-la-industria-televisiva\/\" class=\"wpr-button-effect wpr-button-none\"><span>Leer M\u00e1s<\/span><\/a><\/div><\/div><div class=\"wpr-grid-item-separator elementor-repeater-item-831439c wpr-grid-item-display-block wpr-grid-item-align-left wpr-grid-sep-style-1\"><div class=\"inner-block\"><span><\/span><\/div><\/div><\/div><\/div><\/article><article class=\"wpr-grid-item elementor-clearfix post-2398 post type-post status-publish format-standard has-post-thumbnail hentry category-destacados category-entrevistas category-mujeres-en-la-industria tag-destacados tag-maria-ignacia-soto-aguilar tag-the-bear infinite-scroll-item\"><div class=\"wpr-grid-item-inner\"><div class=\"wpr-grid-media-wrap wpr-effect-size-medium \" data-overlay-link=\"yes\"><div class=\"wpr-grid-image-wrap\" data-src=\"https:\/\/clientesbrandbits.click\/wp-content\/uploads\/2024\/07\/file.png\" data-img-on-hover=\"\"  data-src-secondary=\"\"><img decoding=\"async\" data-no-lazy=\"1\" src=\"https:\/\/clientesbrandbits.click\/wp-content\/uploads\/2024\/07\/file.png\" alt=\"Hablamos con Mar\u00eda Ignacia Soto-Aguilar, chilena nominada al Emmy por \u00abThe Bear\u00bb\" class=\"wpr-anim-timing-ease-default\"><\/div><div class=\"wpr-grid-media-hover wpr-animation-wrap\"><div class=\"wpr-grid-media-hover-bg  wpr-overlay-fade-in wpr-anim-size-large wpr-anim-timing-ease-default wpr-anim-transparency\" data-url=\"https:\/\/clientesbrandbits.click\/es\/chilena-nominada-al-emmy-por-the-bear\/\"><\/div><\/div><\/div><div class=\"wpr-grid-item-below-content elementor-clearfix\"><h2 class=\"wpr-grid-item-title elementor-repeater-item-c562b1b wpr-grid-item-display-block wpr-grid-item-align-left wpr-pointer-none wpr-pointer-line-fx wpr-pointer-fx-fade\"><div class=\"inner-block\"><a target=\"_self\"  href=\"https:\/\/clientesbrandbits.click\/es\/chilena-nominada-al-emmy-por-the-bear\/\">Hablamos con Mar\u00eda Ignacia Soto-Aguilar, chilena nominada al Emmy por \u00abThe Bear\u00bb<\/a><\/div><\/h2><div class=\"wpr-grid-item-excerpt elementor-repeater-item-cfc1745 wpr-grid-item-display-block wpr-grid-item-align-left\"><div class=\"inner-block\"><p>La conversaci\u00f3n que tuvimos con Mar\u00eda Ignacia Soto-Aguilar fue fluida y prolongada, de esas entrevistas que no quieres que termine&hellip;<\/p><\/div><\/div><div class=\"wpr-grid-item-read-more elementor-repeater-item-861d914 wpr-grid-item-display-block wpr-grid-item-align-left\"><div class=\"inner-block\"><a target=\"_self\" href=\"https:\/\/clientesbrandbits.click\/es\/chilena-nominada-al-emmy-por-the-bear\/\" class=\"wpr-button-effect wpr-button-none\"><span>Leer M\u00e1s<\/span><\/a><\/div><\/div><div class=\"wpr-grid-item-separator elementor-repeater-item-831439c wpr-grid-item-display-block wpr-grid-item-align-left wpr-grid-sep-style-1\"><div class=\"inner-block\"><span><\/span><\/div><\/div><\/div><\/div><\/article><article class=\"wpr-grid-item elementor-clearfix post-2197 post type-post status-publish format-standard has-post-thumbnail hentry category-destacados category-mujeres-en-la-industria tag-destacados tag-hello-sunshine tag-mujeres-en-la-industria infinite-scroll-item\"><div class=\"wpr-grid-item-inner\"><div class=\"wpr-grid-media-wrap wpr-effect-size-medium \" data-overlay-link=\"yes\"><div class=\"wpr-grid-image-wrap\" data-src=\"https:\/\/clientesbrandbits.click\/wp-content\/uploads\/2024\/07\/big-little.jpg\" data-img-on-hover=\"\"  data-src-secondary=\"\"><img decoding=\"async\" data-no-lazy=\"1\" src=\"https:\/\/clientesbrandbits.click\/wp-content\/uploads\/2024\/07\/big-little.jpg\" alt=\"Hello Sunshine: De mujeres y bandas sonoras\" class=\"wpr-anim-timing-ease-default\"><\/div><div class=\"wpr-grid-media-hover wpr-animation-wrap\"><div class=\"wpr-grid-media-hover-bg  wpr-overlay-fade-in wpr-anim-size-large wpr-anim-timing-ease-default wpr-anim-transparency\" data-url=\"https:\/\/clientesbrandbits.click\/es\/hello-sunshine-de-mujeres-y-bandas-sonoras\/\"><\/div><\/div><\/div><div class=\"wpr-grid-item-below-content elementor-clearfix\"><h2 class=\"wpr-grid-item-title elementor-repeater-item-c562b1b wpr-grid-item-display-block wpr-grid-item-align-left wpr-pointer-none wpr-pointer-line-fx wpr-pointer-fx-fade\"><div class=\"inner-block\"><a target=\"_self\"  href=\"https:\/\/clientesbrandbits.click\/es\/hello-sunshine-de-mujeres-y-bandas-sonoras\/\">Hello Sunshine: De mujeres y bandas sonoras<\/a><\/div><\/h2><div class=\"wpr-grid-item-excerpt elementor-repeater-item-cfc1745 wpr-grid-item-display-block wpr-grid-item-align-left\"><div class=\"inner-block\"><p>La compa\u00f1\u00eda productora de la actriz Reese Witherspoon ha sabido ganarse un espacio gigante en la industria televisiva. Sus historias,&hellip;<\/p><\/div><\/div><div class=\"wpr-grid-item-read-more elementor-repeater-item-861d914 wpr-grid-item-display-block wpr-grid-item-align-left\"><div class=\"inner-block\"><a target=\"_self\" href=\"https:\/\/clientesbrandbits.click\/es\/hello-sunshine-de-mujeres-y-bandas-sonoras\/\" class=\"wpr-button-effect wpr-button-none\"><span>Leer M\u00e1s<\/span><\/a><\/div><\/div><div class=\"wpr-grid-item-separator elementor-repeater-item-831439c wpr-grid-item-display-block wpr-grid-item-align-left wpr-grid-sep-style-1\"><div class=\"inner-block\"><span><\/span><\/div><\/div><\/div><\/div><\/article><article class=\"wpr-grid-item elementor-clearfix post-2127 post type-post status-publish format-standard has-post-thumbnail hentry category-festivales-de-cine category-mujeres-en-la-industria tag-mujeres-en-la-industria tag-sanfic infinite-scroll-item\"><div class=\"wpr-grid-item-inner\"><div class=\"wpr-grid-media-wrap wpr-effect-size-medium \" data-overlay-link=\"yes\"><div class=\"wpr-grid-image-wrap\" data-src=\"https:\/\/clientesbrandbits.click\/wp-content\/uploads\/2024\/07\/sisi-yo.jpg\" data-img-on-hover=\"\"  data-src-secondary=\"\"><img decoding=\"async\" data-no-lazy=\"1\" src=\"https:\/\/clientesbrandbits.click\/wp-content\/uploads\/2024\/07\/sisi-yo.jpg\" alt=\"SANFIC20 anuncia las pel\u00edculas que ser\u00e1n parte de la secci\u00f3n \u201cDirectoras en foco\u201d\" class=\"wpr-anim-timing-ease-default\"><\/div><div class=\"wpr-grid-media-hover wpr-animation-wrap\"><div class=\"wpr-grid-media-hover-bg  wpr-overlay-fade-in wpr-anim-size-large wpr-anim-timing-ease-default wpr-anim-transparency\" data-url=\"https:\/\/clientesbrandbits.click\/es\/sanfic20-anuncia-las-peliculas-que-seran-parte-de-la-seccion-directoras-en-foco\/\"><\/div><\/div><\/div><div class=\"wpr-grid-item-below-content elementor-clearfix\"><h2 class=\"wpr-grid-item-title elementor-repeater-item-c562b1b wpr-grid-item-display-block wpr-grid-item-align-left wpr-pointer-none wpr-pointer-line-fx wpr-pointer-fx-fade\"><div class=\"inner-block\"><a target=\"_self\"  href=\"https:\/\/clientesbrandbits.click\/es\/sanfic20-anuncia-las-peliculas-que-seran-parte-de-la-seccion-directoras-en-foco\/\">SANFIC20 anuncia las pel\u00edculas que ser\u00e1n parte de la secci\u00f3n \u201cDirectoras en foco\u201d<\/a><\/div><\/h2><div class=\"wpr-grid-item-excerpt elementor-repeater-item-cfc1745 wpr-grid-item-display-block wpr-grid-item-align-left\"><div class=\"inner-block\"><p>El Santiago Festival Internacional de Cine (SANFIC) \u2013organizado por Fundaci\u00f3n CorpArtes y producido por Storyboard Media\u2013, celebrar\u00e1 en esta edici\u00f3n&hellip;<\/p><\/div><\/div><div class=\"wpr-grid-item-read-more elementor-repeater-item-861d914 wpr-grid-item-display-block wpr-grid-item-align-left\"><div class=\"inner-block\"><a target=\"_self\" href=\"https:\/\/clientesbrandbits.click\/es\/sanfic20-anuncia-las-peliculas-que-seran-parte-de-la-seccion-directoras-en-foco\/\" class=\"wpr-button-effect wpr-button-none\"><span>Leer M\u00e1s<\/span><\/a><\/div><\/div><div class=\"wpr-grid-item-separator elementor-repeater-item-831439c wpr-grid-item-display-block wpr-grid-item-align-left wpr-grid-sep-style-1\"><div class=\"inner-block\"><span><\/span><\/div><\/div><\/div><\/div><\/article><article class=\"wpr-grid-item elementor-clearfix post-1389 post type-post status-publish format-standard has-post-thumbnail hentry category-films category-mujeres-en-la-industria tag-festival-de-cannes infinite-scroll-item\"><div class=\"wpr-grid-item-inner\"><div class=\"wpr-grid-media-wrap wpr-effect-size-medium \" data-overlay-link=\"yes\"><div class=\"wpr-grid-image-wrap\" data-src=\"https:\/\/clientesbrandbits.click\/wp-content\/uploads\/2024\/05\/Meryl-Streep-Cannes-Film-Festival-tout-051524-1c8584c95ccc4eb0845a17fc64796315.jpg\" data-img-on-hover=\"\"  data-src-secondary=\"\"><img decoding=\"async\" data-no-lazy=\"1\" src=\"https:\/\/clientesbrandbits.click\/wp-content\/uploads\/2024\/05\/Meryl-Streep-Cannes-Film-Festival-tout-051524-1c8584c95ccc4eb0845a17fc64796315.jpg\" alt=\"Cannes D\u00eda 2: Estuvimos en una Masterclass con Meryl Streep\" class=\"wpr-anim-timing-ease-default\"><\/div><div class=\"wpr-grid-media-hover wpr-animation-wrap\"><div class=\"wpr-grid-media-hover-bg  wpr-overlay-fade-in wpr-anim-size-large wpr-anim-timing-ease-default wpr-anim-transparency\" data-url=\"https:\/\/clientesbrandbits.click\/es\/cannes-dia-2-estuvimos-en-una-masterclass-con-meryl-streep\/\"><\/div><\/div><\/div><div class=\"wpr-grid-item-below-content elementor-clearfix\"><h2 class=\"wpr-grid-item-title elementor-repeater-item-c562b1b wpr-grid-item-display-block wpr-grid-item-align-left wpr-pointer-none wpr-pointer-line-fx wpr-pointer-fx-fade\"><div class=\"inner-block\"><a target=\"_self\"  href=\"https:\/\/clientesbrandbits.click\/es\/cannes-dia-2-estuvimos-en-una-masterclass-con-meryl-streep\/\">Cannes D\u00eda 2: Estuvimos en una Masterclass con Meryl Streep<\/a><\/div><\/h2><div class=\"wpr-grid-item-excerpt elementor-repeater-item-cfc1745 wpr-grid-item-display-block wpr-grid-item-align-left\"><div class=\"inner-block\"><p>Hoy, en el Festival de Cannes estuvimos con Meryl Streep en una Masterclass sobre su carrera, sus roles m\u00e1s desafiantes&hellip;<\/p><\/div><\/div><div class=\"wpr-grid-item-read-more elementor-repeater-item-861d914 wpr-grid-item-display-block wpr-grid-item-align-left\"><div class=\"inner-block\"><a target=\"_self\" href=\"https:\/\/clientesbrandbits.click\/es\/cannes-dia-2-estuvimos-en-una-masterclass-con-meryl-streep\/\" class=\"wpr-button-effect wpr-button-none\"><span>Leer M\u00e1s<\/span><\/a><\/div><\/div><div class=\"wpr-grid-item-separator elementor-repeater-item-831439c wpr-grid-item-display-block wpr-grid-item-align-left wpr-grid-sep-style-1\"><div class=\"inner-block\"><span><\/span><\/div><\/div><\/div><\/div><\/article><article class=\"wpr-grid-item elementor-clearfix post-1367 post type-post status-publish format-standard has-post-thumbnail hentry category-festivales-de-cine category-films category-mujeres-en-la-industria tag-festival-de-cannes tag-meryl-streep infinite-scroll-item\"><div class=\"wpr-grid-item-inner\"><div class=\"wpr-grid-media-wrap wpr-effect-size-medium \" data-overlay-link=\"yes\"><div class=\"wpr-grid-image-wrap\" data-src=\"https:\/\/clientesbrandbits.click\/wp-content\/uploads\/2024\/05\/GNisAiHWgAAsxSd.jpg\" data-img-on-hover=\"\"  data-src-secondary=\"\"><img decoding=\"async\" data-no-lazy=\"1\" src=\"https:\/\/clientesbrandbits.click\/wp-content\/uploads\/2024\/05\/GNisAiHWgAAsxSd.jpg\" alt=\"Cannes D\u00eda 1: Meryl Streep recibe la Palma de Oro Honoraria\" class=\"wpr-anim-timing-ease-default\"><\/div><div class=\"wpr-grid-media-hover wpr-animation-wrap\"><div class=\"wpr-grid-media-hover-bg  wpr-overlay-fade-in wpr-anim-size-large wpr-anim-timing-ease-default wpr-anim-transparency\" data-url=\"https:\/\/clientesbrandbits.click\/es\/cannes-dia-1-meryl-streep-recibe-la-palma-de-oro-honoraria\/\"><\/div><\/div><\/div><div class=\"wpr-grid-item-below-content elementor-clearfix\"><h2 class=\"wpr-grid-item-title elementor-repeater-item-c562b1b wpr-grid-item-display-block wpr-grid-item-align-left wpr-pointer-none wpr-pointer-line-fx wpr-pointer-fx-fade\"><div class=\"inner-block\"><a target=\"_self\"  href=\"https:\/\/clientesbrandbits.click\/es\/cannes-dia-1-meryl-streep-recibe-la-palma-de-oro-honoraria\/\">Cannes D\u00eda 1: Meryl Streep recibe la Palma de Oro Honoraria<\/a><\/div><\/h2><div class=\"wpr-grid-item-excerpt elementor-repeater-item-cfc1745 wpr-grid-item-display-block wpr-grid-item-align-left\"><div class=\"inner-block\"><p>Hoy fue la primera gala del festival por la apertura del certamen n\u00famero 77 y la alfombra roja, entre chubascos&hellip;<\/p><\/div><\/div><div class=\"wpr-grid-item-read-more elementor-repeater-item-861d914 wpr-grid-item-display-block wpr-grid-item-align-left\"><div class=\"inner-block\"><a target=\"_self\" href=\"https:\/\/clientesbrandbits.click\/es\/cannes-dia-1-meryl-streep-recibe-la-palma-de-oro-honoraria\/\" class=\"wpr-button-effect wpr-button-none\"><span>Leer M\u00e1s<\/span><\/a><\/div><\/div><div class=\"wpr-grid-item-separator elementor-repeater-item-831439c wpr-grid-item-display-block wpr-grid-item-align-left wpr-grid-sep-style-1\"><div class=\"inner-block\"><span><\/span><\/div><\/div><\/div><\/div><\/article><article class=\"wpr-grid-item elementor-clearfix post-1285 post type-post status-publish format-standard has-post-thumbnail hentry category-films category-mujeres-en-la-industria tag-cine-chileno infinite-scroll-item\"><div class=\"wpr-grid-item-inner\"><div class=\"wpr-grid-media-wrap wpr-effect-size-medium \" data-overlay-link=\"yes\"><div class=\"wpr-grid-image-wrap\" data-src=\"https:\/\/clientesbrandbits.click\/wp-content\/uploads\/2024\/05\/malqueridas.jpg\" data-img-on-hover=\"\"  data-src-secondary=\"\"><img decoding=\"async\" data-no-lazy=\"1\" src=\"https:\/\/clientesbrandbits.click\/wp-content\/uploads\/2024\/05\/malqueridas.jpg\" alt=\"\u00abMalqueridas\u00bb de Tana Gilbert llega al cine\" class=\"wpr-anim-timing-ease-default\"><\/div><div class=\"wpr-grid-media-hover wpr-animation-wrap\"><div class=\"wpr-grid-media-hover-bg  wpr-overlay-fade-in wpr-anim-size-large wpr-anim-timing-ease-default wpr-anim-transparency\" data-url=\"https:\/\/clientesbrandbits.click\/es\/malqueridas-de-tana-gilbert-llega-al-cine\/\"><\/div><\/div><\/div><div class=\"wpr-grid-item-below-content elementor-clearfix\"><h2 class=\"wpr-grid-item-title elementor-repeater-item-c562b1b wpr-grid-item-display-block wpr-grid-item-align-left wpr-pointer-none wpr-pointer-line-fx wpr-pointer-fx-fade\"><div class=\"inner-block\"><a target=\"_self\"  href=\"https:\/\/clientesbrandbits.click\/es\/malqueridas-de-tana-gilbert-llega-al-cine\/\">\u00abMalqueridas\u00bb de Tana Gilbert llega al cine<\/a><\/div><\/h2><div class=\"wpr-grid-item-excerpt elementor-repeater-item-cfc1745 wpr-grid-item-display-block wpr-grid-item-align-left\"><div class=\"inner-block\"><p>Desde su estreno mundial en la Semana Internacional de la Cr\u00edtica de Venecia, donde obtuvo varios reconocimientos, el documental \u201cMalqueridas\u201d&hellip;<\/p><\/div><\/div><div class=\"wpr-grid-item-read-more elementor-repeater-item-861d914 wpr-grid-item-display-block wpr-grid-item-align-left\"><div class=\"inner-block\"><a target=\"_self\" href=\"https:\/\/clientesbrandbits.click\/es\/malqueridas-de-tana-gilbert-llega-al-cine\/\" class=\"wpr-button-effect wpr-button-none\"><span>Leer M\u00e1s<\/span><\/a><\/div><\/div><div class=\"wpr-grid-item-separator elementor-repeater-item-831439c wpr-grid-item-display-block wpr-grid-item-align-left wpr-grid-sep-style-1\"><div class=\"inner-block\"><span><\/span><\/div><\/div><\/div><\/div><\/article><article class=\"wpr-grid-item elementor-clearfix post-1278 post type-post status-publish format-standard has-post-thumbnail hentry category-destacados category-entrevistas category-films category-mujeres-en-la-industria tag-destacados tag-immaculate tag-sydney-sweeney infinite-scroll-item\"><div class=\"wpr-grid-item-inner\"><div class=\"wpr-grid-media-wrap wpr-effect-size-medium \" data-overlay-link=\"yes\"><div class=\"wpr-grid-image-wrap\" data-src=\"https:\/\/clientesbrandbits.click\/wp-content\/uploads\/2024\/05\/Immaculate-Ending-Explained-\u2014-Sydney-Sweeney-Gets-Her-Revenge-on.jpg\" data-img-on-hover=\"\"  data-src-secondary=\"\"><img decoding=\"async\" data-no-lazy=\"1\" src=\"https:\/\/clientesbrandbits.click\/wp-content\/uploads\/2024\/05\/Immaculate-Ending-Explained-\u2014-Sydney-Sweeney-Gets-Her-Revenge-on.jpg\" alt=\"Sydney Sweeney: \u201cA sister Cecilia la cre\u00e9 desde el d\u00eda que naci\u00f3\u201d\" class=\"wpr-anim-timing-ease-default\"><\/div><div class=\"wpr-grid-media-hover wpr-animation-wrap\"><div class=\"wpr-grid-media-hover-bg  wpr-overlay-fade-in wpr-anim-size-large wpr-anim-timing-ease-default wpr-anim-transparency\" data-url=\"https:\/\/clientesbrandbits.click\/es\/sydney-sweeney-a-la-hermana-cecilia-la-cree-desde-el-dia-que-nacio\/\"><\/div><\/div><\/div><div class=\"wpr-grid-item-below-content elementor-clearfix\"><h2 class=\"wpr-grid-item-title elementor-repeater-item-c562b1b wpr-grid-item-display-block wpr-grid-item-align-left wpr-pointer-none wpr-pointer-line-fx wpr-pointer-fx-fade\"><div class=\"inner-block\"><a target=\"_self\"  href=\"https:\/\/clientesbrandbits.click\/es\/sydney-sweeney-a-la-hermana-cecilia-la-cree-desde-el-dia-que-nacio\/\">Sydney Sweeney: \u201cA sister Cecilia la cre\u00e9 desde el d\u00eda que naci\u00f3\u201d<\/a><\/div><\/h2><div class=\"wpr-grid-item-excerpt elementor-repeater-item-cfc1745 wpr-grid-item-display-block wpr-grid-item-align-left\"><div class=\"inner-block\"><p>Estuvimos en una entrevista exclusiva para Chile con Sydney Sweeney y \u00c1lvaro Morte por Immaculate. &nbsp; Cuando ten\u00eda 16 a\u00f1os&hellip;<\/p><\/div><\/div><div class=\"wpr-grid-item-read-more elementor-repeater-item-861d914 wpr-grid-item-display-block wpr-grid-item-align-left\"><div class=\"inner-block\"><a target=\"_self\" href=\"https:\/\/clientesbrandbits.click\/es\/sydney-sweeney-a-la-hermana-cecilia-la-cree-desde-el-dia-que-nacio\/\" class=\"wpr-button-effect wpr-button-none\"><span>Leer M\u00e1s<\/span><\/a><\/div><\/div><div class=\"wpr-grid-item-separator elementor-repeater-item-831439c wpr-grid-item-display-block wpr-grid-item-align-left wpr-grid-sep-style-1\"><div class=\"inner-block\"><span><\/span><\/div><\/div><\/div><\/div><\/article><\/section><div class=\"wpr-grid-pagination elementor-clearfix wpr-grid-pagination-load-more\"><a href=\"https:\/\/clientesbrandbits.click\/es\/wp-json\/wp\/v2\/pages\/66\/page\/2\/\" class=\"wpr-load-more-btn\" data-e-disable-page-transition >Cargar M\u00e1s<\/a><div class=\"wpr-pagination-loading\"><div class=\"wpr-double-bounce\"><div class=\"wpr-child wpr-double-bounce1\"><\/div><div class=\"wpr-child wpr-double-bounce2\"><\/div><\/div><\/div><p class=\"wpr-pagination-finish\">Fin del contenido<\/p><\/div>\t\t<\/div>\n\t\t\t\t<\/div>\n\t\t\t\t<\/div>\n\t\t<div class=\"elementor-element elementor-element-273a08b e-con-full elementor-hidden-tablet elementor-hidden-mobile e-flex wpr-particle-no wpr-jarallax-no wpr-parallax-no wpr-sticky-section-no e-con e-child\" data-id=\"273a08b\" data-element_type=\"container\">\n\t\t\t\t<div class=\"elementor-element elementor-element-f7f431e elementor-widget elementor-widget-heading\" data-id=\"f7f431e\" data-element_type=\"widget\" data-widget_type=\"heading.default\">\n\t\t\t\t<div class=\"elementor-widget-container\">\n\t\t\t<h3 class=\"elementor-heading-title elementor-size-default\">Notas recientes<\/h3>\t\t<\/div>\n\t\t\t\t<\/div>\n\t\t\t\t<div class=\"elementor-element elementor-element-ecc99a7 elementor-widget elementor-widget-sidebar\" data-id=\"ecc99a7\" data-element_type=\"widget\" data-widget_type=\"sidebar.default\">\n\t\t\t\t<div class=\"elementor-widget-container\">\n\t\t\t<aside id=\"recent-posts-widget-with-thumbnails-2\" class=\"widget inner-padding recent-posts-widget-with-thumbnails\">\n<div id=\"rpwwt-recent-posts-widget-with-thumbnails-2\" class=\"rpwwt-widget\">\r\n<h2 class=\"widget-title\">\u00daltimas notas<\/h2>\n\t<ul>\r\n\t\t<li><a href=\"https:\/\/clientesbrandbits.click\/es\/llego-a-netflix-el-documental-ganador-del-oscar\/\"><img decoding=\"async\" width=\"75\" height=\"75\" src=\"https:\/\/clientesbrandbits.click\/wp-content\/uploads\/2024\/07\/maripul-150x150.jpg\" class=\"attachment-75x75 size-75x75 wp-post-image\" alt=\"\" \/><span class=\"rpwwt-post-title\">Lleg\u00f3 a Netflix el documental ganador del Oscar<\/span><\/a><div class=\"rpwwt-post-date\">2 de agosto de 2024<\/div><\/li>\r\n\t\t<li><a href=\"https:\/\/clientesbrandbits.click\/es\/en-agosto-mubi-estrena-caminos-cruzados-y-presenta-sus-especiales\/\"><img decoding=\"async\" width=\"75\" height=\"75\" src=\"https:\/\/clientesbrandbits.click\/wp-content\/uploads\/2024\/07\/CROSSING-2-150x150.jpg\" class=\"attachment-75x75 size-75x75 wp-post-image\" alt=\"\" \/><span class=\"rpwwt-post-title\">En agosto Mubi presenta sus especiales<\/span><\/a><div class=\"rpwwt-post-date\">1 de agosto de 2024<\/div><\/li>\r\n\t\t<li><a href=\"https:\/\/clientesbrandbits.click\/es\/aun-estoy-aqui-pelicula-de-walter-estara-en-el-festival-de-venecia\/\"><img decoding=\"async\" width=\"75\" height=\"75\" src=\"https:\/\/clientesbrandbits.click\/wp-content\/uploads\/2024\/08\/Walter-Salles-1-150x150.jpg\" class=\"attachment-75x75 size-75x75 wp-post-image\" alt=\"\" \/><span class=\"rpwwt-post-title\">\u00abA\u00fan Estoy Aqu\u00ed\u00bb: Pel\u00edcula de Walter estar\u00e1 en el festi&hellip;<\/span><\/a><div class=\"rpwwt-post-date\">1 de agosto de 2024<\/div><\/li>\r\n\t\t<li><a href=\"https:\/\/clientesbrandbits.click\/es\/hablamos-con-el-director-y-cast-de-in-our-blood-nuevo-horror-latino\/\"><img loading=\"lazy\" decoding=\"async\" width=\"75\" height=\"75\" src=\"https:\/\/clientesbrandbits.click\/wp-content\/uploads\/2024\/07\/bear-07-150x150.png\" class=\"attachment-75x75 size-75x75 wp-post-image\" alt=\"\" \/><span class=\"rpwwt-post-title\">Hablamos con el director y Cast de \u00abIn Our Blood\u00bb nuevo&hellip;<\/span><\/a><div class=\"rpwwt-post-date\">31 de julio de 2024<\/div><\/li>\r\n\t\t<li><a href=\"https:\/\/clientesbrandbits.click\/es\/conoce-a-los-protagonistas-de-la-banda-de-asaltantes-de-el-fantasma\/\"><img loading=\"lazy\" decoding=\"async\" width=\"75\" height=\"75\" src=\"https:\/\/clientesbrandbits.click\/wp-content\/uploads\/2024\/07\/Dario-Lopitalo-Willy-Semler-1024x429-1-150x150.jpg\" class=\"attachment-75x75 size-75x75 wp-post-image\" alt=\"\" \/><span class=\"rpwwt-post-title\">Conoce a los protagonistas de la  banda de asaltantes d&hellip;<\/span><\/a><div class=\"rpwwt-post-date\">31 de julio de 2024<\/div><\/li>\r\n\t<\/ul>\r\n<\/div><!-- .rpwwt-widget -->\r\n<\/aside><aside id=\"text-2\" class=\"widget inner-padding widget_text\">\t\t\t<div class=\"textwidget\"><\/div>\n\t\t<\/aside>\t\t<\/div>\n\t\t\t\t<\/div>\n\t\t\t\t<\/div>\n\t\t\t\t\t<\/div>\n\t\t\t\t<\/div>\n\t\t\t\t<\/div>\n\t\t","protected":false},"excerpt":{"rendered":"<p>Mujeres en la Industria All Posts Mujeres en la Industria Cannes D\u00eda 2: Estuvimos en una Masterclass con Meryl Streep Hoy, en el Festival de Cannes estuvimos con Meryl Streep en una Masterclass sobre su carrera, sus roles m\u00e1s desafiantes&hellip; &#8230; <a title=\"Conoce a los protagonistas de la  banda de asaltantes de \u00abEl Fantasma\u00bb\" class=\"read-more\" href=\"https:\/\/clientesbrandbits.click\/es\/conoce-a-los-protagonistas-de-la-banda-de-asaltantes-de-el-fantasma\/\" aria-label=\"Leer m\u00e1s sobre Conoce a los protagonistas de la  banda de asaltantes de \u00abEl Fantasma\u00bb\">Leer M\u00e1s<\/a><\/p>\n","protected":false},"author":1,"featured_media":0,"parent":0,"menu_order":0,"comment_status":"closed","ping_status":"closed","template":"","meta":{"_joinchat":[],"footnotes":""},"class_list":["post-66","page","type-page","status-publish","hentry","infinite-scroll-item"],"yoast_head":"<!-- This site is optimized with the Yoast SEO plugin v22.8 - https:\/\/yoast.com\/wordpress\/plugins\/seo\/ -->\n<title>Mujeres en la Industria - Spanglish Cinema<\/title>\n<meta name=\"robots\" content=\"index, follow, max-snippet:-1, max-image-preview:large, max-video-preview:-1\" \/>\n<link rel=\"canonical\" href=\"https:\/\/clientesbrandbits.click\/es\/mujeres-en-la-industria\/\" \/>\n<meta property=\"og:locale\" content=\"es_ES\" \/>\n<meta property=\"og:type\" content=\"article\" \/>\n<meta property=\"og:title\" content=\"Mujeres en la Industria - Spanglish Cinema\" \/>\n<meta property=\"og:description\" content=\"Mujeres en la Industria All Posts Mujeres en la Industria Cannes D\u00eda 2: Estuvimos en una Masterclass con Meryl Streep Hoy, en el Festival de Cannes estuvimos con Meryl Streep en una Masterclass sobre su carrera, sus roles m\u00e1s desafiantes&hellip; ... Leer M\u00e1s\" \/>\n<meta property=\"og:url\" content=\"https:\/\/clientesbrandbits.click\/es\/mujeres-en-la-industria\/\" \/>\n<meta property=\"og:site_name\" content=\"Spanglish Cinema\" \/>\n<meta property=\"article:modified_time\" content=\"2024-06-03T16:52:29+00:00\" \/>\n<meta property=\"og:image\" content=\"https:\/\/clientesbrandbits.click\/wp-content\/uploads\/2024\/05\/Meryl-Streep-Cannes-Film-Festival-tout-051524-1c8584c95ccc4eb0845a17fc64796315.jpg\" \/>\n<meta name=\"twitter:card\" content=\"summary_large_image\" \/>\n<meta name=\"twitter:label1\" content=\"Tiempo de lectura\" \/>\n\t<meta name=\"twitter:data1\" content=\"5 minutos\" \/>\n<script type=\"application\/ld+json\" class=\"yoast-schema-graph\">{\"@context\":\"https:\/\/schema.org\",\"@graph\":[{\"@type\":\"WebPage\",\"@id\":\"https:\/\/clientesbrandbits.click\/mujeres-en-la-industria\/\",\"url\":\"https:\/\/clientesbrandbits.click\/mujeres-en-la-industria\/\",\"name\":\"Mujeres en la Industria - Spanglish Cinema\",\"isPartOf\":{\"@id\":\"https:\/\/clientesbrandbits.click\/#website\"},\"primaryImageOfPage\":{\"@id\":\"https:\/\/clientesbrandbits.click\/mujeres-en-la-industria\/#primaryimage\"},\"image\":{\"@id\":\"https:\/\/clientesbrandbits.click\/mujeres-en-la-industria\/#primaryimage\"},\"thumbnailUrl\":\"https:\/\/clientesbrandbits.click\/wp-content\/uploads\/2024\/05\/Meryl-Streep-Cannes-Film-Festival-tout-051524-1c8584c95ccc4eb0845a17fc64796315.jpg\",\"datePublished\":\"2024-03-18T22:44:40+00:00\",\"dateModified\":\"2024-06-03T16:52:29+00:00\",\"breadcrumb\":{\"@id\":\"https:\/\/clientesbrandbits.click\/mujeres-en-la-industria\/#breadcrumb\"},\"inLanguage\":\"es\",\"potentialAction\":[{\"@type\":\"ReadAction\",\"target\":[\"https:\/\/clientesbrandbits.click\/mujeres-en-la-industria\/\"]}]},{\"@type\":\"ImageObject\",\"inLanguage\":\"es\",\"@id\":\"https:\/\/clientesbrandbits.click\/mujeres-en-la-industria\/#primaryimage\",\"url\":\"https:\/\/clientesbrandbits.click\/wp-content\/uploads\/2024\/05\/Meryl-Streep-Cannes-Film-Festival-tout-051524-1c8584c95ccc4eb0845a17fc64796315.jpg\",\"contentUrl\":\"https:\/\/clientesbrandbits.click\/wp-content\/uploads\/2024\/05\/Meryl-Streep-Cannes-Film-Festival-tout-051524-1c8584c95ccc4eb0845a17fc64796315.jpg\"},{\"@type\":\"BreadcrumbList\",\"@id\":\"https:\/\/clientesbrandbits.click\/mujeres-en-la-industria\/#breadcrumb\",\"itemListElement\":[{\"@type\":\"ListItem\",\"position\":1,\"name\":\"Portada\",\"item\":\"https:\/\/clientesbrandbits.click\/\"},{\"@type\":\"ListItem\",\"position\":2,\"name\":\"Mujeres en la Industria\"}]},{\"@type\":\"WebSite\",\"@id\":\"https:\/\/clientesbrandbits.click\/#website\",\"url\":\"https:\/\/clientesbrandbits.click\/\",\"name\":\"Spanglish Cinema\",\"description\":\"\",\"publisher\":{\"@id\":\"https:\/\/clientesbrandbits.click\/#organization\"},\"potentialAction\":[{\"@type\":\"SearchAction\",\"target\":{\"@type\":\"EntryPoint\",\"urlTemplate\":\"https:\/\/clientesbrandbits.click\/?s={search_term_string}\"},\"query-input\":\"required name=search_term_string\"}],\"inLanguage\":\"es\"},{\"@type\":\"Organization\",\"@id\":\"https:\/\/clientesbrandbits.click\/#organization\",\"name\":\"Spanglish Cinema\",\"url\":\"https:\/\/clientesbrandbits.click\/\",\"logo\":{\"@type\":\"ImageObject\",\"inLanguage\":\"es\",\"@id\":\"https:\/\/clientesbrandbits.click\/#\/schema\/logo\/image\/\",\"url\":\"https:\/\/clientesbrandbits.click\/wp-content\/uploads\/2024\/03\/spanglish_cinema.png\",\"contentUrl\":\"https:\/\/clientesbrandbits.click\/wp-content\/uploads\/2024\/03\/spanglish_cinema.png\",\"width\":612,\"height\":225,\"caption\":\"Spanglish Cinema\"},\"image\":{\"@id\":\"https:\/\/clientesbrandbits.click\/#\/schema\/logo\/image\/\"}}]}<\/script>\n<!-- \/ Yoast SEO plugin. -->","yoast_head_json":{"title":"Mujeres en la Industria - Spanglish Cinema","robots":{"index":"index","follow":"follow","max-snippet":"max-snippet:-1","max-image-preview":"max-image-preview:large","max-video-preview":"max-video-preview:-1"},"canonical":"https:\/\/clientesbrandbits.click\/es\/mujeres-en-la-industria\/","og_locale":"es_ES","og_type":"article","og_title":"Mujeres en la Industria - Spanglish Cinema","og_description":"Mujeres en la Industria All Posts Mujeres en la Industria Cannes D\u00eda 2: Estuvimos en una Masterclass con Meryl Streep Hoy, en el Festival de Cannes estuvimos con Meryl Streep en una Masterclass sobre su carrera, sus roles m\u00e1s desafiantes&hellip; ... Leer M\u00e1s","og_url":"https:\/\/clientesbrandbits.click\/es\/mujeres-en-la-industria\/","og_site_name":"Spanglish Cinema","article_modified_time":"2024-06-03T16:52:29+00:00","og_image":[{"url":"https:\/\/clientesbrandbits.click\/wp-content\/uploads\/2024\/05\/Meryl-Streep-Cannes-Film-Festival-tout-051524-1c8584c95ccc4eb0845a17fc64796315.jpg"}],"twitter_card":"summary_large_image","twitter_misc":{"Tiempo de lectura":"5 minutos"},"schema":{"@context":"https:\/\/schema.org","@graph":[{"@type":"WebPage","@id":"https:\/\/clientesbrandbits.click\/mujeres-en-la-industria\/","url":"https:\/\/clientesbrandbits.click\/mujeres-en-la-industria\/","name":"Mujeres en la Industria - Spanglish Cinema","isPartOf":{"@id":"https:\/\/clientesbrandbits.click\/#website"},"primaryImageOfPage":{"@id":"https:\/\/clientesbrandbits.click\/mujeres-en-la-industria\/#primaryimage"},"image":{"@id":"https:\/\/clientesbrandbits.click\/mujeres-en-la-industria\/#primaryimage"},"thumbnailUrl":"https:\/\/clientesbrandbits.click\/wp-content\/uploads\/2024\/05\/Meryl-Streep-Cannes-Film-Festival-tout-051524-1c8584c95ccc4eb0845a17fc64796315.jpg","datePublished":"2024-03-18T22:44:40+00:00","dateModified":"2024-06-03T16:52:29+00:00","breadcrumb":{"@id":"https:\/\/clientesbrandbits.click\/mujeres-en-la-industria\/#breadcrumb"},"inLanguage":"es","potentialAction":[{"@type":"ReadAction","target":["https:\/\/clientesbrandbits.click\/mujeres-en-la-industria\/"]}]},{"@type":"ImageObject","inLanguage":"es","@id":"https:\/\/clientesbrandbits.click\/mujeres-en-la-industria\/#primaryimage","url":"https:\/\/clientesbrandbits.click\/wp-content\/uploads\/2024\/05\/Meryl-Streep-Cannes-Film-Festival-tout-051524-1c8584c95ccc4eb0845a17fc64796315.jpg","contentUrl":"https:\/\/clientesbrandbits.click\/wp-content\/uploads\/2024\/05\/Meryl-Streep-Cannes-Film-Festival-tout-051524-1c8584c95ccc4eb0845a17fc64796315.jpg"},{"@type":"BreadcrumbList","@id":"https:\/\/clientesbrandbits.click\/mujeres-en-la-industria\/#breadcrumb","itemListElement":[{"@type":"ListItem","position":1,"name":"Portada","item":"https:\/\/clientesbrandbits.click\/"},{"@type":"ListItem","position":2,"name":"Mujeres en la Industria"}]},{"@type":"WebSite","@id":"https:\/\/clientesbrandbits.click\/#website","url":"https:\/\/clientesbrandbits.click\/","name":"Spanglish Cinema","description":"","publisher":{"@id":"https:\/\/clientesbrandbits.click\/#organization"},"potentialAction":[{"@type":"SearchAction","target":{"@type":"EntryPoint","urlTemplate":"https:\/\/clientesbrandbits.click\/?s={search_term_string}"},"query-input":"required name=search_term_string"}],"inLanguage":"es"},{"@type":"Organization","@id":"https:\/\/clientesbrandbits.click\/#organization","name":"Spanglish Cinema","url":"https:\/\/clientesbrandbits.click\/","logo":{"@type":"ImageObject","inLanguage":"es","@id":"https:\/\/clientesbrandbits.click\/#\/schema\/logo\/image\/","url":"https:\/\/clientesbrandbits.click\/wp-content\/uploads\/2024\/03\/spanglish_cinema.png","contentUrl":"https:\/\/clientesbrandbits.click\/wp-content\/uploads\/2024\/03\/spanglish_cinema.png","width":612,"height":225,"caption":"Spanglish Cinema"},"image":{"@id":"https:\/\/clientesbrandbits.click\/#\/schema\/logo\/image\/"}}]}},"_links":{"self":[{"href":"https:\/\/clientesbrandbits.click\/es\/wp-json\/wp\/v2\/pages\/66"}],"collection":[{"href":"https:\/\/clientesbrandbits.click\/es\/wp-json\/wp\/v2\/pages"}],"about":[{"href":"https:\/\/clientesbrandbits.click\/es\/wp-json\/wp\/v2\/types\/page"}],"author":[{"embeddable":true,"href":"https:\/\/clientesbrandbits.click\/es\/wp-json\/wp\/v2\/users\/1"}],"replies":[{"embeddable":true,"href":"https:\/\/clientesbrandbits.click\/es\/wp-json\/wp\/v2\/comments?post=66"}],"version-history":[{"count":10,"href":"https:\/\/clientesbrandbits.click\/es\/wp-json\/wp\/v2\/pages\/66\/revisions"}],"predecessor-version":[{"id":1646,"href":"https:\/\/clientesbrandbits.click\/es\/wp-json\/wp\/v2\/pages\/66\/revisions\/1646"}],"wp:attachment":[{"href":"https:\/\/clientesbrandbits.click\/es\/wp-json\/wp\/v2\/media?parent=66"}],"curies":[{"name":"wp","href":"https:\/\/api.w.org\/{rel}","templated":true}]}}