{"id":58,"date":"2024-03-18T17:31:44","date_gmt":"2024-03-18T20:31:44","guid":{"rendered":"https:\/\/clientesbrandbits.click\/?page_id=58"},"modified":"2024-06-03T12:34:45","modified_gmt":"2024-06-03T16:34:45","slug":"films","status":"publish","type":"page","link":"https:\/\/clientesbrandbits.click\/es\/films\/","title":{"rendered":"Films"},"content":{"rendered":"\t\t<div data-elementor-type=\"wp-page\" data-elementor-id=\"58\" class=\"elementor elementor-58\">\n\t\t\t\t<div class=\"elementor-element elementor-element-38614c4 e-flex e-con-boxed wpr-particle-no wpr-jarallax-no wpr-parallax-no wpr-sticky-section-no e-con e-parent\" data-id=\"38614c4\" data-element_type=\"container\">\n\t\t\t\t\t<div class=\"e-con-inner\">\n\t\t<div class=\"elementor-element elementor-element-a97e539 e-con-full e-flex wpr-particle-no wpr-jarallax-no wpr-parallax-no wpr-sticky-section-no e-con e-child\" data-id=\"a97e539\" data-element_type=\"container\" data-settings=\"{&quot;background_background&quot;:&quot;classic&quot;}\">\n\t\t\t\t<div class=\"elementor-element elementor-element-674fd0c elementor-widget elementor-widget-heading\" data-id=\"674fd0c\" data-element_type=\"widget\" data-widget_type=\"heading.default\">\n\t\t\t\t<div class=\"elementor-widget-container\">\n\t\t\t<style>\/*! elementor - v3.21.0 - 26-05-2024 *\/\n.elementor-heading-title{padding:0;margin:0;line-height:1}.elementor-widget-heading .elementor-heading-title[class*=elementor-size-]>a{color:inherit;font-size:inherit;line-height:inherit}.elementor-widget-heading .elementor-heading-title.elementor-size-small{font-size:15px}.elementor-widget-heading .elementor-heading-title.elementor-size-medium{font-size:19px}.elementor-widget-heading .elementor-heading-title.elementor-size-large{font-size:29px}.elementor-widget-heading .elementor-heading-title.elementor-size-xl{font-size:39px}.elementor-widget-heading .elementor-heading-title.elementor-size-xxl{font-size:59px}<\/style><h3 class=\"elementor-heading-title elementor-size-default\">Films<\/h3>\t\t<\/div>\n\t\t\t\t<\/div>\n\t\t\t\t<div class=\"elementor-element elementor-element-ce2cd14 elementor-widget-divider--view-line elementor-widget elementor-widget-divider\" data-id=\"ce2cd14\" data-element_type=\"widget\" data-widget_type=\"divider.default\">\n\t\t\t\t<div class=\"elementor-widget-container\">\n\t\t\t<style>\/*! elementor - v3.21.0 - 26-05-2024 *\/\n.elementor-widget-divider{--divider-border-style:none;--divider-border-width:1px;--divider-color:#0c0d0e;--divider-icon-size:20px;--divider-element-spacing:10px;--divider-pattern-height:24px;--divider-pattern-size:20px;--divider-pattern-url:none;--divider-pattern-repeat:repeat-x}.elementor-widget-divider .elementor-divider{display:flex}.elementor-widget-divider .elementor-divider__text{font-size:15px;line-height:1;max-width:95%}.elementor-widget-divider .elementor-divider__element{margin:0 var(--divider-element-spacing);flex-shrink:0}.elementor-widget-divider .elementor-icon{font-size:var(--divider-icon-size)}.elementor-widget-divider .elementor-divider-separator{display:flex;margin:0;direction:ltr}.elementor-widget-divider--view-line_icon .elementor-divider-separator,.elementor-widget-divider--view-line_text .elementor-divider-separator{align-items:center}.elementor-widget-divider--view-line_icon .elementor-divider-separator:after,.elementor-widget-divider--view-line_icon .elementor-divider-separator:before,.elementor-widget-divider--view-line_text .elementor-divider-separator:after,.elementor-widget-divider--view-line_text .elementor-divider-separator:before{display:block;content:\"\";border-block-end:0;flex-grow:1;border-block-start:var(--divider-border-width) var(--divider-border-style) var(--divider-color)}.elementor-widget-divider--element-align-left .elementor-divider .elementor-divider-separator>.elementor-divider__svg:first-of-type{flex-grow:0;flex-shrink:100}.elementor-widget-divider--element-align-left .elementor-divider-separator:before{content:none}.elementor-widget-divider--element-align-left .elementor-divider__element{margin-left:0}.elementor-widget-divider--element-align-right .elementor-divider .elementor-divider-separator>.elementor-divider__svg:last-of-type{flex-grow:0;flex-shrink:100}.elementor-widget-divider--element-align-right .elementor-divider-separator:after{content:none}.elementor-widget-divider--element-align-right .elementor-divider__element{margin-right:0}.elementor-widget-divider--element-align-start .elementor-divider .elementor-divider-separator>.elementor-divider__svg:first-of-type{flex-grow:0;flex-shrink:100}.elementor-widget-divider--element-align-start .elementor-divider-separator:before{content:none}.elementor-widget-divider--element-align-start .elementor-divider__element{margin-inline-start:0}.elementor-widget-divider--element-align-end .elementor-divider .elementor-divider-separator>.elementor-divider__svg:last-of-type{flex-grow:0;flex-shrink:100}.elementor-widget-divider--element-align-end .elementor-divider-separator:after{content:none}.elementor-widget-divider--element-align-end .elementor-divider__element{margin-inline-end:0}.elementor-widget-divider:not(.elementor-widget-divider--view-line_text):not(.elementor-widget-divider--view-line_icon) .elementor-divider-separator{border-block-start:var(--divider-border-width) var(--divider-border-style) var(--divider-color)}.elementor-widget-divider--separator-type-pattern{--divider-border-style:none}.elementor-widget-divider--separator-type-pattern.elementor-widget-divider--view-line .elementor-divider-separator,.elementor-widget-divider--separator-type-pattern:not(.elementor-widget-divider--view-line) .elementor-divider-separator:after,.elementor-widget-divider--separator-type-pattern:not(.elementor-widget-divider--view-line) .elementor-divider-separator:before,.elementor-widget-divider--separator-type-pattern:not([class*=elementor-widget-divider--view]) .elementor-divider-separator{width:100%;min-height:var(--divider-pattern-height);-webkit-mask-size:var(--divider-pattern-size) 100%;mask-size:var(--divider-pattern-size) 100%;-webkit-mask-repeat:var(--divider-pattern-repeat);mask-repeat:var(--divider-pattern-repeat);background-color:var(--divider-color);-webkit-mask-image:var(--divider-pattern-url);mask-image:var(--divider-pattern-url)}.elementor-widget-divider--no-spacing{--divider-pattern-size:auto}.elementor-widget-divider--bg-round{--divider-pattern-repeat:round}.rtl .elementor-widget-divider .elementor-divider__text{direction:rtl}.e-con-inner>.elementor-widget-divider,.e-con>.elementor-widget-divider{width:var(--container-widget-width,100%);--flex-grow:var(--container-widget-flex-grow)}<\/style>\t\t<div class=\"elementor-divider\">\n\t\t\t<span class=\"elementor-divider-separator\">\n\t\t\t\t\t\t<\/span>\n\t\t<\/div>\n\t\t\t\t<\/div>\n\t\t\t\t<\/div>\n\t\t\t\t<div class=\"elementor-element elementor-element-cd782cc wpr-grid-columns-1 wpr-grid-columns--tablet2 wpr-grid-columns--mobile1 wpr-grid-pagination-center wpr-item-styles-inner elementor-widget elementor-widget-wpr-grid\" data-id=\"cd782cc\" data-element_type=\"widget\" data-widget_type=\"wpr-grid.default\">\n\t\t\t\t<div class=\"elementor-widget-container\">\n\t\t\t<ul class=\"wpr-grid-filters elementor-clearfix wpr-grid-filters-sep-right\"><li class=\" wpr-pointer-none wpr-pointer-line-fx wpr-pointer-fx-none\"><span data-filter=\"*\" class=\"wpr-active-filter \">All Posts<\/span><em class=\"wpr-grid-filters-sep\"><\/em><\/li><li class=\" wpr-pointer-none wpr-pointer-line-fx wpr-pointer-fx-none\"><span  data-filter=\".category-films\">Films<\/span><em class=\"wpr-grid-filters-sep\"><\/em><\/li><\/ul><section class=\"wpr-grid elementor-clearfix\" data-settings=\"{&quot;layout&quot;:&quot;list&quot;,&quot;stick_last_element_to_bottom&quot;:&quot;no&quot;,&quot;columns_desktop&quot;:&quot;1&quot;,&quot;gutter_hr&quot;:15,&quot;gutter_hr_mobile&quot;:15,&quot;gutter_hr_mobile_extra&quot;:15,&quot;gutter_hr_tablet&quot;:15,&quot;gutter_hr_tablet_extra&quot;:15,&quot;gutter_hr_laptop&quot;:15,&quot;gutter_hr_widescreen&quot;:15,&quot;gutter_vr&quot;:15,&quot;gutter_vr_mobile&quot;:15,&quot;gutter_vr_mobile_extra&quot;:15,&quot;gutter_vr_tablet&quot;:15,&quot;gutter_vr_tablet_extra&quot;:15,&quot;gutter_vr_laptop&quot;:15,&quot;gutter_vr_widescreen&quot;:15,&quot;animation&quot;:&quot;default&quot;,&quot;animation_duration&quot;:0.3,&quot;animation_delay&quot;:0.1,&quot;deeplinking&quot;:&quot;&quot;,&quot;filters_linkable&quot;:&quot;no&quot;,&quot;filters_default_filter&quot;:&quot;&quot;,&quot;filters_count&quot;:&quot;&quot;,&quot;filters_hide_empty&quot;:&quot;no&quot;,&quot;filters_animation&quot;:&quot;default&quot;,&quot;filters_animation_duration&quot;:0.3,&quot;filters_animation_delay&quot;:0.1,&quot;pagination_type&quot;:&quot;load-more&quot;,&quot;pagination_max_pages&quot;:25,&quot;media_align&quot;:&quot;left&quot;,&quot;media_width&quot;:38,&quot;media_distance&quot;:20,&quot;lightbox&quot;:{&quot;selector&quot;:&quot;.wpr-grid-image-wrap&quot;,&quot;iframeMaxWidth&quot;:&quot;60%&quot;,&quot;hash&quot;:false,&quot;autoplay&quot;:&quot;true&quot;,&quot;pause&quot;:5000,&quot;progressBar&quot;:&quot;true&quot;,&quot;counter&quot;:&quot;true&quot;,&quot;controls&quot;:&quot;true&quot;,&quot;getCaptionFromTitleOrAlt&quot;:&quot;true&quot;,&quot;thumbnail&quot;:&quot;&quot;,&quot;showThumbByDefault&quot;:&quot;&quot;,&quot;share&quot;:&quot;&quot;,&quot;zoom&quot;:&quot;true&quot;,&quot;fullScreen&quot;:&quot;true&quot;,&quot;download&quot;:&quot;true&quot;}}\"><article class=\"wpr-grid-item elementor-clearfix post-2624 post type-post status-publish format-standard has-post-thumbnail hentry category-films tag-20-dias-en-mariupul tag-netflix infinite-scroll-item\"><div class=\"wpr-grid-item-inner\"><div class=\"wpr-grid-media-wrap wpr-effect-size-medium \" data-overlay-link=\"yes\"><div class=\"wpr-grid-image-wrap\" data-src=\"https:\/\/clientesbrandbits.click\/wp-content\/uploads\/2024\/07\/maripul.jpg\" data-img-on-hover=\"\"  data-src-secondary=\"\"><img decoding=\"async\" data-no-lazy=\"1\" src=\"https:\/\/clientesbrandbits.click\/wp-content\/uploads\/2024\/07\/maripul.jpg\" alt=\"Lleg\u00f3 a Netflix el documental ganador del Oscar\" class=\"wpr-anim-timing-ease-default\"><\/div><div class=\"wpr-grid-media-hover wpr-animation-wrap\"><div class=\"wpr-grid-media-hover-bg  wpr-overlay-fade-in wpr-anim-size-large wpr-anim-timing-ease-default wpr-anim-transparency\" data-url=\"https:\/\/clientesbrandbits.click\/es\/llego-a-netflix-el-documental-ganador-del-oscar\/\"><\/div><\/div><\/div><div class=\"wpr-grid-item-below-content elementor-clearfix\"><h2 class=\"wpr-grid-item-title elementor-repeater-item-c562b1b wpr-grid-item-display-block wpr-grid-item-align-left wpr-pointer-none wpr-pointer-line-fx wpr-pointer-fx-fade\"><div class=\"inner-block\"><a target=\"_self\"  href=\"https:\/\/clientesbrandbits.click\/es\/llego-a-netflix-el-documental-ganador-del-oscar\/\">Lleg\u00f3 a Netflix el documental ganador del Oscar<\/a><\/div><\/h2><div class=\"wpr-grid-item-excerpt elementor-repeater-item-cfc1745 wpr-grid-item-display-block wpr-grid-item-align-left\"><div class=\"inner-block\"><p>El desgarrador documental que narra los primeros d\u00edas de la invasi\u00f3n rusa sobre Ucrania que gan\u00f3 el premio de la&hellip;<\/p><\/div><\/div><div class=\"wpr-grid-item-read-more elementor-repeater-item-861d914 wpr-grid-item-display-block wpr-grid-item-align-left\"><div class=\"inner-block\"><a target=\"_self\" href=\"https:\/\/clientesbrandbits.click\/es\/llego-a-netflix-el-documental-ganador-del-oscar\/\" class=\"wpr-button-effect wpr-button-none\"><span>Leer M\u00e1s<\/span><\/a><\/div><\/div><div class=\"wpr-grid-item-separator elementor-repeater-item-831439c wpr-grid-item-display-block wpr-grid-item-align-left wpr-grid-sep-style-1\"><div class=\"inner-block\"><span><\/span><\/div><\/div><\/div><\/div><\/article><article class=\"wpr-grid-item elementor-clearfix post-2609 post type-post status-publish format-standard has-post-thumbnail hentry category-films tag-mubi infinite-scroll-item\"><div class=\"wpr-grid-item-inner\"><div class=\"wpr-grid-media-wrap wpr-effect-size-medium \" data-overlay-link=\"yes\"><div class=\"wpr-grid-image-wrap\" data-src=\"https:\/\/clientesbrandbits.click\/wp-content\/uploads\/2024\/07\/CROSSING-2.jpg\" data-img-on-hover=\"\"  data-src-secondary=\"\"><img decoding=\"async\" data-no-lazy=\"1\" src=\"https:\/\/clientesbrandbits.click\/wp-content\/uploads\/2024\/07\/CROSSING-2.jpg\" alt=\"En agosto Mubi presenta sus especiales\" class=\"wpr-anim-timing-ease-default\"><\/div><div class=\"wpr-grid-media-hover wpr-animation-wrap\"><div class=\"wpr-grid-media-hover-bg  wpr-overlay-fade-in wpr-anim-size-large wpr-anim-timing-ease-default wpr-anim-transparency\" data-url=\"https:\/\/clientesbrandbits.click\/es\/en-agosto-mubi-estrena-caminos-cruzados-y-presenta-sus-especiales\/\"><\/div><\/div><\/div><div class=\"wpr-grid-item-below-content elementor-clearfix\"><h2 class=\"wpr-grid-item-title elementor-repeater-item-c562b1b wpr-grid-item-display-block wpr-grid-item-align-left wpr-pointer-none wpr-pointer-line-fx wpr-pointer-fx-fade\"><div class=\"inner-block\"><a target=\"_self\"  href=\"https:\/\/clientesbrandbits.click\/es\/en-agosto-mubi-estrena-caminos-cruzados-y-presenta-sus-especiales\/\">En agosto Mubi presenta sus especiales<\/a><\/div><\/h2><div class=\"wpr-grid-item-excerpt elementor-repeater-item-cfc1745 wpr-grid-item-display-block wpr-grid-item-align-left\"><div class=\"inner-block\"><p>En este mes de agosto, MUBI estrenar\u00e1 SOMETIMES I THINK ABOUT DYING, de Rachel Lambert, una comedia dram\u00e1tica de 2023&hellip;<\/p><\/div><\/div><div class=\"wpr-grid-item-read-more elementor-repeater-item-861d914 wpr-grid-item-display-block wpr-grid-item-align-left\"><div class=\"inner-block\"><a target=\"_self\" href=\"https:\/\/clientesbrandbits.click\/es\/en-agosto-mubi-estrena-caminos-cruzados-y-presenta-sus-especiales\/\" class=\"wpr-button-effect wpr-button-none\"><span>Leer M\u00e1s<\/span><\/a><\/div><\/div><div class=\"wpr-grid-item-separator elementor-repeater-item-831439c wpr-grid-item-display-block wpr-grid-item-align-left wpr-grid-sep-style-1\"><div class=\"inner-block\"><span><\/span><\/div><\/div><\/div><\/div><\/article><article class=\"wpr-grid-item elementor-clearfix post-2613 post type-post status-publish format-standard has-post-thumbnail hentry category-films tag-el-fantasma infinite-scroll-item\"><div class=\"wpr-grid-item-inner\"><div class=\"wpr-grid-media-wrap wpr-effect-size-medium \" data-overlay-link=\"yes\"><div class=\"wpr-grid-image-wrap\" data-src=\"https:\/\/clientesbrandbits.click\/wp-content\/uploads\/2024\/07\/Dario-Lopitalo-Willy-Semler-1024x429-1.jpg\" data-img-on-hover=\"\"  data-src-secondary=\"\"><img decoding=\"async\" data-no-lazy=\"1\" src=\"https:\/\/clientesbrandbits.click\/wp-content\/uploads\/2024\/07\/Dario-Lopitalo-Willy-Semler-1024x429-1.jpg\" alt=\"Conoce a los protagonistas de la  banda de asaltantes de \u00abEl Fantasma\u00bb\" class=\"wpr-anim-timing-ease-default\"><\/div><div class=\"wpr-grid-media-hover wpr-animation-wrap\"><div class=\"wpr-grid-media-hover-bg  wpr-overlay-fade-in wpr-anim-size-large wpr-anim-timing-ease-default wpr-anim-transparency\" data-url=\"https:\/\/clientesbrandbits.click\/es\/conoce-a-los-protagonistas-de-la-banda-de-asaltantes-de-el-fantasma\/\"><\/div><\/div><\/div><div class=\"wpr-grid-item-below-content elementor-clearfix\"><h2 class=\"wpr-grid-item-title elementor-repeater-item-c562b1b wpr-grid-item-display-block wpr-grid-item-align-left wpr-pointer-none wpr-pointer-line-fx wpr-pointer-fx-fade\"><div class=\"inner-block\"><a target=\"_self\"  href=\"https:\/\/clientesbrandbits.click\/es\/conoce-a-los-protagonistas-de-la-banda-de-asaltantes-de-el-fantasma\/\">Conoce a los protagonistas de la banda de asaltantes de \u00abEl Fantasma\u00bb<\/a><\/div><\/h2><div class=\"wpr-grid-item-excerpt elementor-repeater-item-cfc1745 wpr-grid-item-display-block wpr-grid-item-align-left\"><div class=\"inner-block\"><p>El Fantasma es un policial latinoamericano inspirado en una banda de asaltantes con una gran habilidad para no dejar rastro&hellip;<\/p><\/div><\/div><div class=\"wpr-grid-item-read-more elementor-repeater-item-861d914 wpr-grid-item-display-block wpr-grid-item-align-left\"><div class=\"inner-block\"><a target=\"_self\" href=\"https:\/\/clientesbrandbits.click\/es\/conoce-a-los-protagonistas-de-la-banda-de-asaltantes-de-el-fantasma\/\" class=\"wpr-button-effect wpr-button-none\"><span>Leer M\u00e1s<\/span><\/a><\/div><\/div><div class=\"wpr-grid-item-separator elementor-repeater-item-831439c wpr-grid-item-display-block wpr-grid-item-align-left wpr-grid-sep-style-1\"><div class=\"inner-block\"><span><\/span><\/div><\/div><\/div><\/div><\/article><article class=\"wpr-grid-item elementor-clearfix post-2553 post type-post status-publish format-standard has-post-thumbnail hentry category-films tag-prime-video infinite-scroll-item\"><div class=\"wpr-grid-item-inner\"><div class=\"wpr-grid-media-wrap wpr-effect-size-medium \" data-overlay-link=\"yes\"><div class=\"wpr-grid-image-wrap\" data-src=\"https:\/\/clientesbrandbits.click\/wp-content\/uploads\/2024\/07\/lazos-de-vida_644_1140_c.jpg\" data-img-on-hover=\"\"  data-src-secondary=\"\"><img decoding=\"async\" data-no-lazy=\"1\" src=\"https:\/\/clientesbrandbits.click\/wp-content\/uploads\/2024\/07\/lazos-de-vida_644_1140_c.jpg\" alt=\"Radar de estrenos en Prime Video\" class=\"wpr-anim-timing-ease-default\"><\/div><div class=\"wpr-grid-media-hover wpr-animation-wrap\"><div class=\"wpr-grid-media-hover-bg  wpr-overlay-fade-in wpr-anim-size-large wpr-anim-timing-ease-default wpr-anim-transparency\" data-url=\"https:\/\/clientesbrandbits.click\/es\/radar-de-estrenos-en-prime-video\/\"><\/div><\/div><\/div><div class=\"wpr-grid-item-below-content elementor-clearfix\"><h2 class=\"wpr-grid-item-title elementor-repeater-item-c562b1b wpr-grid-item-display-block wpr-grid-item-align-left wpr-pointer-none wpr-pointer-line-fx wpr-pointer-fx-fade\"><div class=\"inner-block\"><a target=\"_self\"  href=\"https:\/\/clientesbrandbits.click\/es\/radar-de-estrenos-en-prime-video\/\">Radar de estrenos en Prime Video<\/a><\/div><\/h2><div class=\"wpr-grid-item-excerpt elementor-repeater-item-cfc1745 wpr-grid-item-display-block wpr-grid-item-align-left\"><div class=\"inner-block\"><p>La cantidad de estrenos por semana en las plataformas puede llegar a ser muy abrumador es por eso que hoy&hellip;<\/p><\/div><\/div><div class=\"wpr-grid-item-read-more elementor-repeater-item-861d914 wpr-grid-item-display-block wpr-grid-item-align-left\"><div class=\"inner-block\"><a target=\"_self\" href=\"https:\/\/clientesbrandbits.click\/es\/radar-de-estrenos-en-prime-video\/\" class=\"wpr-button-effect wpr-button-none\"><span>Leer M\u00e1s<\/span><\/a><\/div><\/div><div class=\"wpr-grid-item-separator elementor-repeater-item-831439c wpr-grid-item-display-block wpr-grid-item-align-left wpr-grid-sep-style-1\"><div class=\"inner-block\"><span><\/span><\/div><\/div><\/div><\/div><\/article><article class=\"wpr-grid-item elementor-clearfix post-2560 post type-post status-publish format-standard has-post-thumbnail hentry category-films tag-prime-video infinite-scroll-item\"><div class=\"wpr-grid-item-inner\"><div class=\"wpr-grid-media-wrap wpr-effect-size-medium \" data-overlay-link=\"yes\"><div class=\"wpr-grid-image-wrap\" data-src=\"https:\/\/clientesbrandbits.click\/wp-content\/uploads\/2024\/07\/17087025565108.jpg\" data-img-on-hover=\"\"  data-src-secondary=\"\"><img decoding=\"async\" data-no-lazy=\"1\" src=\"https:\/\/clientesbrandbits.click\/wp-content\/uploads\/2024\/07\/17087025565108.jpg\" alt=\"Nuevo Trailer \u00abEl Se\u00f1or de los Anillos: Los Anillos de Poder\u00bb\" class=\"wpr-anim-timing-ease-default\"><\/div><div class=\"wpr-grid-media-hover wpr-animation-wrap\"><div class=\"wpr-grid-media-hover-bg  wpr-overlay-fade-in wpr-anim-size-large wpr-anim-timing-ease-default wpr-anim-transparency\" data-url=\"https:\/\/clientesbrandbits.click\/es\/nuevo-trailer-el-senor-de-los-anillos-los-anillos-de-poder\/\"><\/div><\/div><\/div><div class=\"wpr-grid-item-below-content elementor-clearfix\"><h2 class=\"wpr-grid-item-title elementor-repeater-item-c562b1b wpr-grid-item-display-block wpr-grid-item-align-left wpr-pointer-none wpr-pointer-line-fx wpr-pointer-fx-fade\"><div class=\"inner-block\"><a target=\"_self\"  href=\"https:\/\/clientesbrandbits.click\/es\/nuevo-trailer-el-senor-de-los-anillos-los-anillos-de-poder\/\">Nuevo Trailer \u00abEl Se\u00f1or de los Anillos: Los Anillos de Poder\u00bb<\/a><\/div><\/h2><div class=\"wpr-grid-item-excerpt elementor-repeater-item-cfc1745 wpr-grid-item-display-block wpr-grid-item-align-left\"><div class=\"inner-block\"><p>El viernes 26 de julio, San Diego se transform\u00f3 en la Tierra Media cuando Prime Video present\u00f3 la esperada segunda&hellip;<\/p><\/div><\/div><div class=\"wpr-grid-item-read-more elementor-repeater-item-861d914 wpr-grid-item-display-block wpr-grid-item-align-left\"><div class=\"inner-block\"><a target=\"_self\" href=\"https:\/\/clientesbrandbits.click\/es\/nuevo-trailer-el-senor-de-los-anillos-los-anillos-de-poder\/\" class=\"wpr-button-effect wpr-button-none\"><span>Leer M\u00e1s<\/span><\/a><\/div><\/div><div class=\"wpr-grid-item-separator elementor-repeater-item-831439c wpr-grid-item-display-block wpr-grid-item-align-left wpr-grid-sep-style-1\"><div class=\"inner-block\"><span><\/span><\/div><\/div><\/div><\/div><\/article><article class=\"wpr-grid-item elementor-clearfix post-2533 post type-post status-publish format-standard has-post-thumbnail hentry category-destacados category-films tag-destacados tag-liitle-miss-sunshine infinite-scroll-item\"><div class=\"wpr-grid-item-inner\"><div class=\"wpr-grid-media-wrap wpr-effect-size-medium \" data-overlay-link=\"yes\"><div class=\"wpr-grid-image-wrap\" data-src=\"https:\/\/clientesbrandbits.click\/wp-content\/uploads\/2024\/07\/pequena-miss-sunshine-ver-pelicula-1627038571-scaled.jpg\" data-img-on-hover=\"\"  data-src-secondary=\"\"><img decoding=\"async\" data-no-lazy=\"1\" src=\"https:\/\/clientesbrandbits.click\/wp-content\/uploads\/2024\/07\/pequena-miss-sunshine-ver-pelicula-1627038571-scaled.jpg\" alt=\"A 18 a\u00f1os de \u00abLittle Miss Sunshine\u00bb: Una oda a la familia\" class=\"wpr-anim-timing-ease-default\"><\/div><div class=\"wpr-grid-media-hover wpr-animation-wrap\"><div class=\"wpr-grid-media-hover-bg  wpr-overlay-fade-in wpr-anim-size-large wpr-anim-timing-ease-default wpr-anim-transparency\" data-url=\"https:\/\/clientesbrandbits.click\/es\/little-miss-sunshine-una-oda-a-la-familia\/\"><\/div><\/div><\/div><div class=\"wpr-grid-item-below-content elementor-clearfix\"><h2 class=\"wpr-grid-item-title elementor-repeater-item-c562b1b wpr-grid-item-display-block wpr-grid-item-align-left wpr-pointer-none wpr-pointer-line-fx wpr-pointer-fx-fade\"><div class=\"inner-block\"><a target=\"_self\"  href=\"https:\/\/clientesbrandbits.click\/es\/little-miss-sunshine-una-oda-a-la-familia\/\">A 18 a\u00f1os de \u00abLittle Miss Sunshine\u00bb: Una oda a la familia<\/a><\/div><\/h2><div class=\"wpr-grid-item-excerpt elementor-repeater-item-cfc1745 wpr-grid-item-display-block wpr-grid-item-align-left\"><div class=\"inner-block\"><p>Dirigida por\u00a0Valerie Faris\u00a0y\u00a0Jonathan Dayton, esta pel\u00edcula cuenta con un reparto de lujo que incluye a\u00a0Toni Collete, Steve Carell, Greg Kinnear,&hellip;<\/p><\/div><\/div><div class=\"wpr-grid-item-read-more elementor-repeater-item-861d914 wpr-grid-item-display-block wpr-grid-item-align-left\"><div class=\"inner-block\"><a target=\"_self\" href=\"https:\/\/clientesbrandbits.click\/es\/little-miss-sunshine-una-oda-a-la-familia\/\" class=\"wpr-button-effect wpr-button-none\"><span>Leer M\u00e1s<\/span><\/a><\/div><\/div><div class=\"wpr-grid-item-separator elementor-repeater-item-831439c wpr-grid-item-display-block wpr-grid-item-align-left wpr-grid-sep-style-1\"><div class=\"inner-block\"><span><\/span><\/div><\/div><\/div><\/div><\/article><article class=\"wpr-grid-item elementor-clearfix post-2605 post type-post status-publish format-standard has-post-thumbnail hentry category-entrevistas category-films tag-didi tag-shelter infinite-scroll-item\"><div class=\"wpr-grid-item-inner\"><div class=\"wpr-grid-media-wrap wpr-effect-size-medium \" data-overlay-link=\"yes\"><div class=\"wpr-grid-image-wrap\" data-src=\"https:\/\/clientesbrandbits.click\/wp-content\/uploads\/2024\/07\/Didi-1200-1200-675-675-crop-000000.jpg\" data-img-on-hover=\"\"  data-src-secondary=\"\"><img decoding=\"async\" data-no-lazy=\"1\" src=\"https:\/\/clientesbrandbits.click\/wp-content\/uploads\/2024\/07\/Didi-1200-1200-675-675-crop-000000.jpg\" alt=\"Estuvimos con el director y Cast de \u201cDidi\u201d\" class=\"wpr-anim-timing-ease-default\"><\/div><div class=\"wpr-grid-media-hover wpr-animation-wrap\"><div class=\"wpr-grid-media-hover-bg  wpr-overlay-fade-in wpr-anim-size-large wpr-anim-timing-ease-default wpr-anim-transparency\" data-url=\"https:\/\/clientesbrandbits.click\/es\/estuvimos-con-el-director-y-cast-de-didi\/\"><\/div><\/div><\/div><div class=\"wpr-grid-item-below-content elementor-clearfix\"><h2 class=\"wpr-grid-item-title elementor-repeater-item-c562b1b wpr-grid-item-display-block wpr-grid-item-align-left wpr-pointer-none wpr-pointer-line-fx wpr-pointer-fx-fade\"><div class=\"inner-block\"><a target=\"_self\"  href=\"https:\/\/clientesbrandbits.click\/es\/estuvimos-con-el-director-y-cast-de-didi\/\">Estuvimos con el director y Cast de \u201cDidi\u201d<\/a><\/div><\/h2><div class=\"wpr-grid-item-excerpt elementor-repeater-item-cfc1745 wpr-grid-item-display-block wpr-grid-item-align-left\"><div class=\"inner-block\"><p>\u00abDidi\u00bb poco a poco y m\u00e1s desde el boca a boca ha comenzado a ganar popularidad. Un Coming of Age&hellip;<\/p><\/div><\/div><div class=\"wpr-grid-item-read-more elementor-repeater-item-861d914 wpr-grid-item-display-block wpr-grid-item-align-left\"><div class=\"inner-block\"><a target=\"_self\" href=\"https:\/\/clientesbrandbits.click\/es\/estuvimos-con-el-director-y-cast-de-didi\/\" class=\"wpr-button-effect wpr-button-none\"><span>Leer M\u00e1s<\/span><\/a><\/div><\/div><div class=\"wpr-grid-item-separator elementor-repeater-item-831439c wpr-grid-item-display-block wpr-grid-item-align-left wpr-grid-sep-style-1\"><div class=\"inner-block\"><span><\/span><\/div><\/div><\/div><\/div><\/article><article class=\"wpr-grid-item elementor-clearfix post-2520 post type-post status-publish format-standard has-post-thumbnail hentry category-films tag-universal infinite-scroll-item\"><div class=\"wpr-grid-item-inner\"><div class=\"wpr-grid-media-wrap wpr-effect-size-medium \" data-overlay-link=\"yes\"><div class=\"wpr-grid-image-wrap\" data-src=\"https:\/\/clientesbrandbits.click\/wp-content\/uploads\/2024\/07\/traitors.jpg\" data-img-on-hover=\"\"  data-src-secondary=\"\"><img decoding=\"async\" data-no-lazy=\"1\" src=\"https:\/\/clientesbrandbits.click\/wp-content\/uploads\/2024\/07\/traitors.jpg\" alt=\"El 12 de septiembre se estrena la cuarta temporada de \u00abThe traitors\u00bb\" class=\"wpr-anim-timing-ease-default\"><\/div><div class=\"wpr-grid-media-hover wpr-animation-wrap\"><div class=\"wpr-grid-media-hover-bg  wpr-overlay-fade-in wpr-anim-size-large wpr-anim-timing-ease-default wpr-anim-transparency\" data-url=\"https:\/\/clientesbrandbits.click\/es\/el-12-de-septiembre-se-estrena-la-cuarta-temporada-de-the-traitors\/\"><\/div><\/div><\/div><div class=\"wpr-grid-item-below-content elementor-clearfix\"><h2 class=\"wpr-grid-item-title elementor-repeater-item-c562b1b wpr-grid-item-display-block wpr-grid-item-align-left wpr-pointer-none wpr-pointer-line-fx wpr-pointer-fx-fade\"><div class=\"inner-block\"><a target=\"_self\"  href=\"https:\/\/clientesbrandbits.click\/es\/el-12-de-septiembre-se-estrena-la-cuarta-temporada-de-the-traitors\/\">El 12 de septiembre se estrena la cuarta temporada de \u00abThe traitors\u00bb<\/a><\/div><\/h2><div class=\"wpr-grid-item-excerpt elementor-repeater-item-cfc1745 wpr-grid-item-display-block wpr-grid-item-align-left\"><div class=\"inner-block\"><p>Universal+, anuncia al estreno en Latinoam\u00e9rica, el 12 de septiembre, de la segunda temporada de The Traitors, el reality ganador&hellip;<\/p><\/div><\/div><div class=\"wpr-grid-item-read-more elementor-repeater-item-861d914 wpr-grid-item-display-block wpr-grid-item-align-left\"><div class=\"inner-block\"><a target=\"_self\" href=\"https:\/\/clientesbrandbits.click\/es\/el-12-de-septiembre-se-estrena-la-cuarta-temporada-de-the-traitors\/\" class=\"wpr-button-effect wpr-button-none\"><span>Leer M\u00e1s<\/span><\/a><\/div><\/div><div class=\"wpr-grid-item-separator elementor-repeater-item-831439c wpr-grid-item-display-block wpr-grid-item-align-left wpr-grid-sep-style-1\"><div class=\"inner-block\"><span><\/span><\/div><\/div><\/div><\/div><\/article><article class=\"wpr-grid-item elementor-clearfix post-2489 post type-post status-publish format-standard has-post-thumbnail hentry category-films tag-bf-distribucion infinite-scroll-item\"><div class=\"wpr-grid-item-inner\"><div class=\"wpr-grid-media-wrap wpr-effect-size-medium \" data-overlay-link=\"yes\"><div class=\"wpr-grid-image-wrap\" data-src=\"https:\/\/clientesbrandbits.click\/wp-content\/uploads\/2024\/07\/LaViudaClicqout_03.jpeg\" data-img-on-hover=\"\"  data-src-secondary=\"\"><img decoding=\"async\" data-no-lazy=\"1\" src=\"https:\/\/clientesbrandbits.click\/wp-content\/uploads\/2024\/07\/LaViudaClicqout_03.jpeg\" alt=\"Llega \u201cLa viuda de Clicquot\u201d la historia de la gran dama del champ\u00e1n\" class=\"wpr-anim-timing-ease-default\"><\/div><div class=\"wpr-grid-media-hover wpr-animation-wrap\"><div class=\"wpr-grid-media-hover-bg  wpr-overlay-fade-in wpr-anim-size-large wpr-anim-timing-ease-default wpr-anim-transparency\" data-url=\"https:\/\/clientesbrandbits.click\/es\/llega-la-viuda-de-clicquot-la-historia-de-la-gran-dama-del-champan\/\"><\/div><\/div><\/div><div class=\"wpr-grid-item-below-content elementor-clearfix\"><h2 class=\"wpr-grid-item-title elementor-repeater-item-c562b1b wpr-grid-item-display-block wpr-grid-item-align-left wpr-pointer-none wpr-pointer-line-fx wpr-pointer-fx-fade\"><div class=\"inner-block\"><a target=\"_self\"  href=\"https:\/\/clientesbrandbits.click\/es\/llega-la-viuda-de-clicquot-la-historia-de-la-gran-dama-del-champan\/\">Llega \u201cLa viuda de Clicquot\u201d la historia de la gran dama del champ\u00e1n<\/a><\/div><\/h2><div class=\"wpr-grid-item-excerpt elementor-repeater-item-cfc1745 wpr-grid-item-display-block wpr-grid-item-align-left\"><div class=\"inner-block\"><p>Se encuentra basada en un bestseller escrito por Tilar J. Mazzeo, \u201cLa viuda de Clicquot\u201d narra la incre\u00edble historia detr\u00e1s&hellip;<\/p><\/div><\/div><div class=\"wpr-grid-item-read-more elementor-repeater-item-861d914 wpr-grid-item-display-block wpr-grid-item-align-left\"><div class=\"inner-block\"><a target=\"_self\" href=\"https:\/\/clientesbrandbits.click\/es\/llega-la-viuda-de-clicquot-la-historia-de-la-gran-dama-del-champan\/\" class=\"wpr-button-effect wpr-button-none\"><span>Leer M\u00e1s<\/span><\/a><\/div><\/div><div class=\"wpr-grid-item-separator elementor-repeater-item-831439c wpr-grid-item-display-block wpr-grid-item-align-left wpr-grid-sep-style-1\"><div class=\"inner-block\"><span><\/span><\/div><\/div><\/div><\/div><\/article><\/section><div class=\"wpr-grid-pagination elementor-clearfix wpr-grid-pagination-load-more\"><a href=\"https:\/\/clientesbrandbits.click\/es\/wp-json\/wp\/v2\/pages\/58\/page\/2\/\" class=\"wpr-load-more-btn\" data-e-disable-page-transition >Cargar M\u00e1s<\/a><div class=\"wpr-pagination-loading\"><div class=\"wpr-double-bounce\"><div class=\"wpr-child wpr-double-bounce1\"><\/div><div class=\"wpr-child wpr-double-bounce2\"><\/div><\/div><\/div><p class=\"wpr-pagination-finish\">Fin del contenido<\/p><\/div>\t\t<\/div>\n\t\t\t\t<\/div>\n\t\t\t\t<\/div>\n\t\t<div class=\"elementor-element elementor-element-56bef2e e-con-full elementor-hidden-tablet elementor-hidden-mobile e-flex wpr-particle-no wpr-jarallax-no wpr-parallax-no wpr-sticky-section-no e-con e-child\" data-id=\"56bef2e\" data-element_type=\"container\">\n\t\t\t\t<div class=\"elementor-element elementor-element-f790d7a elementor-widget elementor-widget-heading\" data-id=\"f790d7a\" data-element_type=\"widget\" data-widget_type=\"heading.default\">\n\t\t\t\t<div class=\"elementor-widget-container\">\n\t\t\t<h3 class=\"elementor-heading-title elementor-size-default\">Notas recientes<\/h3>\t\t<\/div>\n\t\t\t\t<\/div>\n\t\t\t\t<div class=\"elementor-element elementor-element-dc37922 elementor-widget elementor-widget-sidebar\" data-id=\"dc37922\" data-element_type=\"widget\" data-widget_type=\"sidebar.default\">\n\t\t\t\t<div class=\"elementor-widget-container\">\n\t\t\t<aside id=\"recent-posts-widget-with-thumbnails-2\" class=\"widget inner-padding recent-posts-widget-with-thumbnails\">\n<div id=\"rpwwt-recent-posts-widget-with-thumbnails-2\" class=\"rpwwt-widget\">\r\n<h2 class=\"widget-title\">\u00daltimas notas<\/h2>\n\t<ul>\r\n\t\t<li><a href=\"https:\/\/clientesbrandbits.click\/es\/llego-a-netflix-el-documental-ganador-del-oscar\/\"><img decoding=\"async\" width=\"75\" height=\"75\" src=\"https:\/\/clientesbrandbits.click\/wp-content\/uploads\/2024\/07\/maripul-150x150.jpg\" class=\"attachment-75x75 size-75x75 wp-post-image\" alt=\"\" \/><span class=\"rpwwt-post-title\">Lleg\u00f3 a Netflix el documental ganador del Oscar<\/span><\/a><div class=\"rpwwt-post-date\">2 de agosto de 2024<\/div><\/li>\r\n\t\t<li><a href=\"https:\/\/clientesbrandbits.click\/es\/en-agosto-mubi-estrena-caminos-cruzados-y-presenta-sus-especiales\/\"><img decoding=\"async\" width=\"75\" height=\"75\" src=\"https:\/\/clientesbrandbits.click\/wp-content\/uploads\/2024\/07\/CROSSING-2-150x150.jpg\" class=\"attachment-75x75 size-75x75 wp-post-image\" alt=\"\" \/><span class=\"rpwwt-post-title\">En agosto Mubi presenta sus especiales<\/span><\/a><div class=\"rpwwt-post-date\">1 de agosto de 2024<\/div><\/li>\r\n\t\t<li><a href=\"https:\/\/clientesbrandbits.click\/es\/aun-estoy-aqui-pelicula-de-walter-estara-en-el-festival-de-venecia\/\"><img decoding=\"async\" width=\"75\" height=\"75\" src=\"https:\/\/clientesbrandbits.click\/wp-content\/uploads\/2024\/08\/Walter-Salles-1-150x150.jpg\" class=\"attachment-75x75 size-75x75 wp-post-image\" alt=\"\" \/><span class=\"rpwwt-post-title\">\u00abA\u00fan Estoy Aqu\u00ed\u00bb: Pel\u00edcula de Walter estar\u00e1 en el festi&hellip;<\/span><\/a><div class=\"rpwwt-post-date\">1 de agosto de 2024<\/div><\/li>\r\n\t\t<li><a href=\"https:\/\/clientesbrandbits.click\/es\/hablamos-con-el-director-y-cast-de-in-our-blood-nuevo-horror-latino\/\"><img loading=\"lazy\" decoding=\"async\" width=\"75\" height=\"75\" src=\"https:\/\/clientesbrandbits.click\/wp-content\/uploads\/2024\/07\/bear-07-150x150.png\" class=\"attachment-75x75 size-75x75 wp-post-image\" alt=\"\" \/><span class=\"rpwwt-post-title\">Hablamos con el director y Cast de \u00abIn Our Blood\u00bb nuevo&hellip;<\/span><\/a><div class=\"rpwwt-post-date\">31 de julio de 2024<\/div><\/li>\r\n\t\t<li><a href=\"https:\/\/clientesbrandbits.click\/es\/conoce-a-los-protagonistas-de-la-banda-de-asaltantes-de-el-fantasma\/\"><img loading=\"lazy\" decoding=\"async\" width=\"75\" height=\"75\" src=\"https:\/\/clientesbrandbits.click\/wp-content\/uploads\/2024\/07\/Dario-Lopitalo-Willy-Semler-1024x429-1-150x150.jpg\" class=\"attachment-75x75 size-75x75 wp-post-image\" alt=\"\" \/><span class=\"rpwwt-post-title\">Conoce a los protagonistas de la  banda de asaltantes d&hellip;<\/span><\/a><div class=\"rpwwt-post-date\">31 de julio de 2024<\/div><\/li>\r\n\t<\/ul>\r\n<\/div><!-- .rpwwt-widget -->\r\n<\/aside><aside id=\"text-2\" class=\"widget inner-padding widget_text\">\t\t\t<div class=\"textwidget\"><\/div>\n\t\t<\/aside>\t\t<\/div>\n\t\t\t\t<\/div>\n\t\t\t\t<\/div>\n\t\t\t\t\t<\/div>\n\t\t\t\t<\/div>\n\t\t\t\t<\/div>\n\t\t","protected":false},"excerpt":{"rendered":"<p>Films All Posts Films Sandra H\u00fcller y Ryan Gosling se unen en &#8220;Project Hail Mary&#8221; Si hubo una actriz que rein\u00f3 en la temporada de premios pasada fue la actriz alemana Sandra Huller, el rostro&hellip; Leer M\u00e1s Pel\u00edcula chilena &#8220;Quiz\u00e1s &#8230; <a title=\"Conoce a los protagonistas de la  banda de asaltantes de \u00abEl Fantasma\u00bb\" class=\"read-more\" href=\"https:\/\/clientesbrandbits.click\/es\/conoce-a-los-protagonistas-de-la-banda-de-asaltantes-de-el-fantasma\/\" aria-label=\"Leer m\u00e1s sobre Conoce a los protagonistas de la  banda de asaltantes de \u00abEl Fantasma\u00bb\">Leer M\u00e1s<\/a><\/p>\n","protected":false},"author":1,"featured_media":0,"parent":0,"menu_order":0,"comment_status":"closed","ping_status":"closed","template":"","meta":{"_joinchat":[],"footnotes":""},"class_list":["post-58","page","type-page","status-publish","hentry","infinite-scroll-item"],"yoast_head":"<!-- This site is optimized with the Yoast SEO plugin v22.8 - https:\/\/yoast.com\/wordpress\/plugins\/seo\/ -->\n<title>Films - Spanglish Cinema<\/title>\n<meta name=\"robots\" content=\"index, follow, max-snippet:-1, max-image-preview:large, max-video-preview:-1\" \/>\n<link rel=\"canonical\" href=\"https:\/\/clientesbrandbits.click\/es\/films\/\" \/>\n<meta property=\"og:locale\" content=\"es_ES\" \/>\n<meta property=\"og:type\" content=\"article\" \/>\n<meta property=\"og:title\" content=\"Films - Spanglish Cinema\" \/>\n<meta property=\"og:description\" content=\"Films All Posts Films Sandra H\u00fcller y Ryan Gosling se unen en &#8220;Project Hail Mary&#8221; Si hubo una actriz que rein\u00f3 en la temporada de premios pasada fue la actriz alemana Sandra Huller, el rostro&hellip; Leer M\u00e1s Pel\u00edcula chilena &#8220;Quiz\u00e1s ... Leer M\u00e1s\" \/>\n<meta property=\"og:url\" content=\"https:\/\/clientesbrandbits.click\/es\/films\/\" \/>\n<meta property=\"og:site_name\" content=\"Spanglish Cinema\" \/>\n<meta property=\"article:modified_time\" content=\"2024-06-03T16:34:45+00:00\" \/>\n<meta property=\"og:image\" content=\"https:\/\/clientesbrandbits.click\/wp-content\/uploads\/2024\/05\/sandra-huller-taylor-jewell-y-ryan-gosling-en-first-man.jpg\" \/>\n<meta name=\"twitter:card\" content=\"summary_large_image\" \/>\n<meta name=\"twitter:label1\" content=\"Tiempo de lectura\" \/>\n\t<meta name=\"twitter:data1\" content=\"5 minutos\" \/>\n<script type=\"application\/ld+json\" class=\"yoast-schema-graph\">{\"@context\":\"https:\/\/schema.org\",\"@graph\":[{\"@type\":\"WebPage\",\"@id\":\"https:\/\/clientesbrandbits.click\/films\/\",\"url\":\"https:\/\/clientesbrandbits.click\/films\/\",\"name\":\"Films - Spanglish Cinema\",\"isPartOf\":{\"@id\":\"https:\/\/clientesbrandbits.click\/#website\"},\"primaryImageOfPage\":{\"@id\":\"https:\/\/clientesbrandbits.click\/films\/#primaryimage\"},\"image\":{\"@id\":\"https:\/\/clientesbrandbits.click\/films\/#primaryimage\"},\"thumbnailUrl\":\"https:\/\/clientesbrandbits.click\/wp-content\/uploads\/2024\/05\/sandra-huller-taylor-jewell-y-ryan-gosling-en-first-man.jpg\",\"datePublished\":\"2024-03-18T20:31:44+00:00\",\"dateModified\":\"2024-06-03T16:34:45+00:00\",\"breadcrumb\":{\"@id\":\"https:\/\/clientesbrandbits.click\/films\/#breadcrumb\"},\"inLanguage\":\"es\",\"potentialAction\":[{\"@type\":\"ReadAction\",\"target\":[\"https:\/\/clientesbrandbits.click\/films\/\"]}]},{\"@type\":\"ImageObject\",\"inLanguage\":\"es\",\"@id\":\"https:\/\/clientesbrandbits.click\/films\/#primaryimage\",\"url\":\"https:\/\/clientesbrandbits.click\/wp-content\/uploads\/2024\/05\/sandra-huller-taylor-jewell-y-ryan-gosling-en-first-man.jpg\",\"contentUrl\":\"https:\/\/clientesbrandbits.click\/wp-content\/uploads\/2024\/05\/sandra-huller-taylor-jewell-y-ryan-gosling-en-first-man.jpg\"},{\"@type\":\"BreadcrumbList\",\"@id\":\"https:\/\/clientesbrandbits.click\/films\/#breadcrumb\",\"itemListElement\":[{\"@type\":\"ListItem\",\"position\":1,\"name\":\"Portada\",\"item\":\"https:\/\/clientesbrandbits.click\/\"},{\"@type\":\"ListItem\",\"position\":2,\"name\":\"Films\"}]},{\"@type\":\"WebSite\",\"@id\":\"https:\/\/clientesbrandbits.click\/#website\",\"url\":\"https:\/\/clientesbrandbits.click\/\",\"name\":\"Spanglish Cinema\",\"description\":\"\",\"publisher\":{\"@id\":\"https:\/\/clientesbrandbits.click\/#organization\"},\"potentialAction\":[{\"@type\":\"SearchAction\",\"target\":{\"@type\":\"EntryPoint\",\"urlTemplate\":\"https:\/\/clientesbrandbits.click\/?s={search_term_string}\"},\"query-input\":\"required name=search_term_string\"}],\"inLanguage\":\"es\"},{\"@type\":\"Organization\",\"@id\":\"https:\/\/clientesbrandbits.click\/#organization\",\"name\":\"Spanglish Cinema\",\"url\":\"https:\/\/clientesbrandbits.click\/\",\"logo\":{\"@type\":\"ImageObject\",\"inLanguage\":\"es\",\"@id\":\"https:\/\/clientesbrandbits.click\/#\/schema\/logo\/image\/\",\"url\":\"https:\/\/clientesbrandbits.click\/wp-content\/uploads\/2024\/03\/spanglish_cinema.png\",\"contentUrl\":\"https:\/\/clientesbrandbits.click\/wp-content\/uploads\/2024\/03\/spanglish_cinema.png\",\"width\":612,\"height\":225,\"caption\":\"Spanglish Cinema\"},\"image\":{\"@id\":\"https:\/\/clientesbrandbits.click\/#\/schema\/logo\/image\/\"}}]}<\/script>\n<!-- \/ Yoast SEO plugin. -->","yoast_head_json":{"title":"Films - Spanglish Cinema","robots":{"index":"index","follow":"follow","max-snippet":"max-snippet:-1","max-image-preview":"max-image-preview:large","max-video-preview":"max-video-preview:-1"},"canonical":"https:\/\/clientesbrandbits.click\/es\/films\/","og_locale":"es_ES","og_type":"article","og_title":"Films - Spanglish Cinema","og_description":"Films All Posts Films Sandra H\u00fcller y Ryan Gosling se unen en &#8220;Project Hail Mary&#8221; Si hubo una actriz que rein\u00f3 en la temporada de premios pasada fue la actriz alemana Sandra Huller, el rostro&hellip; Leer M\u00e1s Pel\u00edcula chilena &#8220;Quiz\u00e1s ... Leer M\u00e1s","og_url":"https:\/\/clientesbrandbits.click\/es\/films\/","og_site_name":"Spanglish Cinema","article_modified_time":"2024-06-03T16:34:45+00:00","og_image":[{"url":"https:\/\/clientesbrandbits.click\/wp-content\/uploads\/2024\/05\/sandra-huller-taylor-jewell-y-ryan-gosling-en-first-man.jpg"}],"twitter_card":"summary_large_image","twitter_misc":{"Tiempo de lectura":"5 minutos"},"schema":{"@context":"https:\/\/schema.org","@graph":[{"@type":"WebPage","@id":"https:\/\/clientesbrandbits.click\/films\/","url":"https:\/\/clientesbrandbits.click\/films\/","name":"Films - Spanglish Cinema","isPartOf":{"@id":"https:\/\/clientesbrandbits.click\/#website"},"primaryImageOfPage":{"@id":"https:\/\/clientesbrandbits.click\/films\/#primaryimage"},"image":{"@id":"https:\/\/clientesbrandbits.click\/films\/#primaryimage"},"thumbnailUrl":"https:\/\/clientesbrandbits.click\/wp-content\/uploads\/2024\/05\/sandra-huller-taylor-jewell-y-ryan-gosling-en-first-man.jpg","datePublished":"2024-03-18T20:31:44+00:00","dateModified":"2024-06-03T16:34:45+00:00","breadcrumb":{"@id":"https:\/\/clientesbrandbits.click\/films\/#breadcrumb"},"inLanguage":"es","potentialAction":[{"@type":"ReadAction","target":["https:\/\/clientesbrandbits.click\/films\/"]}]},{"@type":"ImageObject","inLanguage":"es","@id":"https:\/\/clientesbrandbits.click\/films\/#primaryimage","url":"https:\/\/clientesbrandbits.click\/wp-content\/uploads\/2024\/05\/sandra-huller-taylor-jewell-y-ryan-gosling-en-first-man.jpg","contentUrl":"https:\/\/clientesbrandbits.click\/wp-content\/uploads\/2024\/05\/sandra-huller-taylor-jewell-y-ryan-gosling-en-first-man.jpg"},{"@type":"BreadcrumbList","@id":"https:\/\/clientesbrandbits.click\/films\/#breadcrumb","itemListElement":[{"@type":"ListItem","position":1,"name":"Portada","item":"https:\/\/clientesbrandbits.click\/"},{"@type":"ListItem","position":2,"name":"Films"}]},{"@type":"WebSite","@id":"https:\/\/clientesbrandbits.click\/#website","url":"https:\/\/clientesbrandbits.click\/","name":"Spanglish Cinema","description":"","publisher":{"@id":"https:\/\/clientesbrandbits.click\/#organization"},"potentialAction":[{"@type":"SearchAction","target":{"@type":"EntryPoint","urlTemplate":"https:\/\/clientesbrandbits.click\/?s={search_term_string}"},"query-input":"required name=search_term_string"}],"inLanguage":"es"},{"@type":"Organization","@id":"https:\/\/clientesbrandbits.click\/#organization","name":"Spanglish Cinema","url":"https:\/\/clientesbrandbits.click\/","logo":{"@type":"ImageObject","inLanguage":"es","@id":"https:\/\/clientesbrandbits.click\/#\/schema\/logo\/image\/","url":"https:\/\/clientesbrandbits.click\/wp-content\/uploads\/2024\/03\/spanglish_cinema.png","contentUrl":"https:\/\/clientesbrandbits.click\/wp-content\/uploads\/2024\/03\/spanglish_cinema.png","width":612,"height":225,"caption":"Spanglish Cinema"},"image":{"@id":"https:\/\/clientesbrandbits.click\/#\/schema\/logo\/image\/"}}]}},"_links":{"self":[{"href":"https:\/\/clientesbrandbits.click\/es\/wp-json\/wp\/v2\/pages\/58"}],"collection":[{"href":"https:\/\/clientesbrandbits.click\/es\/wp-json\/wp\/v2\/pages"}],"about":[{"href":"https:\/\/clientesbrandbits.click\/es\/wp-json\/wp\/v2\/types\/page"}],"author":[{"embeddable":true,"href":"https:\/\/clientesbrandbits.click\/es\/wp-json\/wp\/v2\/users\/1"}],"replies":[{"embeddable":true,"href":"https:\/\/clientesbrandbits.click\/es\/wp-json\/wp\/v2\/comments?post=58"}],"version-history":[{"count":68,"href":"https:\/\/clientesbrandbits.click\/es\/wp-json\/wp\/v2\/pages\/58\/revisions"}],"predecessor-version":[{"id":1637,"href":"https:\/\/clientesbrandbits.click\/es\/wp-json\/wp\/v2\/pages\/58\/revisions\/1637"}],"wp:attachment":[{"href":"https:\/\/clientesbrandbits.click\/es\/wp-json\/wp\/v2\/media?parent=58"}],"curies":[{"name":"wp","href":"https:\/\/api.w.org\/{rel}","templated":true}]}}