{"id":56,"date":"2024-03-18T17:31:19","date_gmt":"2024-03-18T20:31:19","guid":{"rendered":"https:\/\/clientesbrandbits.click\/?page_id=56"},"modified":"2024-06-03T12:43:48","modified_gmt":"2024-06-03T16:43:48","slug":"festivales-de-cine","status":"publish","type":"page","link":"https:\/\/clientesbrandbits.click\/es\/festivales-de-cine\/","title":{"rendered":"Festivales de Cine"},"content":{"rendered":"\t\t<div data-elementor-type=\"wp-page\" data-elementor-id=\"56\" class=\"elementor elementor-56\">\n\t\t\t\t<div class=\"elementor-element elementor-element-a10ae9d e-flex e-con-boxed wpr-particle-no wpr-jarallax-no wpr-parallax-no wpr-sticky-section-no e-con e-parent\" data-id=\"a10ae9d\" data-element_type=\"container\">\n\t\t\t\t\t<div class=\"e-con-inner\">\n\t\t<div class=\"elementor-element elementor-element-8d09336 e-con-full e-flex wpr-particle-no wpr-jarallax-no wpr-parallax-no wpr-sticky-section-no e-con e-child\" data-id=\"8d09336\" data-element_type=\"container\" data-settings=\"{&quot;background_background&quot;:&quot;classic&quot;}\">\n\t\t\t\t<div class=\"elementor-element elementor-element-79fbc89 elementor-widget elementor-widget-heading\" data-id=\"79fbc89\" data-element_type=\"widget\" data-widget_type=\"heading.default\">\n\t\t\t\t<div class=\"elementor-widget-container\">\n\t\t\t<style>\/*! elementor - v3.21.0 - 26-05-2024 *\/\n.elementor-heading-title{padding:0;margin:0;line-height:1}.elementor-widget-heading .elementor-heading-title[class*=elementor-size-]>a{color:inherit;font-size:inherit;line-height:inherit}.elementor-widget-heading .elementor-heading-title.elementor-size-small{font-size:15px}.elementor-widget-heading .elementor-heading-title.elementor-size-medium{font-size:19px}.elementor-widget-heading .elementor-heading-title.elementor-size-large{font-size:29px}.elementor-widget-heading .elementor-heading-title.elementor-size-xl{font-size:39px}.elementor-widget-heading .elementor-heading-title.elementor-size-xxl{font-size:59px}<\/style><h3 class=\"elementor-heading-title elementor-size-default\">Festivales de Cine<\/h3>\t\t<\/div>\n\t\t\t\t<\/div>\n\t\t\t\t<div class=\"elementor-element elementor-element-0a9b238 elementor-widget-divider--view-line elementor-widget elementor-widget-divider\" data-id=\"0a9b238\" data-element_type=\"widget\" data-widget_type=\"divider.default\">\n\t\t\t\t<div class=\"elementor-widget-container\">\n\t\t\t<style>\/*! elementor - v3.21.0 - 26-05-2024 *\/\n.elementor-widget-divider{--divider-border-style:none;--divider-border-width:1px;--divider-color:#0c0d0e;--divider-icon-size:20px;--divider-element-spacing:10px;--divider-pattern-height:24px;--divider-pattern-size:20px;--divider-pattern-url:none;--divider-pattern-repeat:repeat-x}.elementor-widget-divider .elementor-divider{display:flex}.elementor-widget-divider .elementor-divider__text{font-size:15px;line-height:1;max-width:95%}.elementor-widget-divider .elementor-divider__element{margin:0 var(--divider-element-spacing);flex-shrink:0}.elementor-widget-divider .elementor-icon{font-size:var(--divider-icon-size)}.elementor-widget-divider .elementor-divider-separator{display:flex;margin:0;direction:ltr}.elementor-widget-divider--view-line_icon .elementor-divider-separator,.elementor-widget-divider--view-line_text .elementor-divider-separator{align-items:center}.elementor-widget-divider--view-line_icon .elementor-divider-separator:after,.elementor-widget-divider--view-line_icon .elementor-divider-separator:before,.elementor-widget-divider--view-line_text .elementor-divider-separator:after,.elementor-widget-divider--view-line_text .elementor-divider-separator:before{display:block;content:\"\";border-block-end:0;flex-grow:1;border-block-start:var(--divider-border-width) var(--divider-border-style) var(--divider-color)}.elementor-widget-divider--element-align-left .elementor-divider .elementor-divider-separator>.elementor-divider__svg:first-of-type{flex-grow:0;flex-shrink:100}.elementor-widget-divider--element-align-left .elementor-divider-separator:before{content:none}.elementor-widget-divider--element-align-left .elementor-divider__element{margin-left:0}.elementor-widget-divider--element-align-right .elementor-divider .elementor-divider-separator>.elementor-divider__svg:last-of-type{flex-grow:0;flex-shrink:100}.elementor-widget-divider--element-align-right .elementor-divider-separator:after{content:none}.elementor-widget-divider--element-align-right .elementor-divider__element{margin-right:0}.elementor-widget-divider--element-align-start .elementor-divider .elementor-divider-separator>.elementor-divider__svg:first-of-type{flex-grow:0;flex-shrink:100}.elementor-widget-divider--element-align-start .elementor-divider-separator:before{content:none}.elementor-widget-divider--element-align-start .elementor-divider__element{margin-inline-start:0}.elementor-widget-divider--element-align-end .elementor-divider .elementor-divider-separator>.elementor-divider__svg:last-of-type{flex-grow:0;flex-shrink:100}.elementor-widget-divider--element-align-end .elementor-divider-separator:after{content:none}.elementor-widget-divider--element-align-end .elementor-divider__element{margin-inline-end:0}.elementor-widget-divider:not(.elementor-widget-divider--view-line_text):not(.elementor-widget-divider--view-line_icon) .elementor-divider-separator{border-block-start:var(--divider-border-width) var(--divider-border-style) var(--divider-color)}.elementor-widget-divider--separator-type-pattern{--divider-border-style:none}.elementor-widget-divider--separator-type-pattern.elementor-widget-divider--view-line .elementor-divider-separator,.elementor-widget-divider--separator-type-pattern:not(.elementor-widget-divider--view-line) .elementor-divider-separator:after,.elementor-widget-divider--separator-type-pattern:not(.elementor-widget-divider--view-line) .elementor-divider-separator:before,.elementor-widget-divider--separator-type-pattern:not([class*=elementor-widget-divider--view]) .elementor-divider-separator{width:100%;min-height:var(--divider-pattern-height);-webkit-mask-size:var(--divider-pattern-size) 100%;mask-size:var(--divider-pattern-size) 100%;-webkit-mask-repeat:var(--divider-pattern-repeat);mask-repeat:var(--divider-pattern-repeat);background-color:var(--divider-color);-webkit-mask-image:var(--divider-pattern-url);mask-image:var(--divider-pattern-url)}.elementor-widget-divider--no-spacing{--divider-pattern-size:auto}.elementor-widget-divider--bg-round{--divider-pattern-repeat:round}.rtl .elementor-widget-divider .elementor-divider__text{direction:rtl}.e-con-inner>.elementor-widget-divider,.e-con>.elementor-widget-divider{width:var(--container-widget-width,100%);--flex-grow:var(--container-widget-flex-grow)}<\/style>\t\t<div class=\"elementor-divider\">\n\t\t\t<span class=\"elementor-divider-separator\">\n\t\t\t\t\t\t<\/span>\n\t\t<\/div>\n\t\t\t\t<\/div>\n\t\t\t\t<\/div>\n\t\t\t\t<div class=\"elementor-element elementor-element-418e5c6 wpr-grid-columns-1 wpr-grid-columns--tablet2 wpr-grid-columns--mobile1 wpr-grid-pagination-center wpr-item-styles-inner elementor-widget elementor-widget-wpr-grid\" data-id=\"418e5c6\" data-element_type=\"widget\" data-widget_type=\"wpr-grid.default\">\n\t\t\t\t<div class=\"elementor-widget-container\">\n\t\t\t<ul class=\"wpr-grid-filters elementor-clearfix wpr-grid-filters-sep-right\"><li class=\" wpr-pointer-none wpr-pointer-line-fx wpr-pointer-fx-none\"><span data-filter=\"*\" class=\"wpr-active-filter \">All Posts<\/span><em class=\"wpr-grid-filters-sep\"><\/em><\/li><li class=\" wpr-pointer-none wpr-pointer-line-fx wpr-pointer-fx-none\"><span  data-filter=\".category-festivales-de-cine\">Festivales de Cine<\/span><em class=\"wpr-grid-filters-sep\"><\/em><\/li><\/ul><section class=\"wpr-grid elementor-clearfix\" data-settings=\"{&quot;layout&quot;:&quot;list&quot;,&quot;stick_last_element_to_bottom&quot;:&quot;no&quot;,&quot;columns_desktop&quot;:&quot;1&quot;,&quot;gutter_hr&quot;:15,&quot;gutter_hr_mobile&quot;:15,&quot;gutter_hr_mobile_extra&quot;:15,&quot;gutter_hr_tablet&quot;:15,&quot;gutter_hr_tablet_extra&quot;:15,&quot;gutter_hr_laptop&quot;:15,&quot;gutter_hr_widescreen&quot;:15,&quot;gutter_vr&quot;:15,&quot;gutter_vr_mobile&quot;:15,&quot;gutter_vr_mobile_extra&quot;:15,&quot;gutter_vr_tablet&quot;:15,&quot;gutter_vr_tablet_extra&quot;:15,&quot;gutter_vr_laptop&quot;:15,&quot;gutter_vr_widescreen&quot;:15,&quot;animation&quot;:&quot;default&quot;,&quot;animation_duration&quot;:0.3,&quot;animation_delay&quot;:0.1,&quot;deeplinking&quot;:&quot;&quot;,&quot;filters_linkable&quot;:&quot;no&quot;,&quot;filters_default_filter&quot;:&quot;&quot;,&quot;filters_count&quot;:&quot;&quot;,&quot;filters_hide_empty&quot;:&quot;no&quot;,&quot;filters_animation&quot;:&quot;default&quot;,&quot;filters_animation_duration&quot;:0.3,&quot;filters_animation_delay&quot;:0.1,&quot;pagination_type&quot;:&quot;load-more&quot;,&quot;pagination_max_pages&quot;:15,&quot;media_align&quot;:&quot;left&quot;,&quot;media_width&quot;:38,&quot;media_distance&quot;:20,&quot;lightbox&quot;:{&quot;selector&quot;:&quot;.wpr-grid-image-wrap&quot;,&quot;iframeMaxWidth&quot;:&quot;60%&quot;,&quot;hash&quot;:false,&quot;autoplay&quot;:&quot;true&quot;,&quot;pause&quot;:5000,&quot;progressBar&quot;:&quot;true&quot;,&quot;counter&quot;:&quot;true&quot;,&quot;controls&quot;:&quot;true&quot;,&quot;getCaptionFromTitleOrAlt&quot;:&quot;true&quot;,&quot;thumbnail&quot;:&quot;&quot;,&quot;showThumbByDefault&quot;:&quot;&quot;,&quot;share&quot;:&quot;&quot;,&quot;zoom&quot;:&quot;true&quot;,&quot;fullScreen&quot;:&quot;true&quot;,&quot;download&quot;:&quot;true&quot;}}\"><article class=\"wpr-grid-item elementor-clearfix post-2631 post type-post status-publish format-standard has-post-thumbnail hentry category-festivales-de-cine tag-festival-de-venecia tag-walter-salles infinite-scroll-item\"><div class=\"wpr-grid-item-inner\"><div class=\"wpr-grid-media-wrap wpr-effect-size-medium \" data-overlay-link=\"yes\"><div class=\"wpr-grid-image-wrap\" data-src=\"https:\/\/clientesbrandbits.click\/wp-content\/uploads\/2024\/08\/Walter-Salles-1.jpg\" data-img-on-hover=\"\"  data-src-secondary=\"\"><img decoding=\"async\" data-no-lazy=\"1\" src=\"https:\/\/clientesbrandbits.click\/wp-content\/uploads\/2024\/08\/Walter-Salles-1.jpg\" alt=\"\u00abA\u00fan Estoy Aqu\u00ed\u00bb: Pel\u00edcula de Walter estar\u00e1 en el festival de Venecia.\" class=\"wpr-anim-timing-ease-default\"><\/div><div class=\"wpr-grid-media-hover wpr-animation-wrap\"><div class=\"wpr-grid-media-hover-bg  wpr-overlay-fade-in wpr-anim-size-large wpr-anim-timing-ease-default wpr-anim-transparency\" data-url=\"https:\/\/clientesbrandbits.click\/es\/aun-estoy-aqui-pelicula-de-walter-estara-en-el-festival-de-venecia\/\"><\/div><\/div><\/div><div class=\"wpr-grid-item-below-content elementor-clearfix\"><h2 class=\"wpr-grid-item-title elementor-repeater-item-c562b1b wpr-grid-item-display-block wpr-grid-item-align-left wpr-pointer-none wpr-pointer-line-fx wpr-pointer-fx-fade\"><div class=\"inner-block\"><a target=\"_self\"  href=\"https:\/\/clientesbrandbits.click\/es\/aun-estoy-aqui-pelicula-de-walter-estara-en-el-festival-de-venecia\/\">\u00abA\u00fan Estoy Aqu\u00ed\u00bb: Pel\u00edcula de Walter estar\u00e1 en el festival de Venecia.<\/a><\/div><\/h2><div class=\"wpr-grid-item-excerpt elementor-repeater-item-cfc1745 wpr-grid-item-display-block wpr-grid-item-align-left\"><div class=\"inner-block\"><p>La esperada pel\u00edcula \u00abA\u00fan Estoy Aqu\u00ed\u00bb, dirigida por Walter Salles, est\u00e1 generando gran expectativa en el escenario cinematogr\u00e1fico. Inspirada en&hellip;<\/p><\/div><\/div><div class=\"wpr-grid-item-read-more elementor-repeater-item-861d914 wpr-grid-item-display-block wpr-grid-item-align-left\"><div class=\"inner-block\"><a target=\"_self\" href=\"https:\/\/clientesbrandbits.click\/es\/aun-estoy-aqui-pelicula-de-walter-estara-en-el-festival-de-venecia\/\" class=\"wpr-button-effect wpr-button-none\"><span>Leer M\u00e1s<\/span><\/a><\/div><\/div><div class=\"wpr-grid-item-separator elementor-repeater-item-831439c wpr-grid-item-display-block wpr-grid-item-align-left wpr-grid-sep-style-1\"><div class=\"inner-block\"><span><\/span><\/div><\/div><\/div><\/div><\/article><article class=\"wpr-grid-item elementor-clearfix post-2565 post type-post status-publish format-standard has-post-thumbnail hentry category-festivales-de-cine tag-festival-fantasia tag-mariana-di-girolamo infinite-scroll-item\"><div class=\"wpr-grid-item-inner\"><div class=\"wpr-grid-media-wrap wpr-effect-size-medium \" data-overlay-link=\"yes\"><div class=\"wpr-grid-image-wrap\" data-src=\"https:\/\/clientesbrandbits.click\/wp-content\/uploads\/2024\/07\/Los-impactados.jpg\" data-img-on-hover=\"\"  data-src-secondary=\"\"><img decoding=\"async\" data-no-lazy=\"1\" src=\"https:\/\/clientesbrandbits.click\/wp-content\/uploads\/2024\/07\/Los-impactados.jpg\" alt=\"Mariana Di Girolamo gana \u00abMejor Interpretaci\u00f3n\u00bb en Festival Fantas\u00eda\" class=\"wpr-anim-timing-ease-default\"><\/div><div class=\"wpr-grid-media-hover wpr-animation-wrap\"><div class=\"wpr-grid-media-hover-bg  wpr-overlay-fade-in wpr-anim-size-large wpr-anim-timing-ease-default wpr-anim-transparency\" data-url=\"https:\/\/clientesbrandbits.click\/es\/mariana-di-girolamo-gana-mejor-interpretacion-en-festival-fantasia\/\"><\/div><\/div><\/div><div class=\"wpr-grid-item-below-content elementor-clearfix\"><h2 class=\"wpr-grid-item-title elementor-repeater-item-c562b1b wpr-grid-item-display-block wpr-grid-item-align-left wpr-pointer-none wpr-pointer-line-fx wpr-pointer-fx-fade\"><div class=\"inner-block\"><a target=\"_self\"  href=\"https:\/\/clientesbrandbits.click\/es\/mariana-di-girolamo-gana-mejor-interpretacion-en-festival-fantasia\/\">Mariana Di Girolamo gana \u00abMejor Interpretaci\u00f3n\u00bb en Festival Fantas\u00eda<\/a><\/div><\/h2><div class=\"wpr-grid-item-excerpt elementor-repeater-item-cfc1745 wpr-grid-item-display-block wpr-grid-item-align-left\"><div class=\"inner-block\"><p>Con un apabullante paso de la pel\u00edcula \u201cLos Impactados\u201d de la Argentina Luc\u00eda Puenzo\u00a0 que gan\u00f3 una Menci\u00f3n Especial a&hellip;<\/p><\/div><\/div><div class=\"wpr-grid-item-read-more elementor-repeater-item-861d914 wpr-grid-item-display-block wpr-grid-item-align-left\"><div class=\"inner-block\"><a target=\"_self\" href=\"https:\/\/clientesbrandbits.click\/es\/mariana-di-girolamo-gana-mejor-interpretacion-en-festival-fantasia\/\" class=\"wpr-button-effect wpr-button-none\"><span>Leer M\u00e1s<\/span><\/a><\/div><\/div><div class=\"wpr-grid-item-separator elementor-repeater-item-831439c wpr-grid-item-display-block wpr-grid-item-align-left wpr-grid-sep-style-1\"><div class=\"inner-block\"><span><\/span><\/div><\/div><\/div><\/div><\/article><article class=\"wpr-grid-item elementor-clearfix post-2527 post type-post status-publish format-standard has-post-thumbnail hentry category-festivales-de-cine tag-festival-de-cine-de-valdivia infinite-scroll-item\"><div class=\"wpr-grid-item-inner\"><div class=\"wpr-grid-media-wrap wpr-effect-size-medium \" data-overlay-link=\"yes\"><div class=\"wpr-grid-image-wrap\" data-src=\"https:\/\/clientesbrandbits.click\/wp-content\/uploads\/2024\/07\/margarita-y-el-lobo-1.jpg\" data-img-on-hover=\"\"  data-src-secondary=\"\"><img decoding=\"async\" data-no-lazy=\"1\" src=\"https:\/\/clientesbrandbits.click\/wp-content\/uploads\/2024\/07\/margarita-y-el-lobo-1.jpg\" alt=\"Festival de Cine de Valdivia y su edici\u00f3n 2024\" class=\"wpr-anim-timing-ease-default\"><\/div><div class=\"wpr-grid-media-hover wpr-animation-wrap\"><div class=\"wpr-grid-media-hover-bg  wpr-overlay-fade-in wpr-anim-size-large wpr-anim-timing-ease-default wpr-anim-transparency\" data-url=\"https:\/\/clientesbrandbits.click\/es\/festival-de-cine-de-valdivia-y-su-edicion-2024\/\"><\/div><\/div><\/div><div class=\"wpr-grid-item-below-content elementor-clearfix\"><h2 class=\"wpr-grid-item-title elementor-repeater-item-c562b1b wpr-grid-item-display-block wpr-grid-item-align-left wpr-pointer-none wpr-pointer-line-fx wpr-pointer-fx-fade\"><div class=\"inner-block\"><a target=\"_self\"  href=\"https:\/\/clientesbrandbits.click\/es\/festival-de-cine-de-valdivia-y-su-edicion-2024\/\">Festival de Cine de Valdivia y su edici\u00f3n 2024<\/a><\/div><\/h2><div class=\"wpr-grid-item-excerpt elementor-repeater-item-cfc1745 wpr-grid-item-display-block wpr-grid-item-align-left\"><div class=\"inner-block\"><p>Como parte de los anuncios de su programaci\u00f3n 2024, FICValdivia presenta sus destacadas secciones Homenajes Cine Chileno, Homenajes Musicalizados en&hellip;<\/p><\/div><\/div><div class=\"wpr-grid-item-read-more elementor-repeater-item-861d914 wpr-grid-item-display-block wpr-grid-item-align-left\"><div class=\"inner-block\"><a target=\"_self\" href=\"https:\/\/clientesbrandbits.click\/es\/festival-de-cine-de-valdivia-y-su-edicion-2024\/\" class=\"wpr-button-effect wpr-button-none\"><span>Leer M\u00e1s<\/span><\/a><\/div><\/div><div class=\"wpr-grid-item-separator elementor-repeater-item-831439c wpr-grid-item-display-block wpr-grid-item-align-left wpr-grid-sep-style-1\"><div class=\"inner-block\"><span><\/span><\/div><\/div><\/div><\/div><\/article><article class=\"wpr-grid-item elementor-clearfix post-2468 post type-post status-publish format-standard has-post-thumbnail hentry category-festivales-de-cine category-films tag-miradoc tag-sanfic infinite-scroll-item\"><div class=\"wpr-grid-item-inner\"><div class=\"wpr-grid-media-wrap wpr-effect-size-medium \" data-overlay-link=\"yes\"><div class=\"wpr-grid-image-wrap\" data-src=\"https:\/\/clientesbrandbits.click\/wp-content\/uploads\/2024\/07\/La-fabulosa-maquina-de-cosechar-oro-1068x624-1.jpg\" data-img-on-hover=\"\"  data-src-secondary=\"\"><img decoding=\"async\" data-no-lazy=\"1\" src=\"https:\/\/clientesbrandbits.click\/wp-content\/uploads\/2024\/07\/La-fabulosa-maquina-de-cosechar-oro-1068x624-1.jpg\" alt=\"Dos documentales chilenos de Miradoc se estrenar\u00e1n en SANFIC\" class=\"wpr-anim-timing-ease-default\"><\/div><div class=\"wpr-grid-media-hover wpr-animation-wrap\"><div class=\"wpr-grid-media-hover-bg  wpr-overlay-fade-in wpr-anim-size-large wpr-anim-timing-ease-default wpr-anim-transparency\" data-url=\"https:\/\/clientesbrandbits.click\/es\/dos-documentales-chilenos-de-miradoc-se-estrenaran-en-sanfic\/\"><\/div><\/div><\/div><div class=\"wpr-grid-item-below-content elementor-clearfix\"><h2 class=\"wpr-grid-item-title elementor-repeater-item-c562b1b wpr-grid-item-display-block wpr-grid-item-align-left wpr-pointer-none wpr-pointer-line-fx wpr-pointer-fx-fade\"><div class=\"inner-block\"><a target=\"_self\"  href=\"https:\/\/clientesbrandbits.click\/es\/dos-documentales-chilenos-de-miradoc-se-estrenaran-en-sanfic\/\">Dos documentales chilenos de Miradoc se estrenar\u00e1n en SANFIC<\/a><\/div><\/h2><div class=\"wpr-grid-item-excerpt elementor-repeater-item-cfc1745 wpr-grid-item-display-block wpr-grid-item-align-left\"><div class=\"inner-block\"><p>Entre el 18 y 25 de agosto se realizar\u00e1 la 20\u00aa edici\u00f3n del Santiago Festival Internacional de Cine (SANFIC), certamen&hellip;<\/p><\/div><\/div><div class=\"wpr-grid-item-read-more elementor-repeater-item-861d914 wpr-grid-item-display-block wpr-grid-item-align-left\"><div class=\"inner-block\"><a target=\"_self\" href=\"https:\/\/clientesbrandbits.click\/es\/dos-documentales-chilenos-de-miradoc-se-estrenaran-en-sanfic\/\" class=\"wpr-button-effect wpr-button-none\"><span>Leer M\u00e1s<\/span><\/a><\/div><\/div><div class=\"wpr-grid-item-separator elementor-repeater-item-831439c wpr-grid-item-display-block wpr-grid-item-align-left wpr-grid-sep-style-1\"><div class=\"inner-block\"><span><\/span><\/div><\/div><\/div><\/div><\/article><article class=\"wpr-grid-item elementor-clearfix post-2498 post type-post status-publish format-standard has-post-thumbnail hentry category-festivales-de-cine tag-sanfic infinite-scroll-item\"><div class=\"wpr-grid-item-inner\"><div class=\"wpr-grid-media-wrap wpr-effect-size-medium \" data-overlay-link=\"yes\"><div class=\"wpr-grid-image-wrap\" data-src=\"https:\/\/clientesbrandbits.click\/wp-content\/uploads\/2024\/07\/Maite-Alberdi-jpg.webp\" data-img-on-hover=\"\"  data-src-secondary=\"\"><img decoding=\"async\" data-no-lazy=\"1\" src=\"https:\/\/clientesbrandbits.click\/wp-content\/uploads\/2024\/07\/Maite-Alberdi-jpg.webp\" alt=\"SANFIC da a conocer programaci\u00f3n en su aniversario n\u00famero 20\" class=\"wpr-anim-timing-ease-default\"><\/div><div class=\"wpr-grid-media-hover wpr-animation-wrap\"><div class=\"wpr-grid-media-hover-bg  wpr-overlay-fade-in wpr-anim-size-large wpr-anim-timing-ease-default wpr-anim-transparency\" data-url=\"https:\/\/clientesbrandbits.click\/es\/sanfic-da-a-conocer-programacion-en-su-aniversario-numero-20\/\"><\/div><\/div><\/div><div class=\"wpr-grid-item-below-content elementor-clearfix\"><h2 class=\"wpr-grid-item-title elementor-repeater-item-c562b1b wpr-grid-item-display-block wpr-grid-item-align-left wpr-pointer-none wpr-pointer-line-fx wpr-pointer-fx-fade\"><div class=\"inner-block\"><a target=\"_self\"  href=\"https:\/\/clientesbrandbits.click\/es\/sanfic-da-a-conocer-programacion-en-su-aniversario-numero-20\/\">SANFIC da a conocer programaci\u00f3n en su aniversario n\u00famero 20<\/a><\/div><\/h2><div class=\"wpr-grid-item-excerpt elementor-repeater-item-cfc1745 wpr-grid-item-display-block wpr-grid-item-align-left\"><div class=\"inner-block\"><p>Los 20 a\u00f1os del Santiago Festival Internacional de Cine se celebrar\u00e1n en Santiago con 92 producciones, entre las que se&hellip;<\/p><\/div><\/div><div class=\"wpr-grid-item-read-more elementor-repeater-item-861d914 wpr-grid-item-display-block wpr-grid-item-align-left\"><div class=\"inner-block\"><a target=\"_self\" href=\"https:\/\/clientesbrandbits.click\/es\/sanfic-da-a-conocer-programacion-en-su-aniversario-numero-20\/\" class=\"wpr-button-effect wpr-button-none\"><span>Leer M\u00e1s<\/span><\/a><\/div><\/div><div class=\"wpr-grid-item-separator elementor-repeater-item-831439c wpr-grid-item-display-block wpr-grid-item-align-left wpr-grid-sep-style-1\"><div class=\"inner-block\"><span><\/span><\/div><\/div><\/div><\/div><\/article><article class=\"wpr-grid-item elementor-clearfix post-2473 post type-post status-publish format-standard has-post-thumbnail hentry category-festivales-de-cine tag-arfecine infinite-scroll-item\"><div class=\"wpr-grid-item-inner\"><div class=\"wpr-grid-media-wrap wpr-effect-size-medium \" data-overlay-link=\"yes\"><div class=\"wpr-grid-image-wrap\" data-src=\"https:\/\/clientesbrandbits.click\/wp-content\/uploads\/2024\/07\/Entre-otros-Gustavo-Garzon-Miguel-Kohan-Josefina-Zavalia-Abalos-Fredy-Friedlander-Cedric-Robion-y-Fernando-Brenner-en-el-Auditorio-de-la-Alianza-Francesa-10\u00b0-ARFECINE.-Julio-2024-e1721683804516.jpg\" data-img-on-hover=\"\"  data-src-secondary=\"\"><img decoding=\"async\" data-no-lazy=\"1\" src=\"https:\/\/clientesbrandbits.click\/wp-content\/uploads\/2024\/07\/Entre-otros-Gustavo-Garzon-Miguel-Kohan-Josefina-Zavalia-Abalos-Fredy-Friedlander-Cedric-Robion-y-Fernando-Brenner-en-el-Auditorio-de-la-Alianza-Francesa-10\u00b0-ARFECINE.-Julio-2024-e1721683804516.jpg\" alt=\"Todos los ganadores del 10\u00b0 Arfecine\" class=\"wpr-anim-timing-ease-default\"><\/div><div class=\"wpr-grid-media-hover wpr-animation-wrap\"><div class=\"wpr-grid-media-hover-bg  wpr-overlay-fade-in wpr-anim-size-large wpr-anim-timing-ease-default wpr-anim-transparency\" data-url=\"https:\/\/clientesbrandbits.click\/es\/todos-los-ganadores-del-10-arfecine\/\"><\/div><\/div><\/div><div class=\"wpr-grid-item-below-content elementor-clearfix\"><h2 class=\"wpr-grid-item-title elementor-repeater-item-c562b1b wpr-grid-item-display-block wpr-grid-item-align-left wpr-pointer-none wpr-pointer-line-fx wpr-pointer-fx-fade\"><div class=\"inner-block\"><a target=\"_self\"  href=\"https:\/\/clientesbrandbits.click\/es\/todos-los-ganadores-del-10-arfecine\/\">Todos los ganadores del 10\u00b0 Arfecine<\/a><\/div><\/h2><div class=\"wpr-grid-item-excerpt elementor-repeater-item-cfc1745 wpr-grid-item-display-block wpr-grid-item-align-left\"><div class=\"inner-block\"><p>Con gran afluencia de p\u00fablico en todas sus jornadas, culmin\u00f3 la edici\u00f3n n\u00famero 10\u00b0 Aniversario del Festival\u00a0ARFECINE\u00a0\u2013 Semana Internacional de&hellip;<\/p><\/div><\/div><div class=\"wpr-grid-item-read-more elementor-repeater-item-861d914 wpr-grid-item-display-block wpr-grid-item-align-left\"><div class=\"inner-block\"><a target=\"_self\" href=\"https:\/\/clientesbrandbits.click\/es\/todos-los-ganadores-del-10-arfecine\/\" class=\"wpr-button-effect wpr-button-none\"><span>Leer M\u00e1s<\/span><\/a><\/div><\/div><div class=\"wpr-grid-item-separator elementor-repeater-item-831439c wpr-grid-item-display-block wpr-grid-item-align-left wpr-grid-sep-style-1\"><div class=\"inner-block\"><span><\/span><\/div><\/div><\/div><\/div><\/article><article class=\"wpr-grid-item elementor-clearfix post-2479 post type-post status-publish format-standard has-post-thumbnail hentry category-destacados category-festivales-de-cine tag-destacados tag-festival-de-venecia infinite-scroll-item\"><div class=\"wpr-grid-item-inner\"><div class=\"wpr-grid-media-wrap wpr-effect-size-medium \" data-overlay-link=\"yes\"><div class=\"wpr-grid-image-wrap\" data-src=\"https:\/\/clientesbrandbits.click\/wp-content\/uploads\/2024\/07\/almo.jpg\" data-img-on-hover=\"\"  data-src-secondary=\"\"><img decoding=\"async\" data-no-lazy=\"1\" src=\"https:\/\/clientesbrandbits.click\/wp-content\/uploads\/2024\/07\/almo.jpg\" alt=\"\u00a1Las secuelas se toman Venecia! toda su programaci\u00f3n 2024, ac\u00e1\" class=\"wpr-anim-timing-ease-default\"><\/div><div class=\"wpr-grid-media-hover wpr-animation-wrap\"><div class=\"wpr-grid-media-hover-bg  wpr-overlay-fade-in wpr-anim-size-large wpr-anim-timing-ease-default wpr-anim-transparency\" data-url=\"https:\/\/clientesbrandbits.click\/es\/las-secuelas-se-toman-venecia-toda-su-programacion-2024-aca\/\"><\/div><\/div><\/div><div class=\"wpr-grid-item-below-content elementor-clearfix\"><h2 class=\"wpr-grid-item-title elementor-repeater-item-c562b1b wpr-grid-item-display-block wpr-grid-item-align-left wpr-pointer-none wpr-pointer-line-fx wpr-pointer-fx-fade\"><div class=\"inner-block\"><a target=\"_self\"  href=\"https:\/\/clientesbrandbits.click\/es\/las-secuelas-se-toman-venecia-toda-su-programacion-2024-aca\/\">\u00a1Las secuelas se toman Venecia! toda su programaci\u00f3n 2024, ac\u00e1<\/a><\/div><\/h2><div class=\"wpr-grid-item-excerpt elementor-repeater-item-cfc1745 wpr-grid-item-display-block wpr-grid-item-align-left\"><div class=\"inner-block\"><p>Ya se acerca una nueva edici\u00f3n del Festival de cine de Venecia y hoy se di\u00f3 a conocer toda su&hellip;<\/p><\/div><\/div><div class=\"wpr-grid-item-read-more elementor-repeater-item-861d914 wpr-grid-item-display-block wpr-grid-item-align-left\"><div class=\"inner-block\"><a target=\"_self\" href=\"https:\/\/clientesbrandbits.click\/es\/las-secuelas-se-toman-venecia-toda-su-programacion-2024-aca\/\" class=\"wpr-button-effect wpr-button-none\"><span>Leer M\u00e1s<\/span><\/a><\/div><\/div><div class=\"wpr-grid-item-separator elementor-repeater-item-831439c wpr-grid-item-display-block wpr-grid-item-align-left wpr-grid-sep-style-1\"><div class=\"inner-block\"><span><\/span><\/div><\/div><\/div><\/div><\/article><article class=\"wpr-grid-item elementor-clearfix post-2462 post type-post status-publish format-standard has-post-thumbnail hentry category-destacados category-festivales-de-cine tag-destacados tag-tiff infinite-scroll-item\"><div class=\"wpr-grid-item-inner\"><div class=\"wpr-grid-media-wrap wpr-effect-size-medium \" data-overlay-link=\"yes\"><div class=\"wpr-grid-image-wrap\" data-src=\"https:\/\/clientesbrandbits.click\/wp-content\/uploads\/2024\/07\/andrew.jpg\" data-img-on-hover=\"\"  data-src-secondary=\"\"><img decoding=\"async\" data-no-lazy=\"1\" src=\"https:\/\/clientesbrandbits.click\/wp-content\/uploads\/2024\/07\/andrew.jpg\" alt=\"El Festival de Cine de Toronto revela su programaci\u00f3n 2024\" class=\"wpr-anim-timing-ease-default\"><\/div><div class=\"wpr-grid-media-hover wpr-animation-wrap\"><div class=\"wpr-grid-media-hover-bg  wpr-overlay-fade-in wpr-anim-size-large wpr-anim-timing-ease-default wpr-anim-transparency\" data-url=\"https:\/\/clientesbrandbits.click\/es\/el-festival-de-cine-de-toronto-revela-su-programacion-2024\/\"><\/div><\/div><\/div><div class=\"wpr-grid-item-below-content elementor-clearfix\"><h2 class=\"wpr-grid-item-title elementor-repeater-item-c562b1b wpr-grid-item-display-block wpr-grid-item-align-left wpr-pointer-none wpr-pointer-line-fx wpr-pointer-fx-fade\"><div class=\"inner-block\"><a target=\"_self\"  href=\"https:\/\/clientesbrandbits.click\/es\/el-festival-de-cine-de-toronto-revela-su-programacion-2024\/\">El Festival de Cine de Toronto revela su programaci\u00f3n 2024<\/a><\/div><\/h2><div class=\"wpr-grid-item-excerpt elementor-repeater-item-cfc1745 wpr-grid-item-display-block wpr-grid-item-align-left\"><div class=\"inner-block\"><p>Luego de un a\u00f1o donde las huelgas fueron el tenor del certamen, esta nueva edici\u00f3n del Toronto International Film Festival&hellip;<\/p><\/div><\/div><div class=\"wpr-grid-item-read-more elementor-repeater-item-861d914 wpr-grid-item-display-block wpr-grid-item-align-left\"><div class=\"inner-block\"><a target=\"_self\" href=\"https:\/\/clientesbrandbits.click\/es\/el-festival-de-cine-de-toronto-revela-su-programacion-2024\/\" class=\"wpr-button-effect wpr-button-none\"><span>Leer M\u00e1s<\/span><\/a><\/div><\/div><div class=\"wpr-grid-item-separator elementor-repeater-item-831439c wpr-grid-item-display-block wpr-grid-item-align-left wpr-grid-sep-style-1\"><div class=\"inner-block\"><span><\/span><\/div><\/div><\/div><\/div><\/article><article class=\"wpr-grid-item elementor-clearfix post-2392 post type-post status-publish format-standard has-post-thumbnail hentry category-destacados category-festivales-de-cine tag-destacados tag-sanfic infinite-scroll-item\"><div class=\"wpr-grid-item-inner\"><div class=\"wpr-grid-media-wrap wpr-effect-size-medium \" data-overlay-link=\"yes\"><div class=\"wpr-grid-image-wrap\" data-src=\"https:\/\/clientesbrandbits.click\/wp-content\/uploads\/2024\/07\/10.Una-luz-negra-Comp.-Cine-Chileno-e1721334673708.jpg\" data-img-on-hover=\"\"  data-src-secondary=\"\"><img decoding=\"async\" data-no-lazy=\"1\" src=\"https:\/\/clientesbrandbits.click\/wp-content\/uploads\/2024\/07\/10.Una-luz-negra-Comp.-Cine-Chileno-e1721334673708.jpg\" alt=\"SANFIC anuncia las pel\u00edculas de la Competencia de Cine Chileno\" class=\"wpr-anim-timing-ease-default\"><\/div><div class=\"wpr-grid-media-hover wpr-animation-wrap\"><div class=\"wpr-grid-media-hover-bg  wpr-overlay-fade-in wpr-anim-size-large wpr-anim-timing-ease-default wpr-anim-transparency\" data-url=\"https:\/\/clientesbrandbits.click\/es\/sanfic-anuncia-las-peliculas-de-la-competencia-de-cine-chileno\/\"><\/div><\/div><\/div><div class=\"wpr-grid-item-below-content elementor-clearfix\"><h2 class=\"wpr-grid-item-title elementor-repeater-item-c562b1b wpr-grid-item-display-block wpr-grid-item-align-left wpr-pointer-none wpr-pointer-line-fx wpr-pointer-fx-fade\"><div class=\"inner-block\"><a target=\"_self\"  href=\"https:\/\/clientesbrandbits.click\/es\/sanfic-anuncia-las-peliculas-de-la-competencia-de-cine-chileno\/\">SANFIC anuncia las pel\u00edculas de la Competencia de Cine Chileno<\/a><\/div><\/h2><div class=\"wpr-grid-item-excerpt elementor-repeater-item-cfc1745 wpr-grid-item-display-block wpr-grid-item-align-left\"><div class=\"inner-block\"><p>10 pel\u00edculas nacionales recientemente finalizadas ser\u00e1n parte de la Competencia de Cine Chileno de la edici\u00f3n aniversario del Santiago Festival&hellip;<\/p><\/div><\/div><div class=\"wpr-grid-item-read-more elementor-repeater-item-861d914 wpr-grid-item-display-block wpr-grid-item-align-left\"><div class=\"inner-block\"><a target=\"_self\" href=\"https:\/\/clientesbrandbits.click\/es\/sanfic-anuncia-las-peliculas-de-la-competencia-de-cine-chileno\/\" class=\"wpr-button-effect wpr-button-none\"><span>Leer M\u00e1s<\/span><\/a><\/div><\/div><div class=\"wpr-grid-item-separator elementor-repeater-item-831439c wpr-grid-item-display-block wpr-grid-item-align-left wpr-grid-sep-style-1\"><div class=\"inner-block\"><span><\/span><\/div><\/div><\/div><\/div><\/article><\/section><div class=\"wpr-grid-pagination elementor-clearfix wpr-grid-pagination-load-more\"><a href=\"https:\/\/clientesbrandbits.click\/es\/wp-json\/wp\/v2\/pages\/56\/page\/2\/\" class=\"wpr-load-more-btn\" data-e-disable-page-transition >Cargar M\u00e1s<\/a><div class=\"wpr-pagination-loading\"><div class=\"wpr-double-bounce\"><div class=\"wpr-child wpr-double-bounce1\"><\/div><div class=\"wpr-child wpr-double-bounce2\"><\/div><\/div><\/div><p class=\"wpr-pagination-finish\">Fin del contenido<\/p><\/div>\t\t<\/div>\n\t\t\t\t<\/div>\n\t\t\t\t<\/div>\n\t\t<div class=\"elementor-element elementor-element-5ca4822 e-con-full elementor-hidden-tablet elementor-hidden-mobile e-flex wpr-particle-no wpr-jarallax-no wpr-parallax-no wpr-sticky-section-no e-con e-child\" data-id=\"5ca4822\" data-element_type=\"container\">\n\t\t\t\t<div class=\"elementor-element elementor-element-0b27a42 elementor-widget elementor-widget-heading\" data-id=\"0b27a42\" data-element_type=\"widget\" data-widget_type=\"heading.default\">\n\t\t\t\t<div class=\"elementor-widget-container\">\n\t\t\t<h3 class=\"elementor-heading-title elementor-size-default\">Notas recientes<\/h3>\t\t<\/div>\n\t\t\t\t<\/div>\n\t\t\t\t<div class=\"elementor-element elementor-element-ac0de5f elementor-widget elementor-widget-sidebar\" data-id=\"ac0de5f\" data-element_type=\"widget\" data-widget_type=\"sidebar.default\">\n\t\t\t\t<div class=\"elementor-widget-container\">\n\t\t\t<aside id=\"recent-posts-widget-with-thumbnails-2\" class=\"widget inner-padding recent-posts-widget-with-thumbnails\">\n<div id=\"rpwwt-recent-posts-widget-with-thumbnails-2\" class=\"rpwwt-widget\">\r\n<h2 class=\"widget-title\">\u00daltimas notas<\/h2>\n\t<ul>\r\n\t\t<li><a href=\"https:\/\/clientesbrandbits.click\/es\/llego-a-netflix-el-documental-ganador-del-oscar\/\"><img decoding=\"async\" width=\"75\" height=\"75\" src=\"https:\/\/clientesbrandbits.click\/wp-content\/uploads\/2024\/07\/maripul-150x150.jpg\" class=\"attachment-75x75 size-75x75 wp-post-image\" alt=\"\" \/><span class=\"rpwwt-post-title\">Lleg\u00f3 a Netflix el documental ganador del Oscar<\/span><\/a><div class=\"rpwwt-post-date\">2 de agosto de 2024<\/div><\/li>\r\n\t\t<li><a href=\"https:\/\/clientesbrandbits.click\/es\/en-agosto-mubi-estrena-caminos-cruzados-y-presenta-sus-especiales\/\"><img decoding=\"async\" width=\"75\" height=\"75\" src=\"https:\/\/clientesbrandbits.click\/wp-content\/uploads\/2024\/07\/CROSSING-2-150x150.jpg\" class=\"attachment-75x75 size-75x75 wp-post-image\" alt=\"\" \/><span class=\"rpwwt-post-title\">En agosto Mubi presenta sus especiales<\/span><\/a><div class=\"rpwwt-post-date\">1 de agosto de 2024<\/div><\/li>\r\n\t\t<li><a href=\"https:\/\/clientesbrandbits.click\/es\/aun-estoy-aqui-pelicula-de-walter-estara-en-el-festival-de-venecia\/\"><img decoding=\"async\" width=\"75\" height=\"75\" src=\"https:\/\/clientesbrandbits.click\/wp-content\/uploads\/2024\/08\/Walter-Salles-1-150x150.jpg\" class=\"attachment-75x75 size-75x75 wp-post-image\" alt=\"\" \/><span class=\"rpwwt-post-title\">\u00abA\u00fan Estoy Aqu\u00ed\u00bb: Pel\u00edcula de Walter estar\u00e1 en el festi&hellip;<\/span><\/a><div class=\"rpwwt-post-date\">1 de agosto de 2024<\/div><\/li>\r\n\t\t<li><a href=\"https:\/\/clientesbrandbits.click\/es\/hablamos-con-el-director-y-cast-de-in-our-blood-nuevo-horror-latino\/\"><img loading=\"lazy\" decoding=\"async\" width=\"75\" height=\"75\" src=\"https:\/\/clientesbrandbits.click\/wp-content\/uploads\/2024\/07\/bear-07-150x150.png\" class=\"attachment-75x75 size-75x75 wp-post-image\" alt=\"\" \/><span class=\"rpwwt-post-title\">Hablamos con el director y Cast de \u00abIn Our Blood\u00bb nuevo&hellip;<\/span><\/a><div class=\"rpwwt-post-date\">31 de julio de 2024<\/div><\/li>\r\n\t\t<li><a href=\"https:\/\/clientesbrandbits.click\/es\/conoce-a-los-protagonistas-de-la-banda-de-asaltantes-de-el-fantasma\/\"><img loading=\"lazy\" decoding=\"async\" width=\"75\" height=\"75\" src=\"https:\/\/clientesbrandbits.click\/wp-content\/uploads\/2024\/07\/Dario-Lopitalo-Willy-Semler-1024x429-1-150x150.jpg\" class=\"attachment-75x75 size-75x75 wp-post-image\" alt=\"\" \/><span class=\"rpwwt-post-title\">Conoce a los protagonistas de la  banda de asaltantes d&hellip;<\/span><\/a><div class=\"rpwwt-post-date\">31 de julio de 2024<\/div><\/li>\r\n\t<\/ul>\r\n<\/div><!-- .rpwwt-widget -->\r\n<\/aside><aside id=\"text-2\" class=\"widget inner-padding widget_text\">\t\t\t<div class=\"textwidget\"><\/div>\n\t\t<\/aside>\t\t<\/div>\n\t\t\t\t<\/div>\n\t\t\t\t<\/div>\n\t\t\t\t\t<\/div>\n\t\t\t\t<\/div>\n\t\t\t\t<\/div>\n\t\t","protected":false},"excerpt":{"rendered":"<p>Festivales de Cine All Posts Festivales de Cine Documentales chilenos fueron premiados en Cannes Docs 2024 Por\u00a0cuarto a\u00f1o consecutivo el documental chileno fue reconocido en Cannes Docs, el espacio para la industria del documental del\u00a0March\u00e9 du&hellip; Leer M\u00e1s El 26\u00ba &#8230; <a title=\"Conoce a los protagonistas de la  banda de asaltantes de \u00abEl Fantasma\u00bb\" class=\"read-more\" href=\"https:\/\/clientesbrandbits.click\/es\/conoce-a-los-protagonistas-de-la-banda-de-asaltantes-de-el-fantasma\/\" aria-label=\"Leer m\u00e1s sobre Conoce a los protagonistas de la  banda de asaltantes de \u00abEl Fantasma\u00bb\">Leer M\u00e1s<\/a><\/p>\n","protected":false},"author":1,"featured_media":0,"parent":0,"menu_order":0,"comment_status":"closed","ping_status":"closed","template":"","meta":{"_joinchat":[],"footnotes":""},"class_list":["post-56","page","type-page","status-publish","hentry","infinite-scroll-item"],"yoast_head":"<!-- This site is optimized with the Yoast SEO plugin v22.8 - https:\/\/yoast.com\/wordpress\/plugins\/seo\/ -->\n<title>Festivales de Cine - Spanglish Cinema<\/title>\n<meta name=\"robots\" content=\"index, follow, max-snippet:-1, max-image-preview:large, max-video-preview:-1\" \/>\n<link rel=\"canonical\" href=\"https:\/\/clientesbrandbits.click\/es\/festivales-de-cine\/\" \/>\n<meta property=\"og:locale\" content=\"es_ES\" \/>\n<meta property=\"og:type\" content=\"article\" \/>\n<meta property=\"og:title\" content=\"Festivales de Cine - Spanglish Cinema\" \/>\n<meta property=\"og:description\" content=\"Festivales de Cine All Posts Festivales de Cine Documentales chilenos fueron premiados en Cannes Docs 2024 Por\u00a0cuarto a\u00f1o consecutivo el documental chileno fue reconocido en Cannes Docs, el espacio para la industria del documental del\u00a0March\u00e9 du&hellip; Leer M\u00e1s El 26\u00ba ... Leer M\u00e1s\" \/>\n<meta property=\"og:url\" content=\"https:\/\/clientesbrandbits.click\/es\/festivales-de-cine\/\" \/>\n<meta property=\"og:site_name\" content=\"Spanglish Cinema\" \/>\n<meta property=\"article:modified_time\" content=\"2024-06-03T16:43:48+00:00\" \/>\n<meta property=\"og:image\" content=\"https:\/\/clientesbrandbits.click\/wp-content\/uploads\/2024\/05\/Viajero-inmovil-Premio-Cannes-Docs-1-e1716502910110.jpeg\" \/>\n<meta name=\"twitter:card\" content=\"summary_large_image\" \/>\n<meta name=\"twitter:label1\" content=\"Tiempo de lectura\" \/>\n\t<meta name=\"twitter:data1\" content=\"5 minutos\" \/>\n<script type=\"application\/ld+json\" class=\"yoast-schema-graph\">{\"@context\":\"https:\/\/schema.org\",\"@graph\":[{\"@type\":\"WebPage\",\"@id\":\"https:\/\/clientesbrandbits.click\/festivales-de-cine\/\",\"url\":\"https:\/\/clientesbrandbits.click\/festivales-de-cine\/\",\"name\":\"Festivales de Cine - Spanglish Cinema\",\"isPartOf\":{\"@id\":\"https:\/\/clientesbrandbits.click\/#website\"},\"primaryImageOfPage\":{\"@id\":\"https:\/\/clientesbrandbits.click\/festivales-de-cine\/#primaryimage\"},\"image\":{\"@id\":\"https:\/\/clientesbrandbits.click\/festivales-de-cine\/#primaryimage\"},\"thumbnailUrl\":\"https:\/\/clientesbrandbits.click\/wp-content\/uploads\/2024\/05\/Viajero-inmovil-Premio-Cannes-Docs-1-e1716502910110.jpeg\",\"datePublished\":\"2024-03-18T20:31:19+00:00\",\"dateModified\":\"2024-06-03T16:43:48+00:00\",\"breadcrumb\":{\"@id\":\"https:\/\/clientesbrandbits.click\/festivales-de-cine\/#breadcrumb\"},\"inLanguage\":\"es\",\"potentialAction\":[{\"@type\":\"ReadAction\",\"target\":[\"https:\/\/clientesbrandbits.click\/festivales-de-cine\/\"]}]},{\"@type\":\"ImageObject\",\"inLanguage\":\"es\",\"@id\":\"https:\/\/clientesbrandbits.click\/festivales-de-cine\/#primaryimage\",\"url\":\"https:\/\/clientesbrandbits.click\/wp-content\/uploads\/2024\/05\/Viajero-inmovil-Premio-Cannes-Docs-1-e1716502910110.jpeg\",\"contentUrl\":\"https:\/\/clientesbrandbits.click\/wp-content\/uploads\/2024\/05\/Viajero-inmovil-Premio-Cannes-Docs-1-e1716502910110.jpeg\"},{\"@type\":\"BreadcrumbList\",\"@id\":\"https:\/\/clientesbrandbits.click\/festivales-de-cine\/#breadcrumb\",\"itemListElement\":[{\"@type\":\"ListItem\",\"position\":1,\"name\":\"Portada\",\"item\":\"https:\/\/clientesbrandbits.click\/\"},{\"@type\":\"ListItem\",\"position\":2,\"name\":\"Festivales de Cine\"}]},{\"@type\":\"WebSite\",\"@id\":\"https:\/\/clientesbrandbits.click\/#website\",\"url\":\"https:\/\/clientesbrandbits.click\/\",\"name\":\"Spanglish Cinema\",\"description\":\"\",\"publisher\":{\"@id\":\"https:\/\/clientesbrandbits.click\/#organization\"},\"potentialAction\":[{\"@type\":\"SearchAction\",\"target\":{\"@type\":\"EntryPoint\",\"urlTemplate\":\"https:\/\/clientesbrandbits.click\/?s={search_term_string}\"},\"query-input\":\"required name=search_term_string\"}],\"inLanguage\":\"es\"},{\"@type\":\"Organization\",\"@id\":\"https:\/\/clientesbrandbits.click\/#organization\",\"name\":\"Spanglish Cinema\",\"url\":\"https:\/\/clientesbrandbits.click\/\",\"logo\":{\"@type\":\"ImageObject\",\"inLanguage\":\"es\",\"@id\":\"https:\/\/clientesbrandbits.click\/#\/schema\/logo\/image\/\",\"url\":\"https:\/\/clientesbrandbits.click\/wp-content\/uploads\/2024\/03\/spanglish_cinema.png\",\"contentUrl\":\"https:\/\/clientesbrandbits.click\/wp-content\/uploads\/2024\/03\/spanglish_cinema.png\",\"width\":612,\"height\":225,\"caption\":\"Spanglish Cinema\"},\"image\":{\"@id\":\"https:\/\/clientesbrandbits.click\/#\/schema\/logo\/image\/\"}}]}<\/script>\n<!-- \/ Yoast SEO plugin. -->","yoast_head_json":{"title":"Festivales de Cine - Spanglish Cinema","robots":{"index":"index","follow":"follow","max-snippet":"max-snippet:-1","max-image-preview":"max-image-preview:large","max-video-preview":"max-video-preview:-1"},"canonical":"https:\/\/clientesbrandbits.click\/es\/festivales-de-cine\/","og_locale":"es_ES","og_type":"article","og_title":"Festivales de Cine - Spanglish Cinema","og_description":"Festivales de Cine All Posts Festivales de Cine Documentales chilenos fueron premiados en Cannes Docs 2024 Por\u00a0cuarto a\u00f1o consecutivo el documental chileno fue reconocido en Cannes Docs, el espacio para la industria del documental del\u00a0March\u00e9 du&hellip; Leer M\u00e1s El 26\u00ba ... Leer M\u00e1s","og_url":"https:\/\/clientesbrandbits.click\/es\/festivales-de-cine\/","og_site_name":"Spanglish Cinema","article_modified_time":"2024-06-03T16:43:48+00:00","og_image":[{"url":"https:\/\/clientesbrandbits.click\/wp-content\/uploads\/2024\/05\/Viajero-inmovil-Premio-Cannes-Docs-1-e1716502910110.jpeg"}],"twitter_card":"summary_large_image","twitter_misc":{"Tiempo de lectura":"5 minutos"},"schema":{"@context":"https:\/\/schema.org","@graph":[{"@type":"WebPage","@id":"https:\/\/clientesbrandbits.click\/festivales-de-cine\/","url":"https:\/\/clientesbrandbits.click\/festivales-de-cine\/","name":"Festivales de Cine - Spanglish Cinema","isPartOf":{"@id":"https:\/\/clientesbrandbits.click\/#website"},"primaryImageOfPage":{"@id":"https:\/\/clientesbrandbits.click\/festivales-de-cine\/#primaryimage"},"image":{"@id":"https:\/\/clientesbrandbits.click\/festivales-de-cine\/#primaryimage"},"thumbnailUrl":"https:\/\/clientesbrandbits.click\/wp-content\/uploads\/2024\/05\/Viajero-inmovil-Premio-Cannes-Docs-1-e1716502910110.jpeg","datePublished":"2024-03-18T20:31:19+00:00","dateModified":"2024-06-03T16:43:48+00:00","breadcrumb":{"@id":"https:\/\/clientesbrandbits.click\/festivales-de-cine\/#breadcrumb"},"inLanguage":"es","potentialAction":[{"@type":"ReadAction","target":["https:\/\/clientesbrandbits.click\/festivales-de-cine\/"]}]},{"@type":"ImageObject","inLanguage":"es","@id":"https:\/\/clientesbrandbits.click\/festivales-de-cine\/#primaryimage","url":"https:\/\/clientesbrandbits.click\/wp-content\/uploads\/2024\/05\/Viajero-inmovil-Premio-Cannes-Docs-1-e1716502910110.jpeg","contentUrl":"https:\/\/clientesbrandbits.click\/wp-content\/uploads\/2024\/05\/Viajero-inmovil-Premio-Cannes-Docs-1-e1716502910110.jpeg"},{"@type":"BreadcrumbList","@id":"https:\/\/clientesbrandbits.click\/festivales-de-cine\/#breadcrumb","itemListElement":[{"@type":"ListItem","position":1,"name":"Portada","item":"https:\/\/clientesbrandbits.click\/"},{"@type":"ListItem","position":2,"name":"Festivales de Cine"}]},{"@type":"WebSite","@id":"https:\/\/clientesbrandbits.click\/#website","url":"https:\/\/clientesbrandbits.click\/","name":"Spanglish Cinema","description":"","publisher":{"@id":"https:\/\/clientesbrandbits.click\/#organization"},"potentialAction":[{"@type":"SearchAction","target":{"@type":"EntryPoint","urlTemplate":"https:\/\/clientesbrandbits.click\/?s={search_term_string}"},"query-input":"required name=search_term_string"}],"inLanguage":"es"},{"@type":"Organization","@id":"https:\/\/clientesbrandbits.click\/#organization","name":"Spanglish Cinema","url":"https:\/\/clientesbrandbits.click\/","logo":{"@type":"ImageObject","inLanguage":"es","@id":"https:\/\/clientesbrandbits.click\/#\/schema\/logo\/image\/","url":"https:\/\/clientesbrandbits.click\/wp-content\/uploads\/2024\/03\/spanglish_cinema.png","contentUrl":"https:\/\/clientesbrandbits.click\/wp-content\/uploads\/2024\/03\/spanglish_cinema.png","width":612,"height":225,"caption":"Spanglish Cinema"},"image":{"@id":"https:\/\/clientesbrandbits.click\/#\/schema\/logo\/image\/"}}]}},"_links":{"self":[{"href":"https:\/\/clientesbrandbits.click\/es\/wp-json\/wp\/v2\/pages\/56"}],"collection":[{"href":"https:\/\/clientesbrandbits.click\/es\/wp-json\/wp\/v2\/pages"}],"about":[{"href":"https:\/\/clientesbrandbits.click\/es\/wp-json\/wp\/v2\/types\/page"}],"author":[{"embeddable":true,"href":"https:\/\/clientesbrandbits.click\/es\/wp-json\/wp\/v2\/users\/1"}],"replies":[{"embeddable":true,"href":"https:\/\/clientesbrandbits.click\/es\/wp-json\/wp\/v2\/comments?post=56"}],"version-history":[{"count":38,"href":"https:\/\/clientesbrandbits.click\/es\/wp-json\/wp\/v2\/pages\/56\/revisions"}],"predecessor-version":[{"id":1640,"href":"https:\/\/clientesbrandbits.click\/es\/wp-json\/wp\/v2\/pages\/56\/revisions\/1640"}],"wp:attachment":[{"href":"https:\/\/clientesbrandbits.click\/es\/wp-json\/wp\/v2\/media?parent=56"}],"curies":[{"name":"wp","href":"https:\/\/api.w.org\/{rel}","templated":true}]}}