{"id":68,"date":"2024-03-18T19:45:19","date_gmt":"2024-03-18T22:45:19","guid":{"rendered":"https:\/\/clientesbrandbits.click\/?page_id=68"},"modified":"2024-06-03T12:51:12","modified_gmt":"2024-06-03T16:51:12","slug":"entrevistas","status":"publish","type":"page","link":"https:\/\/clientesbrandbits.click\/en\/entrevistas\/","title":{"rendered":"Interviews"},"content":{"rendered":"<div data-elementor-type=\"wp-page\" data-elementor-id=\"68\" class=\"elementor elementor-68\">\n\t\t\t\t<div class=\"elementor-element elementor-element-8adf1bd e-flex e-con-boxed wpr-particle-no wpr-jarallax-no wpr-parallax-no wpr-sticky-section-no e-con e-parent\" data-id=\"8adf1bd\" data-element_type=\"container\">\n\t\t\t\t\t<div class=\"e-con-inner\">\n\t\t<div class=\"elementor-element elementor-element-4345f79 e-con-full e-flex wpr-particle-no wpr-jarallax-no wpr-parallax-no wpr-sticky-section-no e-con e-child\" data-id=\"4345f79\" data-element_type=\"container\" data-settings=\"{&quot;background_background&quot;:&quot;classic&quot;}\">\n\t\t\t\t<div class=\"elementor-element elementor-element-7ed17a0 elementor-widget elementor-widget-heading\" data-id=\"7ed17a0\" data-element_type=\"widget\" data-widget_type=\"heading.default\">\n\t\t\t\t<div class=\"elementor-widget-container\">\n\t\t\t<style>\/*! elementor - v3.21.0 - 26-05-2024 *\/\n.elementor-heading-title{padding:0;margin:0;line-height:1}.elementor-widget-heading .elementor-heading-title[class*=elementor-size-]>a{color:inherit;font-size:inherit;line-height:inherit}.elementor-widget-heading .elementor-heading-title.elementor-size-small{font-size:15px}.elementor-widget-heading .elementor-heading-title.elementor-size-medium{font-size:19px}.elementor-widget-heading .elementor-heading-title.elementor-size-large{font-size:29px}.elementor-widget-heading .elementor-heading-title.elementor-size-xl{font-size:39px}.elementor-widget-heading .elementor-heading-title.elementor-size-xxl{font-size:59px}<\/style><h3 class=\"elementor-heading-title elementor-size-default\">Interviews<\/h3>\t\t<\/div>\n\t\t\t\t<\/div>\n\t\t\t\t<div class=\"elementor-element elementor-element-e43cfb3 elementor-widget-divider--view-line elementor-widget elementor-widget-divider\" data-id=\"e43cfb3\" data-element_type=\"widget\" data-widget_type=\"divider.default\">\n\t\t\t\t<div class=\"elementor-widget-container\">\n\t\t\t<style>\/*! elementor - v3.21.0 - 26-05-2024 *\/\n.elementor-widget-divider{--divider-border-style:none;--divider-border-width:1px;--divider-color:#0c0d0e;--divider-icon-size:20px;--divider-element-spacing:10px;--divider-pattern-height:24px;--divider-pattern-size:20px;--divider-pattern-url:none;--divider-pattern-repeat:repeat-x}.elementor-widget-divider .elementor-divider{display:flex}.elementor-widget-divider .elementor-divider__text{font-size:15px;line-height:1;max-width:95%}.elementor-widget-divider .elementor-divider__element{margin:0 var(--divider-element-spacing);flex-shrink:0}.elementor-widget-divider .elementor-icon{font-size:var(--divider-icon-size)}.elementor-widget-divider .elementor-divider-separator{display:flex;margin:0;direction:ltr}.elementor-widget-divider--view-line_icon .elementor-divider-separator,.elementor-widget-divider--view-line_text .elementor-divider-separator{align-items:center}.elementor-widget-divider--view-line_icon .elementor-divider-separator:after,.elementor-widget-divider--view-line_icon .elementor-divider-separator:before,.elementor-widget-divider--view-line_text .elementor-divider-separator:after,.elementor-widget-divider--view-line_text .elementor-divider-separator:before{display:block;content:\"\";border-block-end:0;flex-grow:1;border-block-start:var(--divider-border-width) var(--divider-border-style) var(--divider-color)}.elementor-widget-divider--element-align-left .elementor-divider .elementor-divider-separator>.elementor-divider__svg:first-of-type{flex-grow:0;flex-shrink:100}.elementor-widget-divider--element-align-left .elementor-divider-separator:before{content:none}.elementor-widget-divider--element-align-left .elementor-divider__element{margin-left:0}.elementor-widget-divider--element-align-right .elementor-divider .elementor-divider-separator>.elementor-divider__svg:last-of-type{flex-grow:0;flex-shrink:100}.elementor-widget-divider--element-align-right .elementor-divider-separator:after{content:none}.elementor-widget-divider--element-align-right .elementor-divider__element{margin-right:0}.elementor-widget-divider--element-align-start .elementor-divider .elementor-divider-separator>.elementor-divider__svg:first-of-type{flex-grow:0;flex-shrink:100}.elementor-widget-divider--element-align-start .elementor-divider-separator:before{content:none}.elementor-widget-divider--element-align-start .elementor-divider__element{margin-inline-start:0}.elementor-widget-divider--element-align-end .elementor-divider .elementor-divider-separator>.elementor-divider__svg:last-of-type{flex-grow:0;flex-shrink:100}.elementor-widget-divider--element-align-end .elementor-divider-separator:after{content:none}.elementor-widget-divider--element-align-end .elementor-divider__element{margin-inline-end:0}.elementor-widget-divider:not(.elementor-widget-divider--view-line_text):not(.elementor-widget-divider--view-line_icon) .elementor-divider-separator{border-block-start:var(--divider-border-width) var(--divider-border-style) var(--divider-color)}.elementor-widget-divider--separator-type-pattern{--divider-border-style:none}.elementor-widget-divider--separator-type-pattern.elementor-widget-divider--view-line .elementor-divider-separator,.elementor-widget-divider--separator-type-pattern:not(.elementor-widget-divider--view-line) .elementor-divider-separator:after,.elementor-widget-divider--separator-type-pattern:not(.elementor-widget-divider--view-line) .elementor-divider-separator:before,.elementor-widget-divider--separator-type-pattern:not([class*=elementor-widget-divider--view]) .elementor-divider-separator{width:100%;min-height:var(--divider-pattern-height);-webkit-mask-size:var(--divider-pattern-size) 100%;mask-size:var(--divider-pattern-size) 100%;-webkit-mask-repeat:var(--divider-pattern-repeat);mask-repeat:var(--divider-pattern-repeat);background-color:var(--divider-color);-webkit-mask-image:var(--divider-pattern-url);mask-image:var(--divider-pattern-url)}.elementor-widget-divider--no-spacing{--divider-pattern-size:auto}.elementor-widget-divider--bg-round{--divider-pattern-repeat:round}.rtl .elementor-widget-divider .elementor-divider__text{direction:rtl}.e-con-inner>.elementor-widget-divider,.e-con>.elementor-widget-divider{width:var(--container-widget-width,100%);--flex-grow:var(--container-widget-flex-grow)}<\/style>\t\t<div class=\"elementor-divider\">\n\t\t\t<span class=\"elementor-divider-separator\">\n\t\t\t\t\t\t<\/span>\n\t\t<\/div>\n\t\t\t\t<\/div>\n\t\t\t\t<\/div>\n\t\t\t\t<div class=\"elementor-element elementor-element-24a6397 wpr-grid-columns-1 wpr-grid-columns--tablet2 wpr-grid-columns--mobile1 wpr-grid-pagination-center wpr-item-styles-inner elementor-widget elementor-widget-wpr-grid\" data-id=\"24a6397\" data-element_type=\"widget\" data-widget_type=\"wpr-grid.default\">\n\t\t\t\t<div class=\"elementor-widget-container\">\n\t\t\t<ul class=\"wpr-grid-filters elementor-clearfix wpr-grid-filters-sep-right\"><li class=\"wpr-pointer-none wpr-pointer-line-fx wpr-pointer-fx-none\"><span data-filter=\"*\" class=\"wpr-active-filter\">All Posts<\/span><em class=\"wpr-grid-filters-sep\"><\/em><\/li><li class=\"wpr-pointer-none wpr-pointer-line-fx wpr-pointer-fx-none\"><span  data-filter=\".category-entrevistas\">Interviews<\/span><em class=\"wpr-grid-filters-sep\"><\/em><\/li><\/ul><section class=\"wpr-grid elementor-clearfix\" data-settings=\"{&quot;layout&quot;:&quot;list&quot;,&quot;stick_last_element_to_bottom&quot;:&quot;no&quot;,&quot;columns_desktop&quot;:&quot;1&quot;,&quot;gutter_hr&quot;:15,&quot;gutter_hr_mobile&quot;:15,&quot;gutter_hr_mobile_extra&quot;:15,&quot;gutter_hr_tablet&quot;:15,&quot;gutter_hr_tablet_extra&quot;:15,&quot;gutter_hr_laptop&quot;:15,&quot;gutter_hr_widescreen&quot;:15,&quot;gutter_vr&quot;:15,&quot;gutter_vr_mobile&quot;:15,&quot;gutter_vr_mobile_extra&quot;:15,&quot;gutter_vr_tablet&quot;:15,&quot;gutter_vr_tablet_extra&quot;:15,&quot;gutter_vr_laptop&quot;:15,&quot;gutter_vr_widescreen&quot;:15,&quot;animation&quot;:&quot;default&quot;,&quot;animation_duration&quot;:0.3,&quot;animation_delay&quot;:0.1,&quot;deeplinking&quot;:&quot;&quot;,&quot;filters_linkable&quot;:&quot;no&quot;,&quot;filters_default_filter&quot;:&quot;&quot;,&quot;filters_count&quot;:&quot;&quot;,&quot;filters_hide_empty&quot;:&quot;no&quot;,&quot;filters_animation&quot;:&quot;default&quot;,&quot;filters_animation_duration&quot;:0.3,&quot;filters_animation_delay&quot;:0.1,&quot;pagination_type&quot;:&quot;load-more&quot;,&quot;pagination_max_pages&quot;:3,&quot;media_align&quot;:&quot;left&quot;,&quot;media_width&quot;:38,&quot;media_distance&quot;:20,&quot;lightbox&quot;:{&quot;selector&quot;:&quot;.wpr-grid-image-wrap&quot;,&quot;iframeMaxWidth&quot;:&quot;60%&quot;,&quot;hash&quot;:false,&quot;autoplay&quot;:&quot;true&quot;,&quot;pause&quot;:5000,&quot;progressBar&quot;:&quot;true&quot;,&quot;counter&quot;:&quot;true&quot;,&quot;controls&quot;:&quot;true&quot;,&quot;getCaptionFromTitleOrAlt&quot;:&quot;true&quot;,&quot;thumbnail&quot;:&quot;&quot;,&quot;showThumbByDefault&quot;:&quot;&quot;,&quot;share&quot;:&quot;&quot;,&quot;zoom&quot;:&quot;true&quot;,&quot;fullScreen&quot;:&quot;true&quot;,&quot;download&quot;:&quot;true&quot;}}\"><article class=\"wpr-grid-item elementor-clearfix post-2601 post type-post status-publish format-standard has-post-thumbnail hentry category-destacados category-entrevistas tag-destacados tag-festival-fantasia tag-in-our-blood infinite-scroll-item\"><div class=\"wpr-grid-item-inner\"><div class=\"wpr-grid-media-wrap wpr-effect-size-medium\" data-overlay-link=\"yes\"><div class=\"wpr-grid-image-wrap\" data-src=\"https:\/\/clientesbrandbits.click\/wp-content\/uploads\/2024\/07\/bear-07.png\" data-img-on-hover=\"\"  data-src-secondary=\"\"><img decoding=\"async\" data-no-lazy=\"1\" src=\"https:\/\/clientesbrandbits.click\/wp-content\/uploads\/2024\/07\/bear-07.png\" alt=\"Hablamos con el director y Cast de \u00abIn Our Blood\u00bb nuevo horror latino\" class=\"wpr-anim-timing-ease-default\"><\/div><div class=\"wpr-grid-media-hover wpr-animation-wrap\"><div class=\"wpr-grid-media-hover-bg  wpr-overlay-fade-in wpr-anim-size-large wpr-anim-timing-ease-default wpr-anim-transparency\" data-url=\"https:\/\/clientesbrandbits.click\/en\/hablamos-con-el-director-y-cast-de-in-our-blood-nuevo-horror-latino\/\"><\/div><\/div><\/div><div class=\"wpr-grid-item-below-content elementor-clearfix\"><h2 class=\"wpr-grid-item-title elementor-repeater-item-c562b1b wpr-grid-item-display-block wpr-grid-item-align-left wpr-pointer-none wpr-pointer-line-fx wpr-pointer-fx-fade\"><div class=\"inner-block\"><a target=\"_self\"  href=\"https:\/\/clientesbrandbits.click\/en\/hablamos-con-el-director-y-cast-de-in-our-blood-nuevo-horror-latino\/\">Interview with the Cast of \"In Our Blood\" new latin horror movie<\/a><\/div><\/h2><div class=\"wpr-grid-item-excerpt elementor-repeater-item-cfc1745 wpr-grid-item-display-block wpr-grid-item-align-left\"><div class=\"inner-block\"><p>En el marco del Festival Internacional de Cine de Fantas\u00eda de Montreal, tuvimos el placer de hablar con el director&hellip;<\/p><\/div><\/div><div class=\"wpr-grid-item-read-more elementor-repeater-item-861d914 wpr-grid-item-display-block wpr-grid-item-align-left\"><div class=\"inner-block\"><a target=\"_self\" href=\"https:\/\/clientesbrandbits.click\/en\/hablamos-con-el-director-y-cast-de-in-our-blood-nuevo-horror-latino\/\" class=\"wpr-button-effect wpr-button-none\"><span>Read More<\/span><\/a><\/div><\/div><div class=\"wpr-grid-item-separator elementor-repeater-item-831439c wpr-grid-item-display-block wpr-grid-item-align-left wpr-grid-sep-style-1\"><div class=\"inner-block\"><span><\/span><\/div><\/div><\/div><\/div><\/article><article class=\"wpr-grid-item elementor-clearfix post-2605 post type-post status-publish format-standard has-post-thumbnail hentry category-entrevistas category-films tag-didi tag-shelter infinite-scroll-item\"><div class=\"wpr-grid-item-inner\"><div class=\"wpr-grid-media-wrap wpr-effect-size-medium\" data-overlay-link=\"yes\"><div class=\"wpr-grid-image-wrap\" data-src=\"https:\/\/clientesbrandbits.click\/wp-content\/uploads\/2024\/07\/Didi-1200-1200-675-675-crop-000000.jpg\" data-img-on-hover=\"\"  data-src-secondary=\"\"><img decoding=\"async\" data-no-lazy=\"1\" src=\"https:\/\/clientesbrandbits.click\/wp-content\/uploads\/2024\/07\/Didi-1200-1200-675-675-crop-000000.jpg\" alt=\"Estuvimos con el director y Cast de \u201cDidi\u201d\" class=\"wpr-anim-timing-ease-default\"><\/div><div class=\"wpr-grid-media-hover wpr-animation-wrap\"><div class=\"wpr-grid-media-hover-bg  wpr-overlay-fade-in wpr-anim-size-large wpr-anim-timing-ease-default wpr-anim-transparency\" data-url=\"https:\/\/clientesbrandbits.click\/en\/estuvimos-con-el-director-y-cast-de-didi\/\"><\/div><\/div><\/div><div class=\"wpr-grid-item-below-content elementor-clearfix\"><h2 class=\"wpr-grid-item-title elementor-repeater-item-c562b1b wpr-grid-item-display-block wpr-grid-item-align-left wpr-pointer-none wpr-pointer-line-fx wpr-pointer-fx-fade\"><div class=\"inner-block\"><a target=\"_self\"  href=\"https:\/\/clientesbrandbits.click\/en\/estuvimos-con-el-director-y-cast-de-didi\/\">Estuvimos con el director y Cast de \u201cDidi\u201d<\/a><\/div><\/h2><div class=\"wpr-grid-item-excerpt elementor-repeater-item-cfc1745 wpr-grid-item-display-block wpr-grid-item-align-left\"><div class=\"inner-block\"><p>\u00abDidi\u00bb poco a poco y m\u00e1s desde el boca a boca ha comenzado a ganar popularidad. Un Coming of Age&hellip;<\/p><\/div><\/div><div class=\"wpr-grid-item-read-more elementor-repeater-item-861d914 wpr-grid-item-display-block wpr-grid-item-align-left\"><div class=\"inner-block\"><a target=\"_self\" href=\"https:\/\/clientesbrandbits.click\/en\/estuvimos-con-el-director-y-cast-de-didi\/\" class=\"wpr-button-effect wpr-button-none\"><span>Read More<\/span><\/a><\/div><\/div><div class=\"wpr-grid-item-separator elementor-repeater-item-831439c wpr-grid-item-display-block wpr-grid-item-align-left wpr-grid-sep-style-1\"><div class=\"inner-block\"><span><\/span><\/div><\/div><\/div><\/div><\/article><article class=\"wpr-grid-item elementor-clearfix post-2398 post type-post status-publish format-standard has-post-thumbnail hentry category-destacados category-entrevistas category-mujeres-en-la-industria tag-destacados tag-maria-ignacia-soto-aguilar tag-the-bear infinite-scroll-item\"><div class=\"wpr-grid-item-inner\"><div class=\"wpr-grid-media-wrap wpr-effect-size-medium\" data-overlay-link=\"yes\"><div class=\"wpr-grid-image-wrap\" data-src=\"https:\/\/clientesbrandbits.click\/wp-content\/uploads\/2024\/07\/file.png\" data-img-on-hover=\"\"  data-src-secondary=\"\"><img decoding=\"async\" data-no-lazy=\"1\" src=\"https:\/\/clientesbrandbits.click\/wp-content\/uploads\/2024\/07\/file.png\" alt=\"Hablamos con Mar\u00eda Ignacia Soto-Aguilar, chilena nominada al Emmy por \u00abThe Bear\u00bb\" class=\"wpr-anim-timing-ease-default\"><\/div><div class=\"wpr-grid-media-hover wpr-animation-wrap\"><div class=\"wpr-grid-media-hover-bg  wpr-overlay-fade-in wpr-anim-size-large wpr-anim-timing-ease-default wpr-anim-transparency\" data-url=\"https:\/\/clientesbrandbits.click\/en\/chilena-nominada-al-emmy-por-the-bear\/\"><\/div><\/div><\/div><div class=\"wpr-grid-item-below-content elementor-clearfix\"><h2 class=\"wpr-grid-item-title elementor-repeater-item-c562b1b wpr-grid-item-display-block wpr-grid-item-align-left wpr-pointer-none wpr-pointer-line-fx wpr-pointer-fx-fade\"><div class=\"inner-block\"><a target=\"_self\"  href=\"https:\/\/clientesbrandbits.click\/en\/chilena-nominada-al-emmy-por-the-bear\/\">Hablamos con Mar\u00eda Ignacia Soto-Aguilar, chilena nominada al Emmy por \u00abThe Bear\u00bb<\/a><\/div><\/h2><div class=\"wpr-grid-item-excerpt elementor-repeater-item-cfc1745 wpr-grid-item-display-block wpr-grid-item-align-left\"><div class=\"inner-block\"><p>La conversaci\u00f3n que tuvimos con Mar\u00eda Ignacia Soto-Aguilar fue fluida y prolongada, de esas entrevistas que no quieres que termine&hellip;<\/p><\/div><\/div><div class=\"wpr-grid-item-read-more elementor-repeater-item-861d914 wpr-grid-item-display-block wpr-grid-item-align-left\"><div class=\"inner-block\"><a target=\"_self\" href=\"https:\/\/clientesbrandbits.click\/en\/chilena-nominada-al-emmy-por-the-bear\/\" class=\"wpr-button-effect wpr-button-none\"><span>Read More<\/span><\/a><\/div><\/div><div class=\"wpr-grid-item-separator elementor-repeater-item-831439c wpr-grid-item-display-block wpr-grid-item-align-left wpr-grid-sep-style-1\"><div class=\"inner-block\"><span><\/span><\/div><\/div><\/div><\/div><\/article><article class=\"wpr-grid-item elementor-clearfix post-1851 post type-post status-publish format-standard has-post-thumbnail hentry category-destacados category-entrevistas category-festivales-de-cine tag-festival-de-cine-de-tribeca tag-tribeca infinite-scroll-item\"><div class=\"wpr-grid-item-inner\"><div class=\"wpr-grid-media-wrap wpr-effect-size-medium\" data-overlay-link=\"yes\"><div class=\"wpr-grid-image-wrap\" data-src=\"https:\/\/clientesbrandbits.click\/wp-content\/uploads\/2024\/06\/full_DIRTY_TOWEL-Clean-16x9-03.png\" data-img-on-hover=\"\"  data-src-secondary=\"\"><img decoding=\"async\" data-no-lazy=\"1\" src=\"https:\/\/clientesbrandbits.click\/wp-content\/uploads\/2024\/06\/full_DIRTY_TOWEL-Clean-16x9-03.png\" alt=\"Tribeca:  Entrevista Cast y Crew \u201cDirty Towel\u201d\" class=\"wpr-anim-timing-ease-default\"><\/div><div class=\"wpr-grid-media-hover wpr-animation-wrap\"><div class=\"wpr-grid-media-hover-bg  wpr-overlay-fade-in wpr-anim-size-large wpr-anim-timing-ease-default wpr-anim-transparency\" data-url=\"https:\/\/clientesbrandbits.click\/en\/tribeca-entrevista-cast-and-crew-dirty-towel\/\"><\/div><\/div><\/div><div class=\"wpr-grid-item-below-content elementor-clearfix\"><h2 class=\"wpr-grid-item-title elementor-repeater-item-c562b1b wpr-grid-item-display-block wpr-grid-item-align-left wpr-pointer-none wpr-pointer-line-fx wpr-pointer-fx-fade\"><div class=\"inner-block\"><a target=\"_self\"  href=\"https:\/\/clientesbrandbits.click\/en\/tribeca-entrevista-cast-and-crew-dirty-towel\/\">Tribeca: Entrevista Cast y Crew \u201cDirty Towel\u201d<\/a><\/div><\/h2><div class=\"wpr-grid-item-excerpt elementor-repeater-item-cfc1745 wpr-grid-item-display-block wpr-grid-item-align-left\"><div class=\"inner-block\"><p>El Festival de cine de Tribeca no solo ha tra\u00eddo largometrajes, los cortos presentes en el lugar han sido parte&hellip;<\/p><\/div><\/div><div class=\"wpr-grid-item-read-more elementor-repeater-item-861d914 wpr-grid-item-display-block wpr-grid-item-align-left\"><div class=\"inner-block\"><a target=\"_self\" href=\"https:\/\/clientesbrandbits.click\/en\/tribeca-entrevista-cast-and-crew-dirty-towel\/\" class=\"wpr-button-effect wpr-button-none\"><span>Read More<\/span><\/a><\/div><\/div><div class=\"wpr-grid-item-separator elementor-repeater-item-831439c wpr-grid-item-display-block wpr-grid-item-align-left wpr-grid-sep-style-1\"><div class=\"inner-block\"><span><\/span><\/div><\/div><\/div><\/div><\/article><article class=\"wpr-grid-item elementor-clearfix post-1769 post type-post status-publish format-standard has-post-thumbnail hentry category-destacados category-entrevistas tag-festival-de-cine-de-tribeca tag-tribeca infinite-scroll-item\"><div class=\"wpr-grid-item-inner\"><div class=\"wpr-grid-media-wrap wpr-effect-size-medium\" data-overlay-link=\"yes\"><div class=\"wpr-grid-image-wrap\" data-src=\"https:\/\/clientesbrandbits.click\/wp-content\/uploads\/2024\/06\/WhatsApp-Image-2024-06-10-at-13.12.14.jpeg\" data-img-on-hover=\"\"  data-src-secondary=\"\"><img decoding=\"async\" data-no-lazy=\"1\" src=\"https:\/\/clientesbrandbits.click\/wp-content\/uploads\/2024\/06\/WhatsApp-Image-2024-06-10-at-13.12.14.jpeg\" alt=\"Entrevista a Celina Murga y Joaqu\u00edn Furriel por \u201cEl aroma del pasto reci\u00e9n cortado\u201d\" class=\"wpr-anim-timing-ease-default\"><\/div><div class=\"wpr-grid-media-hover wpr-animation-wrap\"><div class=\"wpr-grid-media-hover-bg  wpr-overlay-fade-in wpr-anim-size-large wpr-anim-timing-ease-default wpr-anim-transparency\" data-url=\"https:\/\/clientesbrandbits.click\/en\/entrevista-a-cecilia-murga-y-joaquin-furriel-por-el-aroma-del-pasto-recien-cortado\/\"><\/div><\/div><\/div><div class=\"wpr-grid-item-below-content elementor-clearfix\"><h2 class=\"wpr-grid-item-title elementor-repeater-item-c562b1b wpr-grid-item-display-block wpr-grid-item-align-left wpr-pointer-none wpr-pointer-line-fx wpr-pointer-fx-fade\"><div class=\"inner-block\"><a target=\"_self\"  href=\"https:\/\/clientesbrandbits.click\/en\/entrevista-a-cecilia-murga-y-joaquin-furriel-por-el-aroma-del-pasto-recien-cortado\/\">\"Freshly Cut Grass\":Interview with Celina Murga and Joaqu\u00edn Furriel<\/a><\/div><\/h2><div class=\"wpr-grid-item-excerpt elementor-repeater-item-cfc1745 wpr-grid-item-display-block wpr-grid-item-align-left\"><div class=\"inner-block\"><p>Este s\u00e1bado reci\u00e9n pasado en el marco del Festival de Cine de Tribeca de Nueva York, la directora y guionista&hellip;<\/p><\/div><\/div><div class=\"wpr-grid-item-read-more elementor-repeater-item-861d914 wpr-grid-item-display-block wpr-grid-item-align-left\"><div class=\"inner-block\"><a target=\"_self\" href=\"https:\/\/clientesbrandbits.click\/en\/entrevista-a-cecilia-murga-y-joaquin-furriel-por-el-aroma-del-pasto-recien-cortado\/\" class=\"wpr-button-effect wpr-button-none\"><span>Read More<\/span><\/a><\/div><\/div><div class=\"wpr-grid-item-separator elementor-repeater-item-831439c wpr-grid-item-display-block wpr-grid-item-align-left wpr-grid-sep-style-1\"><div class=\"inner-block\"><span><\/span><\/div><\/div><\/div><\/div><\/article><article class=\"wpr-grid-item elementor-clearfix post-1744 post type-post status-publish format-standard has-post-thumbnail hentry category-destacados category-entrevistas infinite-scroll-item\"><div class=\"wpr-grid-item-inner\"><div class=\"wpr-grid-media-wrap wpr-effect-size-medium\" data-overlay-link=\"yes\"><div class=\"wpr-grid-image-wrap\" data-src=\"https:\/\/clientesbrandbits.click\/wp-content\/uploads\/2024\/06\/Jagna.jpg\" data-img-on-hover=\"\"  data-src-secondary=\"\"><img decoding=\"async\" data-no-lazy=\"1\" src=\"https:\/\/clientesbrandbits.click\/wp-content\/uploads\/2024\/06\/Jagna.jpg\" alt=\"Entrevista a Mayra Hernandez, la artista detr\u00e1s de \u2018La vida de Jagna\u2019\" class=\"wpr-anim-timing-ease-default\"><\/div><div class=\"wpr-grid-media-hover wpr-animation-wrap\"><div class=\"wpr-grid-media-hover-bg  wpr-overlay-fade-in wpr-anim-size-large wpr-anim-timing-ease-default wpr-anim-transparency\" data-url=\"https:\/\/clientesbrandbits.click\/en\/entrevista-a-mayra-hernandez-la-artista-detras-de-la-vida-de-jagna\/\"><\/div><\/div><\/div><div class=\"wpr-grid-item-below-content elementor-clearfix\"><h2 class=\"wpr-grid-item-title elementor-repeater-item-c562b1b wpr-grid-item-display-block wpr-grid-item-align-left wpr-pointer-none wpr-pointer-line-fx wpr-pointer-fx-fade\"><div class=\"inner-block\"><a target=\"_self\"  href=\"https:\/\/clientesbrandbits.click\/en\/entrevista-a-mayra-hernandez-la-artista-detras-de-la-vida-de-jagna\/\">Entrevista a Mayra Hernandez, la artista detr\u00e1s de \u2018La vida de Jagna\u2019<\/a><\/div><\/h2><div class=\"wpr-grid-item-excerpt elementor-repeater-item-cfc1745 wpr-grid-item-display-block wpr-grid-item-align-left\"><div class=\"inner-block\"><p>En un mundo donde el arte y la tecnolog\u00eda se entrelazan, nos encontramos con Mayra Hern\u00e1ndez, una talentosa artista mexicana&hellip;<\/p><\/div><\/div><div class=\"wpr-grid-item-read-more elementor-repeater-item-861d914 wpr-grid-item-display-block wpr-grid-item-align-left\"><div class=\"inner-block\"><a target=\"_self\" href=\"https:\/\/clientesbrandbits.click\/en\/entrevista-a-mayra-hernandez-la-artista-detras-de-la-vida-de-jagna\/\" class=\"wpr-button-effect wpr-button-none\"><span>Read More<\/span><\/a><\/div><\/div><div class=\"wpr-grid-item-separator elementor-repeater-item-831439c wpr-grid-item-display-block wpr-grid-item-align-left wpr-grid-sep-style-1\"><div class=\"inner-block\"><span><\/span><\/div><\/div><\/div><\/div><\/article><article class=\"wpr-grid-item elementor-clearfix post-1579 post type-post status-publish format-standard has-post-thumbnail hentry category-destacados category-entrevistas tag-entrevista-pablo-berger tag-robot-dreams infinite-scroll-item\"><div class=\"wpr-grid-item-inner\"><div class=\"wpr-grid-media-wrap wpr-effect-size-medium\" data-overlay-link=\"yes\"><div class=\"wpr-grid-image-wrap\" data-src=\"https:\/\/clientesbrandbits.click\/wp-content\/uploads\/2024\/05\/pablo-berger.jpg\" data-img-on-hover=\"\"  data-src-secondary=\"\"><img decoding=\"async\" data-no-lazy=\"1\" src=\"https:\/\/clientesbrandbits.click\/wp-content\/uploads\/2024\/05\/pablo-berger.jpg\" alt=\"Pablo Berger: \u00ab\u201cRobot Dreams\u201d es la pel\u00edcula m\u00e1s personal que he hecho\u00bb\" class=\"wpr-anim-timing-ease-default\"><\/div><div class=\"wpr-grid-media-hover wpr-animation-wrap\"><div class=\"wpr-grid-media-hover-bg  wpr-overlay-fade-in wpr-anim-size-large wpr-anim-timing-ease-default wpr-anim-transparency\" data-url=\"https:\/\/clientesbrandbits.click\/en\/pablo-berger-robot-dreams-es-la-pelicula-mas-personal-que-he-hecho\/\"><\/div><\/div><\/div><div class=\"wpr-grid-item-below-content elementor-clearfix\"><h2 class=\"wpr-grid-item-title elementor-repeater-item-c562b1b wpr-grid-item-display-block wpr-grid-item-align-left wpr-pointer-none wpr-pointer-line-fx wpr-pointer-fx-fade\"><div class=\"inner-block\"><a target=\"_self\"  href=\"https:\/\/clientesbrandbits.click\/en\/pablo-berger-robot-dreams-es-la-pelicula-mas-personal-que-he-hecho\/\">Pablo Berger: \"\"Robot Dreams\" is the most personal film than I've ever done\"<\/a><\/div><\/h2><div class=\"wpr-grid-item-excerpt elementor-repeater-item-cfc1745 wpr-grid-item-display-block wpr-grid-item-align-left\"><div class=\"inner-block\"><p>Hablamos con Pablo Berger, director y guionista de \u00abRobot Dreams\u00bb. Robot Dreams se ha convertido en una sensaci\u00f3n de grandes&hellip;<\/p><\/div><\/div><div class=\"wpr-grid-item-read-more elementor-repeater-item-861d914 wpr-grid-item-display-block wpr-grid-item-align-left\"><div class=\"inner-block\"><a target=\"_self\" href=\"https:\/\/clientesbrandbits.click\/en\/pablo-berger-robot-dreams-es-la-pelicula-mas-personal-que-he-hecho\/\" class=\"wpr-button-effect wpr-button-none\"><span>Read More<\/span><\/a><\/div><\/div><div class=\"wpr-grid-item-separator elementor-repeater-item-831439c wpr-grid-item-display-block wpr-grid-item-align-left wpr-grid-sep-style-1\"><div class=\"inner-block\"><span><\/span><\/div><\/div><\/div><\/div><\/article><article class=\"wpr-grid-item elementor-clearfix post-1732 post type-post status-publish format-standard has-post-thumbnail hentry category-entrevistas tag-american-pavilion tag-ampav tag-pabellon-americano infinite-scroll-item\"><div class=\"wpr-grid-item-inner\"><div class=\"wpr-grid-media-wrap wpr-effect-size-medium\" data-overlay-link=\"yes\"><div class=\"wpr-grid-image-wrap\" data-src=\"https:\/\/clientesbrandbits.click\/wp-content\/uploads\/2024\/06\/subtext.jpg\" data-img-on-hover=\"\"  data-src-secondary=\"\"><img decoding=\"async\" data-no-lazy=\"1\" src=\"https:\/\/clientesbrandbits.click\/wp-content\/uploads\/2024\/06\/subtext.jpg\" alt=\"Entrevista a la directora y guionista de \u00ab[Subtext]short film\u00bb en Cannes\" class=\"wpr-anim-timing-ease-default\"><\/div><div class=\"wpr-grid-media-hover wpr-animation-wrap\"><div class=\"wpr-grid-media-hover-bg  wpr-overlay-fade-in wpr-anim-size-large wpr-anim-timing-ease-default wpr-anim-transparency\" data-url=\"https:\/\/clientesbrandbits.click\/en\/entrevista-a-la-directora-y-guionista-de-subtext-en-cannesentrevista-a-la-directora-y-guionista-de-subtext-en-cannes\/\"><\/div><\/div><\/div><div class=\"wpr-grid-item-below-content elementor-clearfix\"><h2 class=\"wpr-grid-item-title elementor-repeater-item-c562b1b wpr-grid-item-display-block wpr-grid-item-align-left wpr-pointer-none wpr-pointer-line-fx wpr-pointer-fx-fade\"><div class=\"inner-block\"><a target=\"_self\"  href=\"https:\/\/clientesbrandbits.click\/en\/entrevista-a-la-directora-y-guionista-de-subtext-en-cannesentrevista-a-la-directora-y-guionista-de-subtext-en-cannes\/\">[Subtext] interview with director and screenwriter at Cannes<\/a><\/div><\/h2><div class=\"wpr-grid-item-excerpt elementor-repeater-item-cfc1745 wpr-grid-item-display-block wpr-grid-item-align-left\"><div class=\"inner-block\"><p>Estuvimos con Olivia Haller (guionista) y Erin Thomas (directora) del corto seleccionado como parte de la parrilla program\u00e1tica de \u201cEmerging&hellip;<\/p><\/div><\/div><div class=\"wpr-grid-item-read-more elementor-repeater-item-861d914 wpr-grid-item-display-block wpr-grid-item-align-left\"><div class=\"inner-block\"><a target=\"_self\" href=\"https:\/\/clientesbrandbits.click\/en\/entrevista-a-la-directora-y-guionista-de-subtext-en-cannesentrevista-a-la-directora-y-guionista-de-subtext-en-cannes\/\" class=\"wpr-button-effect wpr-button-none\"><span>Read More<\/span><\/a><\/div><\/div><div class=\"wpr-grid-item-separator elementor-repeater-item-831439c wpr-grid-item-display-block wpr-grid-item-align-left wpr-grid-sep-style-1\"><div class=\"inner-block\"><span><\/span><\/div><\/div><\/div><\/div><\/article><article class=\"wpr-grid-item elementor-clearfix post-1542 post type-post status-publish format-standard has-post-thumbnail hentry category-destacados category-entrevistas tag-destacados tag-festival-de-cannes infinite-scroll-item\"><div class=\"wpr-grid-item-inner\"><div class=\"wpr-grid-media-wrap wpr-effect-size-medium\" data-overlay-link=\"yes\"><div class=\"wpr-grid-image-wrap\" data-src=\"https:\/\/clientesbrandbits.click\/wp-content\/uploads\/2024\/05\/IMG_0224.jpg\" data-img-on-hover=\"\"  data-src-secondary=\"\"><img decoding=\"async\" data-no-lazy=\"1\" src=\"https:\/\/clientesbrandbits.click\/wp-content\/uploads\/2024\/05\/IMG_0224.jpg\" alt=\"Hito de Cannes: Entrevistamos a Richard Gere y Paul Schrader\" class=\"wpr-anim-timing-ease-default\"><\/div><div class=\"wpr-grid-media-hover wpr-animation-wrap\"><div class=\"wpr-grid-media-hover-bg  wpr-overlay-fade-in wpr-anim-size-large wpr-anim-timing-ease-default wpr-anim-transparency\" data-url=\"https:\/\/clientesbrandbits.click\/en\/hito-de-cannes-entrevistamos-a-richard-gere-y-paul-schrader\/\"><\/div><\/div><\/div><div class=\"wpr-grid-item-below-content elementor-clearfix\"><h2 class=\"wpr-grid-item-title elementor-repeater-item-c562b1b wpr-grid-item-display-block wpr-grid-item-align-left wpr-pointer-none wpr-pointer-line-fx wpr-pointer-fx-fade\"><div class=\"inner-block\"><a target=\"_self\"  href=\"https:\/\/clientesbrandbits.click\/en\/hito-de-cannes-entrevistamos-a-richard-gere-y-paul-schrader\/\">Landmark of Cannes: we Interviewed Richard Gere and Paul Schrader<\/a><\/div><\/h2><div class=\"wpr-grid-item-excerpt elementor-repeater-item-cfc1745 wpr-grid-item-display-block wpr-grid-item-align-left\"><div class=\"inner-block\"><p>El Festival de Cannes nos entrega una programaci\u00f3n incre\u00edble todos los a\u00f1os, la competencia oficial y secciones paralelas hacen interminables&hellip;<\/p><\/div><\/div><div class=\"wpr-grid-item-read-more elementor-repeater-item-861d914 wpr-grid-item-display-block wpr-grid-item-align-left\"><div class=\"inner-block\"><a target=\"_self\" href=\"https:\/\/clientesbrandbits.click\/en\/hito-de-cannes-entrevistamos-a-richard-gere-y-paul-schrader\/\" class=\"wpr-button-effect wpr-button-none\"><span>Read More<\/span><\/a><\/div><\/div><div class=\"wpr-grid-item-separator elementor-repeater-item-831439c wpr-grid-item-display-block wpr-grid-item-align-left wpr-grid-sep-style-1\"><div class=\"inner-block\"><span><\/span><\/div><\/div><\/div><\/div><\/article><\/section><div class=\"wpr-grid-pagination elementor-clearfix wpr-grid-pagination-load-more\"><a href=\"https:\/\/clientesbrandbits.click\/en\/wp-json\/wp\/v2\/pages\/68\/page\/2\/\" class=\"wpr-load-more-btn\" data-e-disable-page-transition>Load More<\/a><div class=\"wpr-pagination-loading\"><div class=\"wpr-double-bounce\"><div class=\"wpr-child wpr-double-bounce1\"><\/div><div class=\"wpr-child wpr-double-bounce2\"><\/div><\/div><\/div><p class=\"wpr-pagination-finish\">End of content<\/p><\/div>\t\t<\/div>\n\t\t\t\t<\/div>\n\t\t\t\t<\/div>\n\t\t<div class=\"elementor-element elementor-element-db17283 e-con-full elementor-hidden-tablet elementor-hidden-mobile e-flex wpr-particle-no wpr-jarallax-no wpr-parallax-no wpr-sticky-section-no e-con e-child\" data-id=\"db17283\" data-element_type=\"container\">\n\t\t\t\t<div class=\"elementor-element elementor-element-0ebe5de elementor-widget elementor-widget-heading\" data-id=\"0ebe5de\" data-element_type=\"widget\" data-widget_type=\"heading.default\">\n\t\t\t\t<div class=\"elementor-widget-container\">\n\t\t\t<h3 class=\"elementor-heading-title elementor-size-default\">Recent posts<\/h3>\t\t<\/div>\n\t\t\t\t<\/div>\n\t\t\t\t<div class=\"elementor-element elementor-element-77afed4 elementor-widget elementor-widget-sidebar\" data-id=\"77afed4\" data-element_type=\"widget\" data-widget_type=\"sidebar.default\">\n\t\t\t\t<div class=\"elementor-widget-container\">\n\t\t\t<aside id=\"recent-posts-widget-with-thumbnails-2\" class=\"widget inner-padding recent-posts-widget-with-thumbnails\">\n<div id=\"rpwwt-recent-posts-widget-with-thumbnails-2\" class=\"rpwwt-widget\">\r\n<h2 class=\"widget-title\">Last notes<\/h2>\n\t<ul>\r\n\t\t<li><a href=\"https:\/\/clientesbrandbits.click\/en\/llego-a-netflix-el-documental-ganador-del-oscar\/\"><img decoding=\"async\" width=\"75\" height=\"75\" src=\"https:\/\/clientesbrandbits.click\/wp-content\/uploads\/2024\/07\/maripul-150x150.jpg\" class=\"attachment-75x75 size-75x75 wp-post-image\" alt=\"\" \/><span class=\"rpwwt-post-title\">Lleg\u00f3 a Netflix el documental ganador del Oscar<\/span><\/a><div class=\"rpwwt-post-date\">2 de August de 2024<\/div><\/li>\r\n\t\t<li><a href=\"https:\/\/clientesbrandbits.click\/en\/en-agosto-mubi-estrena-caminos-cruzados-y-presenta-sus-especiales\/\"><img decoding=\"async\" width=\"75\" height=\"75\" src=\"https:\/\/clientesbrandbits.click\/wp-content\/uploads\/2024\/07\/CROSSING-2-150x150.jpg\" class=\"attachment-75x75 size-75x75 wp-post-image\" alt=\"\" \/><span class=\"rpwwt-post-title\">En agosto Mubi presenta sus especiales<\/span><\/a><div class=\"rpwwt-post-date\">1 de August de 2024<\/div><\/li>\r\n\t\t<li><a href=\"https:\/\/clientesbrandbits.click\/en\/aun-estoy-aqui-pelicula-de-walter-estara-en-el-festival-de-venecia\/\"><img decoding=\"async\" width=\"75\" height=\"75\" src=\"https:\/\/clientesbrandbits.click\/wp-content\/uploads\/2024\/08\/Walter-Salles-1-150x150.jpg\" class=\"attachment-75x75 size-75x75 wp-post-image\" alt=\"\" \/><span class=\"rpwwt-post-title\">\u00abA\u00fan Estoy Aqu\u00ed\u00bb: Pel\u00edcula de Walter estar\u00e1 en el festi&hellip;<\/span><\/a><div class=\"rpwwt-post-date\">1 de August de 2024<\/div><\/li>\r\n\t\t<li><a href=\"https:\/\/clientesbrandbits.click\/en\/hablamos-con-el-director-y-cast-de-in-our-blood-nuevo-horror-latino\/\"><img loading=\"lazy\" decoding=\"async\" width=\"75\" height=\"75\" src=\"https:\/\/clientesbrandbits.click\/wp-content\/uploads\/2024\/07\/bear-07-150x150.png\" class=\"attachment-75x75 size-75x75 wp-post-image\" alt=\"\" \/><span class=\"rpwwt-post-title\">Hablamos con el director y Cast de \u00abIn Our Blood\u00bb nuevo&hellip;<\/span><\/a><div class=\"rpwwt-post-date\">31 de July de 2024<\/div><\/li>\r\n\t\t<li><a href=\"https:\/\/clientesbrandbits.click\/en\/conoce-a-los-protagonistas-de-la-banda-de-asaltantes-de-el-fantasma\/\"><img loading=\"lazy\" decoding=\"async\" width=\"75\" height=\"75\" src=\"https:\/\/clientesbrandbits.click\/wp-content\/uploads\/2024\/07\/Dario-Lopitalo-Willy-Semler-1024x429-1-150x150.jpg\" class=\"attachment-75x75 size-75x75 wp-post-image\" alt=\"\" \/><span class=\"rpwwt-post-title\">Conoce a los protagonistas de la  banda de asaltantes d&hellip;<\/span><\/a><div class=\"rpwwt-post-date\">31 de July de 2024<\/div><\/li>\r\n\t<\/ul>\r\n<\/div><!-- .rpwwt-widget -->\r\n<\/aside><aside id=\"text-2\" class=\"widget inner-padding widget_text\">\t\t\t<div class=\"textwidget\"><\/div>\n\t\t<\/aside>\t\t<\/div>\n\t\t\t\t<\/div>\n\t\t\t\t<\/div>\n\t\t\t\t\t<\/div>\n\t\t\t\t<\/div>\n\t\t\t\t<\/div>","protected":false},"excerpt":{"rendered":"<p>Entrevistas All Posts Entrevistas Pablo Berger: &#8220;\u201cRobot Dreams\u201d es la pel\u00edcula m\u00e1s personal que he hecho&#8221; Hablamos con Pablo Berger, director y guionista de &#8220;Robot Dreams&#8221;. Robot Dreams se ha convertido en una sensaci\u00f3n de grandes&hellip; Leer M\u00e1s Hito de &#8230; <a title=\"Conoce a los protagonistas de la  banda de asaltantes de \u00abEl Fantasma\u00bb\" class=\"read-more\" href=\"https:\/\/clientesbrandbits.click\/en\/conoce-a-los-protagonistas-de-la-banda-de-asaltantes-de-el-fantasma\/\" aria-label=\"Read more about Conoce a los protagonistas de la  banda de asaltantes de \u00abEl Fantasma\u00bb\">Read More<\/a><\/p>","protected":false},"author":1,"featured_media":0,"parent":0,"menu_order":0,"comment_status":"closed","ping_status":"closed","template":"","meta":{"_joinchat":[],"footnotes":""},"class_list":["post-68","page","type-page","status-publish","hentry","infinite-scroll-item"],"yoast_head":"<!-- This site is optimized with the Yoast SEO plugin v22.8 - https:\/\/yoast.com\/wordpress\/plugins\/seo\/ -->\n<title>Entrevistas - Spanglish Cinema<\/title>\n<meta name=\"robots\" content=\"index, follow, max-snippet:-1, max-image-preview:large, max-video-preview:-1\" \/>\n<link rel=\"canonical\" href=\"https:\/\/clientesbrandbits.click\/en\/entrevistas\/\" \/>\n<meta property=\"og:locale\" content=\"en_US\" \/>\n<meta property=\"og:type\" content=\"article\" \/>\n<meta property=\"og:title\" content=\"Entrevistas - Spanglish Cinema\" \/>\n<meta property=\"og:description\" content=\"Entrevistas All Posts Entrevistas Pablo Berger: &#8220;\u201cRobot Dreams\u201d es la pel\u00edcula m\u00e1s personal que he hecho&#8221; Hablamos con Pablo Berger, director y guionista de &#8220;Robot Dreams&#8221;. Robot Dreams se ha convertido en una sensaci\u00f3n de grandes&hellip; Leer M\u00e1s Hito de ... Leer M\u00e1s\" \/>\n<meta property=\"og:url\" content=\"https:\/\/clientesbrandbits.click\/en\/entrevistas\/\" \/>\n<meta property=\"og:site_name\" content=\"Spanglish Cinema\" \/>\n<meta property=\"article:modified_time\" content=\"2024-06-03T16:51:12+00:00\" \/>\n<meta property=\"og:image\" content=\"https:\/\/clientesbrandbits.click\/wp-content\/uploads\/2024\/05\/pablo-berger.jpg\" \/>\n<meta name=\"twitter:card\" content=\"summary_large_image\" \/>\n<meta name=\"twitter:label1\" content=\"Est. reading time\" \/>\n\t<meta name=\"twitter:data1\" content=\"5 minutes\" \/>\n<script type=\"application\/ld+json\" class=\"yoast-schema-graph\">{\"@context\":\"https:\/\/schema.org\",\"@graph\":[{\"@type\":\"WebPage\",\"@id\":\"https:\/\/clientesbrandbits.click\/entrevistas\/\",\"url\":\"https:\/\/clientesbrandbits.click\/entrevistas\/\",\"name\":\"Entrevistas - Spanglish Cinema\",\"isPartOf\":{\"@id\":\"https:\/\/clientesbrandbits.click\/#website\"},\"primaryImageOfPage\":{\"@id\":\"https:\/\/clientesbrandbits.click\/entrevistas\/#primaryimage\"},\"image\":{\"@id\":\"https:\/\/clientesbrandbits.click\/entrevistas\/#primaryimage\"},\"thumbnailUrl\":\"https:\/\/clientesbrandbits.click\/wp-content\/uploads\/2024\/05\/pablo-berger.jpg\",\"datePublished\":\"2024-03-18T22:45:19+00:00\",\"dateModified\":\"2024-06-03T16:51:12+00:00\",\"breadcrumb\":{\"@id\":\"https:\/\/clientesbrandbits.click\/entrevistas\/#breadcrumb\"},\"inLanguage\":\"en-US\",\"potentialAction\":[{\"@type\":\"ReadAction\",\"target\":[\"https:\/\/clientesbrandbits.click\/entrevistas\/\"]}]},{\"@type\":\"ImageObject\",\"inLanguage\":\"en-US\",\"@id\":\"https:\/\/clientesbrandbits.click\/entrevistas\/#primaryimage\",\"url\":\"https:\/\/clientesbrandbits.click\/wp-content\/uploads\/2024\/05\/pablo-berger.jpg\",\"contentUrl\":\"https:\/\/clientesbrandbits.click\/wp-content\/uploads\/2024\/05\/pablo-berger.jpg\"},{\"@type\":\"BreadcrumbList\",\"@id\":\"https:\/\/clientesbrandbits.click\/entrevistas\/#breadcrumb\",\"itemListElement\":[{\"@type\":\"ListItem\",\"position\":1,\"name\":\"Portada\",\"item\":\"https:\/\/clientesbrandbits.click\/\"},{\"@type\":\"ListItem\",\"position\":2,\"name\":\"Entrevistas\"}]},{\"@type\":\"WebSite\",\"@id\":\"https:\/\/clientesbrandbits.click\/#website\",\"url\":\"https:\/\/clientesbrandbits.click\/\",\"name\":\"Spanglish Cinema\",\"description\":\"\",\"publisher\":{\"@id\":\"https:\/\/clientesbrandbits.click\/#organization\"},\"potentialAction\":[{\"@type\":\"SearchAction\",\"target\":{\"@type\":\"EntryPoint\",\"urlTemplate\":\"https:\/\/clientesbrandbits.click\/?s={search_term_string}\"},\"query-input\":\"required name=search_term_string\"}],\"inLanguage\":\"en-US\"},{\"@type\":\"Organization\",\"@id\":\"https:\/\/clientesbrandbits.click\/#organization\",\"name\":\"Spanglish Cinema\",\"url\":\"https:\/\/clientesbrandbits.click\/\",\"logo\":{\"@type\":\"ImageObject\",\"inLanguage\":\"en-US\",\"@id\":\"https:\/\/clientesbrandbits.click\/#\/schema\/logo\/image\/\",\"url\":\"https:\/\/clientesbrandbits.click\/wp-content\/uploads\/2024\/03\/spanglish_cinema.png\",\"contentUrl\":\"https:\/\/clientesbrandbits.click\/wp-content\/uploads\/2024\/03\/spanglish_cinema.png\",\"width\":612,\"height\":225,\"caption\":\"Spanglish Cinema\"},\"image\":{\"@id\":\"https:\/\/clientesbrandbits.click\/#\/schema\/logo\/image\/\"}}]}<\/script>\n<!-- \/ Yoast SEO plugin. -->","yoast_head_json":{"title":"Entrevistas - Spanglish Cinema","robots":{"index":"index","follow":"follow","max-snippet":"max-snippet:-1","max-image-preview":"max-image-preview:large","max-video-preview":"max-video-preview:-1"},"canonical":"https:\/\/clientesbrandbits.click\/en\/entrevistas\/","og_locale":"en_US","og_type":"article","og_title":"Entrevistas - Spanglish Cinema","og_description":"Entrevistas All Posts Entrevistas Pablo Berger: &#8220;\u201cRobot Dreams\u201d es la pel\u00edcula m\u00e1s personal que he hecho&#8221; Hablamos con Pablo Berger, director y guionista de &#8220;Robot Dreams&#8221;. Robot Dreams se ha convertido en una sensaci\u00f3n de grandes&hellip; Leer M\u00e1s Hito de ... Leer M\u00e1s","og_url":"https:\/\/clientesbrandbits.click\/en\/entrevistas\/","og_site_name":"Spanglish Cinema","article_modified_time":"2024-06-03T16:51:12+00:00","og_image":[{"url":"https:\/\/clientesbrandbits.click\/wp-content\/uploads\/2024\/05\/pablo-berger.jpg"}],"twitter_card":"summary_large_image","twitter_misc":{"Est. reading time":"5 minutes"},"schema":{"@context":"https:\/\/schema.org","@graph":[{"@type":"WebPage","@id":"https:\/\/clientesbrandbits.click\/entrevistas\/","url":"https:\/\/clientesbrandbits.click\/entrevistas\/","name":"Entrevistas - Spanglish Cinema","isPartOf":{"@id":"https:\/\/clientesbrandbits.click\/#website"},"primaryImageOfPage":{"@id":"https:\/\/clientesbrandbits.click\/entrevistas\/#primaryimage"},"image":{"@id":"https:\/\/clientesbrandbits.click\/entrevistas\/#primaryimage"},"thumbnailUrl":"https:\/\/clientesbrandbits.click\/wp-content\/uploads\/2024\/05\/pablo-berger.jpg","datePublished":"2024-03-18T22:45:19+00:00","dateModified":"2024-06-03T16:51:12+00:00","breadcrumb":{"@id":"https:\/\/clientesbrandbits.click\/entrevistas\/#breadcrumb"},"inLanguage":"en-US","potentialAction":[{"@type":"ReadAction","target":["https:\/\/clientesbrandbits.click\/entrevistas\/"]}]},{"@type":"ImageObject","inLanguage":"en-US","@id":"https:\/\/clientesbrandbits.click\/entrevistas\/#primaryimage","url":"https:\/\/clientesbrandbits.click\/wp-content\/uploads\/2024\/05\/pablo-berger.jpg","contentUrl":"https:\/\/clientesbrandbits.click\/wp-content\/uploads\/2024\/05\/pablo-berger.jpg"},{"@type":"BreadcrumbList","@id":"https:\/\/clientesbrandbits.click\/entrevistas\/#breadcrumb","itemListElement":[{"@type":"ListItem","position":1,"name":"Portada","item":"https:\/\/clientesbrandbits.click\/"},{"@type":"ListItem","position":2,"name":"Entrevistas"}]},{"@type":"WebSite","@id":"https:\/\/clientesbrandbits.click\/#website","url":"https:\/\/clientesbrandbits.click\/","name":"Spanglish Cinema","description":"","publisher":{"@id":"https:\/\/clientesbrandbits.click\/#organization"},"potentialAction":[{"@type":"SearchAction","target":{"@type":"EntryPoint","urlTemplate":"https:\/\/clientesbrandbits.click\/?s={search_term_string}"},"query-input":"required name=search_term_string"}],"inLanguage":"en-US"},{"@type":"Organization","@id":"https:\/\/clientesbrandbits.click\/#organization","name":"Spanglish Cinema","url":"https:\/\/clientesbrandbits.click\/","logo":{"@type":"ImageObject","inLanguage":"en-US","@id":"https:\/\/clientesbrandbits.click\/#\/schema\/logo\/image\/","url":"https:\/\/clientesbrandbits.click\/wp-content\/uploads\/2024\/03\/spanglish_cinema.png","contentUrl":"https:\/\/clientesbrandbits.click\/wp-content\/uploads\/2024\/03\/spanglish_cinema.png","width":612,"height":225,"caption":"Spanglish Cinema"},"image":{"@id":"https:\/\/clientesbrandbits.click\/#\/schema\/logo\/image\/"}}]}},"_links":{"self":[{"href":"https:\/\/clientesbrandbits.click\/en\/wp-json\/wp\/v2\/pages\/68"}],"collection":[{"href":"https:\/\/clientesbrandbits.click\/en\/wp-json\/wp\/v2\/pages"}],"about":[{"href":"https:\/\/clientesbrandbits.click\/en\/wp-json\/wp\/v2\/types\/page"}],"author":[{"embeddable":true,"href":"https:\/\/clientesbrandbits.click\/en\/wp-json\/wp\/v2\/users\/1"}],"replies":[{"embeddable":true,"href":"https:\/\/clientesbrandbits.click\/en\/wp-json\/wp\/v2\/comments?post=68"}],"version-history":[{"count":18,"href":"https:\/\/clientesbrandbits.click\/en\/wp-json\/wp\/v2\/pages\/68\/revisions"}],"predecessor-version":[{"id":1643,"href":"https:\/\/clientesbrandbits.click\/en\/wp-json\/wp\/v2\/pages\/68\/revisions\/1643"}],"wp:attachment":[{"href":"https:\/\/clientesbrandbits.click\/en\/wp-json\/wp\/v2\/media?parent=68"}],"curies":[{"name":"wp","href":"https:\/\/api.w.org\/{rel}","templated":true}]}}