{"id":60,"date":"2024-03-18T18:53:21","date_gmt":"2024-03-18T21:53:21","guid":{"rendered":"https:\/\/clientesbrandbits.click\/?page_id=60"},"modified":"2024-06-03T12:42:18","modified_gmt":"2024-06-03T16:42:18","slug":"premios","status":"publish","type":"page","link":"https:\/\/clientesbrandbits.click\/en\/premios\/","title":{"rendered":"Awards"},"content":{"rendered":"<div data-elementor-type=\"wp-page\" data-elementor-id=\"60\" class=\"elementor elementor-60\">\n\t\t\t\t<div class=\"elementor-element elementor-element-40e3e75 e-flex e-con-boxed wpr-particle-no wpr-jarallax-no wpr-parallax-no wpr-sticky-section-no e-con e-parent\" data-id=\"40e3e75\" data-element_type=\"container\">\n\t\t\t\t\t<div class=\"e-con-inner\">\n\t\t<div class=\"elementor-element elementor-element-ca23ce3 e-con-full e-flex wpr-particle-no wpr-jarallax-no wpr-parallax-no wpr-sticky-section-no e-con e-child\" data-id=\"ca23ce3\" data-element_type=\"container\" data-settings=\"{&quot;background_background&quot;:&quot;classic&quot;}\">\n\t\t\t\t<div class=\"elementor-element elementor-element-bd66e7d elementor-widget elementor-widget-heading\" data-id=\"bd66e7d\" data-element_type=\"widget\" data-widget_type=\"heading.default\">\n\t\t\t\t<div class=\"elementor-widget-container\">\n\t\t\t<style>\/*! elementor - v3.21.0 - 26-05-2024 *\/\n.elementor-heading-title{padding:0;margin:0;line-height:1}.elementor-widget-heading .elementor-heading-title[class*=elementor-size-]>a{color:inherit;font-size:inherit;line-height:inherit}.elementor-widget-heading .elementor-heading-title.elementor-size-small{font-size:15px}.elementor-widget-heading .elementor-heading-title.elementor-size-medium{font-size:19px}.elementor-widget-heading .elementor-heading-title.elementor-size-large{font-size:29px}.elementor-widget-heading .elementor-heading-title.elementor-size-xl{font-size:39px}.elementor-widget-heading .elementor-heading-title.elementor-size-xxl{font-size:59px}<\/style><h3 class=\"elementor-heading-title elementor-size-default\">Awards<\/h3>\t\t<\/div>\n\t\t\t\t<\/div>\n\t\t\t\t<div class=\"elementor-element elementor-element-73e11bf elementor-widget-divider--view-line elementor-widget elementor-widget-divider\" data-id=\"73e11bf\" data-element_type=\"widget\" data-widget_type=\"divider.default\">\n\t\t\t\t<div class=\"elementor-widget-container\">\n\t\t\t<style>\/*! elementor - v3.21.0 - 26-05-2024 *\/\n.elementor-widget-divider{--divider-border-style:none;--divider-border-width:1px;--divider-color:#0c0d0e;--divider-icon-size:20px;--divider-element-spacing:10px;--divider-pattern-height:24px;--divider-pattern-size:20px;--divider-pattern-url:none;--divider-pattern-repeat:repeat-x}.elementor-widget-divider .elementor-divider{display:flex}.elementor-widget-divider .elementor-divider__text{font-size:15px;line-height:1;max-width:95%}.elementor-widget-divider .elementor-divider__element{margin:0 var(--divider-element-spacing);flex-shrink:0}.elementor-widget-divider .elementor-icon{font-size:var(--divider-icon-size)}.elementor-widget-divider .elementor-divider-separator{display:flex;margin:0;direction:ltr}.elementor-widget-divider--view-line_icon .elementor-divider-separator,.elementor-widget-divider--view-line_text .elementor-divider-separator{align-items:center}.elementor-widget-divider--view-line_icon .elementor-divider-separator:after,.elementor-widget-divider--view-line_icon .elementor-divider-separator:before,.elementor-widget-divider--view-line_text .elementor-divider-separator:after,.elementor-widget-divider--view-line_text .elementor-divider-separator:before{display:block;content:\"\";border-block-end:0;flex-grow:1;border-block-start:var(--divider-border-width) var(--divider-border-style) var(--divider-color)}.elementor-widget-divider--element-align-left .elementor-divider .elementor-divider-separator>.elementor-divider__svg:first-of-type{flex-grow:0;flex-shrink:100}.elementor-widget-divider--element-align-left .elementor-divider-separator:before{content:none}.elementor-widget-divider--element-align-left .elementor-divider__element{margin-left:0}.elementor-widget-divider--element-align-right .elementor-divider .elementor-divider-separator>.elementor-divider__svg:last-of-type{flex-grow:0;flex-shrink:100}.elementor-widget-divider--element-align-right .elementor-divider-separator:after{content:none}.elementor-widget-divider--element-align-right .elementor-divider__element{margin-right:0}.elementor-widget-divider--element-align-start .elementor-divider .elementor-divider-separator>.elementor-divider__svg:first-of-type{flex-grow:0;flex-shrink:100}.elementor-widget-divider--element-align-start .elementor-divider-separator:before{content:none}.elementor-widget-divider--element-align-start .elementor-divider__element{margin-inline-start:0}.elementor-widget-divider--element-align-end .elementor-divider .elementor-divider-separator>.elementor-divider__svg:last-of-type{flex-grow:0;flex-shrink:100}.elementor-widget-divider--element-align-end .elementor-divider-separator:after{content:none}.elementor-widget-divider--element-align-end .elementor-divider__element{margin-inline-end:0}.elementor-widget-divider:not(.elementor-widget-divider--view-line_text):not(.elementor-widget-divider--view-line_icon) .elementor-divider-separator{border-block-start:var(--divider-border-width) var(--divider-border-style) var(--divider-color)}.elementor-widget-divider--separator-type-pattern{--divider-border-style:none}.elementor-widget-divider--separator-type-pattern.elementor-widget-divider--view-line .elementor-divider-separator,.elementor-widget-divider--separator-type-pattern:not(.elementor-widget-divider--view-line) .elementor-divider-separator:after,.elementor-widget-divider--separator-type-pattern:not(.elementor-widget-divider--view-line) .elementor-divider-separator:before,.elementor-widget-divider--separator-type-pattern:not([class*=elementor-widget-divider--view]) .elementor-divider-separator{width:100%;min-height:var(--divider-pattern-height);-webkit-mask-size:var(--divider-pattern-size) 100%;mask-size:var(--divider-pattern-size) 100%;-webkit-mask-repeat:var(--divider-pattern-repeat);mask-repeat:var(--divider-pattern-repeat);background-color:var(--divider-color);-webkit-mask-image:var(--divider-pattern-url);mask-image:var(--divider-pattern-url)}.elementor-widget-divider--no-spacing{--divider-pattern-size:auto}.elementor-widget-divider--bg-round{--divider-pattern-repeat:round}.rtl .elementor-widget-divider .elementor-divider__text{direction:rtl}.e-con-inner>.elementor-widget-divider,.e-con>.elementor-widget-divider{width:var(--container-widget-width,100%);--flex-grow:var(--container-widget-flex-grow)}<\/style>\t\t<div class=\"elementor-divider\">\n\t\t\t<span class=\"elementor-divider-separator\">\n\t\t\t\t\t\t<\/span>\n\t\t<\/div>\n\t\t\t\t<\/div>\n\t\t\t\t<\/div>\n\t\t\t\t<div class=\"elementor-element elementor-element-15e98fb wpr-grid-columns-1 wpr-grid-columns--tablet2 wpr-grid-columns--mobile1 wpr-grid-pagination-center wpr-item-styles-inner elementor-widget elementor-widget-wpr-grid\" data-id=\"15e98fb\" data-element_type=\"widget\" data-widget_type=\"wpr-grid.default\">\n\t\t\t\t<div class=\"elementor-widget-container\">\n\t\t\t<ul class=\"wpr-grid-filters elementor-clearfix wpr-grid-filters-sep-right\"><li class=\"wpr-pointer-none wpr-pointer-line-fx wpr-pointer-fx-none\"><span data-filter=\"*\" class=\"wpr-active-filter\">All Posts<\/span><em class=\"wpr-grid-filters-sep\"><\/em><\/li><li class=\"wpr-pointer-none wpr-pointer-line-fx wpr-pointer-fx-none\"><span  data-filter=\".category-premios\">Awards<\/span><em class=\"wpr-grid-filters-sep\"><\/em><\/li><\/ul><section class=\"wpr-grid elementor-clearfix\" data-settings=\"{&quot;layout&quot;:&quot;list&quot;,&quot;stick_last_element_to_bottom&quot;:&quot;no&quot;,&quot;columns_desktop&quot;:&quot;1&quot;,&quot;gutter_hr&quot;:15,&quot;gutter_hr_mobile&quot;:15,&quot;gutter_hr_mobile_extra&quot;:15,&quot;gutter_hr_tablet&quot;:15,&quot;gutter_hr_tablet_extra&quot;:15,&quot;gutter_hr_laptop&quot;:15,&quot;gutter_hr_widescreen&quot;:15,&quot;gutter_vr&quot;:15,&quot;gutter_vr_mobile&quot;:15,&quot;gutter_vr_mobile_extra&quot;:15,&quot;gutter_vr_tablet&quot;:15,&quot;gutter_vr_tablet_extra&quot;:15,&quot;gutter_vr_laptop&quot;:15,&quot;gutter_vr_widescreen&quot;:15,&quot;animation&quot;:&quot;default&quot;,&quot;animation_duration&quot;:0.3,&quot;animation_delay&quot;:0.1,&quot;deeplinking&quot;:&quot;&quot;,&quot;filters_linkable&quot;:&quot;no&quot;,&quot;filters_default_filter&quot;:&quot;&quot;,&quot;filters_count&quot;:&quot;&quot;,&quot;filters_hide_empty&quot;:&quot;no&quot;,&quot;filters_animation&quot;:&quot;default&quot;,&quot;filters_animation_duration&quot;:0.3,&quot;filters_animation_delay&quot;:0.1,&quot;pagination_type&quot;:&quot;load-more&quot;,&quot;pagination_max_pages&quot;:5,&quot;media_align&quot;:&quot;left&quot;,&quot;media_width&quot;:38,&quot;media_distance&quot;:20,&quot;lightbox&quot;:{&quot;selector&quot;:&quot;.wpr-grid-image-wrap&quot;,&quot;iframeMaxWidth&quot;:&quot;60%&quot;,&quot;hash&quot;:false,&quot;autoplay&quot;:&quot;true&quot;,&quot;pause&quot;:5000,&quot;progressBar&quot;:&quot;true&quot;,&quot;counter&quot;:&quot;true&quot;,&quot;controls&quot;:&quot;true&quot;,&quot;getCaptionFromTitleOrAlt&quot;:&quot;true&quot;,&quot;thumbnail&quot;:&quot;&quot;,&quot;showThumbByDefault&quot;:&quot;&quot;,&quot;share&quot;:&quot;&quot;,&quot;zoom&quot;:&quot;true&quot;,&quot;fullScreen&quot;:&quot;true&quot;,&quot;download&quot;:&quot;true&quot;}}\"><article class=\"wpr-grid-item elementor-clearfix post-2383 post type-post status-publish format-standard has-post-thumbnail hentry category-destacados category-premios tag-destacados tag-emmy infinite-scroll-item\"><div class=\"wpr-grid-item-inner\"><div class=\"wpr-grid-media-wrap wpr-effect-size-medium\" data-overlay-link=\"yes\"><div class=\"wpr-grid-image-wrap\" data-src=\"https:\/\/clientesbrandbits.click\/wp-content\/uploads\/2024\/04\/baby-1-1024x576-1.jpg\" data-img-on-hover=\"\"  data-src-secondary=\"\"><img decoding=\"async\" data-no-lazy=\"1\" src=\"https:\/\/clientesbrandbits.click\/wp-content\/uploads\/2024\/04\/baby-1-1024x576-1.jpg\" alt=\"Todos los nominados a los premios Emmy\" class=\"wpr-anim-timing-ease-default\"><\/div><div class=\"wpr-grid-media-hover wpr-animation-wrap\"><div class=\"wpr-grid-media-hover-bg  wpr-overlay-fade-in wpr-anim-size-large wpr-anim-timing-ease-default wpr-anim-transparency\" data-url=\"https:\/\/clientesbrandbits.click\/en\/hay-una-chilena-en-los-nominados-a-los-premios-emmy\/\"><\/div><\/div><\/div><div class=\"wpr-grid-item-below-content elementor-clearfix\"><h2 class=\"wpr-grid-item-title elementor-repeater-item-c562b1b wpr-grid-item-display-block wpr-grid-item-align-left wpr-pointer-none wpr-pointer-line-fx wpr-pointer-fx-fade\"><div class=\"inner-block\"><a target=\"_self\"  href=\"https:\/\/clientesbrandbits.click\/en\/hay-una-chilena-en-los-nominados-a-los-premios-emmy\/\">Todos los nominados a los premios Emmy<\/a><\/div><\/h2><div class=\"wpr-grid-item-excerpt elementor-repeater-item-cfc1745 wpr-grid-item-display-block wpr-grid-item-align-left\"><div class=\"inner-block\"><p>Lleg\u00f3 la temporada que m\u00e1s amamos, la de los premios! Aunque a veces estemos de acuerdo o no, alentar y&hellip;<\/p><\/div><\/div><div class=\"wpr-grid-item-read-more elementor-repeater-item-861d914 wpr-grid-item-display-block wpr-grid-item-align-left\"><div class=\"inner-block\"><a target=\"_self\" href=\"https:\/\/clientesbrandbits.click\/en\/hay-una-chilena-en-los-nominados-a-los-premios-emmy\/\" class=\"wpr-button-effect wpr-button-none\"><span>Read More<\/span><\/a><\/div><\/div><div class=\"wpr-grid-item-separator elementor-repeater-item-831439c wpr-grid-item-display-block wpr-grid-item-align-left wpr-grid-sep-style-1\"><div class=\"inner-block\"><span><\/span><\/div><\/div><\/div><\/div><\/article><article class=\"wpr-grid-item elementor-clearfix post-2335 post type-post status-publish format-standard has-post-thumbnail hentry category-destacados category-premios tag-destacados tag-la-bruja-de-blair infinite-scroll-item\"><div class=\"wpr-grid-item-inner\"><div class=\"wpr-grid-media-wrap wpr-effect-size-medium\" data-overlay-link=\"yes\"><div class=\"wpr-grid-image-wrap\" data-src=\"https:\/\/clientesbrandbits.click\/wp-content\/uploads\/2024\/07\/bruja-de-blair.jpg\" data-img-on-hover=\"\"  data-src-secondary=\"\"><img decoding=\"async\" data-no-lazy=\"1\" src=\"https:\/\/clientesbrandbits.click\/wp-content\/uploads\/2024\/07\/bruja-de-blair.jpg\" alt=\"\u00bfLa mejor campa\u00f1a de marketing para un film en la historia del cine?\" class=\"wpr-anim-timing-ease-default\"><\/div><div class=\"wpr-grid-media-hover wpr-animation-wrap\"><div class=\"wpr-grid-media-hover-bg  wpr-overlay-fade-in wpr-anim-size-large wpr-anim-timing-ease-default wpr-anim-transparency\" data-url=\"https:\/\/clientesbrandbits.click\/en\/la-mejor-campana-de-marketing-para-una-pelicula-en-la-historia\/\"><\/div><\/div><\/div><div class=\"wpr-grid-item-below-content elementor-clearfix\"><h2 class=\"wpr-grid-item-title elementor-repeater-item-c562b1b wpr-grid-item-display-block wpr-grid-item-align-left wpr-pointer-none wpr-pointer-line-fx wpr-pointer-fx-fade\"><div class=\"inner-block\"><a target=\"_self\"  href=\"https:\/\/clientesbrandbits.click\/en\/la-mejor-campana-de-marketing-para-una-pelicula-en-la-historia\/\">\u00bfLa mejor campa\u00f1a de marketing para un film en la historia del cine?<\/a><\/div><\/h2><div class=\"wpr-grid-item-excerpt elementor-repeater-item-cfc1745 wpr-grid-item-display-block wpr-grid-item-align-left\"><div class=\"inner-block\"><p>Hoy se cumplen 25 a\u00f1os desde el estreno de una pel\u00edcula que cambi\u00f3 por completo el marketing asociado a un&hellip;<\/p><\/div><\/div><div class=\"wpr-grid-item-read-more elementor-repeater-item-861d914 wpr-grid-item-display-block wpr-grid-item-align-left\"><div class=\"inner-block\"><a target=\"_self\" href=\"https:\/\/clientesbrandbits.click\/en\/la-mejor-campana-de-marketing-para-una-pelicula-en-la-historia\/\" class=\"wpr-button-effect wpr-button-none\"><span>Read More<\/span><\/a><\/div><\/div><div class=\"wpr-grid-item-separator elementor-repeater-item-831439c wpr-grid-item-display-block wpr-grid-item-align-left wpr-grid-sep-style-1\"><div class=\"inner-block\"><span><\/span><\/div><\/div><\/div><\/div><\/article><article class=\"wpr-grid-item elementor-clearfix post-2291 post type-post status-publish format-standard has-post-thumbnail hentry category-destacados category-premios tag-destacados tag-universal infinite-scroll-item\"><div class=\"wpr-grid-item-inner\"><div class=\"wpr-grid-media-wrap wpr-effect-size-medium\" data-overlay-link=\"yes\"><div class=\"wpr-grid-image-wrap\" data-src=\"https:\/\/clientesbrandbits.click\/wp-content\/uploads\/2024\/07\/16947963030585.webp\" data-img-on-hover=\"\"  data-src-secondary=\"\"><img decoding=\"async\" data-no-lazy=\"1\" src=\"https:\/\/clientesbrandbits.click\/wp-content\/uploads\/2024\/07\/16947963030585.webp\" alt=\"La aclamada serie \u00abPoker face\u00bb comienza el rodaje de su segunda temporada\" class=\"wpr-anim-timing-ease-default\"><\/div><div class=\"wpr-grid-media-hover wpr-animation-wrap\"><div class=\"wpr-grid-media-hover-bg  wpr-overlay-fade-in wpr-anim-size-large wpr-anim-timing-ease-default wpr-anim-transparency\" data-url=\"https:\/\/clientesbrandbits.click\/en\/la-aclamada-serie-poker-face-comienza-el-rodaje-de-su-segunda-temporada\/\"><\/div><\/div><\/div><div class=\"wpr-grid-item-below-content elementor-clearfix\"><h2 class=\"wpr-grid-item-title elementor-repeater-item-c562b1b wpr-grid-item-display-block wpr-grid-item-align-left wpr-pointer-none wpr-pointer-line-fx wpr-pointer-fx-fade\"><div class=\"inner-block\"><a target=\"_self\"  href=\"https:\/\/clientesbrandbits.click\/en\/la-aclamada-serie-poker-face-comienza-el-rodaje-de-su-segunda-temporada\/\">La aclamada serie \u00abPoker face\u00bb comienza el rodaje de su segunda temporada<\/a><\/div><\/h2><div class=\"wpr-grid-item-excerpt elementor-repeater-item-cfc1745 wpr-grid-item-display-block wpr-grid-item-align-left\"><div class=\"inner-block\"><p>La producci\u00f3n de Rian Johnson (Knives Out, Glass Onion) anuncia el inicio de filmaci\u00f3n de su segunda entrega, con Charlie&hellip;<\/p><\/div><\/div><div class=\"wpr-grid-item-read-more elementor-repeater-item-861d914 wpr-grid-item-display-block wpr-grid-item-align-left\"><div class=\"inner-block\"><a target=\"_self\" href=\"https:\/\/clientesbrandbits.click\/en\/la-aclamada-serie-poker-face-comienza-el-rodaje-de-su-segunda-temporada\/\" class=\"wpr-button-effect wpr-button-none\"><span>Read More<\/span><\/a><\/div><\/div><div class=\"wpr-grid-item-separator elementor-repeater-item-831439c wpr-grid-item-display-block wpr-grid-item-align-left wpr-grid-sep-style-1\"><div class=\"inner-block\"><span><\/span><\/div><\/div><\/div><\/div><\/article><article class=\"wpr-grid-item elementor-clearfix post-2173 post type-post status-publish format-standard has-post-thumbnail hentry category-premios tag-listas tag-series infinite-scroll-item\"><div class=\"wpr-grid-item-inner\"><div class=\"wpr-grid-media-wrap wpr-effect-size-medium\" data-overlay-link=\"yes\"><div class=\"wpr-grid-image-wrap\" data-src=\"https:\/\/clientesbrandbits.click\/wp-content\/uploads\/2024\/07\/only.jpeg\" data-img-on-hover=\"\"  data-src-secondary=\"\"><img decoding=\"async\" data-no-lazy=\"1\" src=\"https:\/\/clientesbrandbits.click\/wp-content\/uploads\/2024\/07\/only.jpeg\" alt=\"4 comedias imperdibles antes de los premios Emmy\" class=\"wpr-anim-timing-ease-default\"><\/div><div class=\"wpr-grid-media-hover wpr-animation-wrap\"><div class=\"wpr-grid-media-hover-bg  wpr-overlay-fade-in wpr-anim-size-large wpr-anim-timing-ease-default wpr-anim-transparency\" data-url=\"https:\/\/clientesbrandbits.click\/en\/4-recomendaciones-de-shows-de-comedia-antes-de-los-emmy\/\"><\/div><\/div><\/div><div class=\"wpr-grid-item-below-content elementor-clearfix\"><h2 class=\"wpr-grid-item-title elementor-repeater-item-c562b1b wpr-grid-item-display-block wpr-grid-item-align-left wpr-pointer-none wpr-pointer-line-fx wpr-pointer-fx-fade\"><div class=\"inner-block\"><a target=\"_self\"  href=\"https:\/\/clientesbrandbits.click\/en\/4-recomendaciones-de-shows-de-comedia-antes-de-los-emmy\/\">4 comedias imperdibles antes de los premios Emmy<\/a><\/div><\/h2><div class=\"wpr-grid-item-excerpt elementor-repeater-item-cfc1745 wpr-grid-item-display-block wpr-grid-item-align-left\"><div class=\"inner-block\"><p>Nos vamos preparando para los Premios Emmy ya que la semana que viene, el 17 de julio exactamente, el actor&hellip;<\/p><\/div><\/div><div class=\"wpr-grid-item-read-more elementor-repeater-item-861d914 wpr-grid-item-display-block wpr-grid-item-align-left\"><div class=\"inner-block\"><a target=\"_self\" href=\"https:\/\/clientesbrandbits.click\/en\/4-recomendaciones-de-shows-de-comedia-antes-de-los-emmy\/\" class=\"wpr-button-effect wpr-button-none\"><span>Read More<\/span><\/a><\/div><\/div><div class=\"wpr-grid-item-separator elementor-repeater-item-831439c wpr-grid-item-display-block wpr-grid-item-align-left wpr-grid-sep-style-1\"><div class=\"inner-block\"><span><\/span><\/div><\/div><\/div><\/div><\/article><article class=\"wpr-grid-item elementor-clearfix post-2130 post type-post status-publish format-standard has-post-thumbnail hentry category-destacados category-premios tag-astras tag-destacados tag-hca tag-winners infinite-scroll-item\"><div class=\"wpr-grid-item-inner\"><div class=\"wpr-grid-media-wrap wpr-effect-size-medium\" data-overlay-link=\"yes\"><div class=\"wpr-grid-image-wrap\" data-src=\"https:\/\/clientesbrandbits.click\/wp-content\/uploads\/2024\/07\/dune-2-1.jpg\" data-img-on-hover=\"\"  data-src-secondary=\"\"><img decoding=\"async\" data-no-lazy=\"1\" src=\"https:\/\/clientesbrandbits.click\/wp-content\/uploads\/2024\/07\/dune-2-1.jpg\" alt=\"xr:d:DAFvdbhpATc:917,j:426011184952540938,t:24030810\" class=\"wpr-anim-timing-ease-default\"><\/div><div class=\"wpr-grid-media-hover wpr-animation-wrap\"><div class=\"wpr-grid-media-hover-bg  wpr-overlay-fade-in wpr-anim-size-large wpr-anim-timing-ease-default wpr-anim-transparency\" data-url=\"https:\/\/clientesbrandbits.click\/en\/todos-los-ganadores-del-midseason-de-los-premios-del-cine-the-astra\/\"><\/div><\/div><\/div><div class=\"wpr-grid-item-below-content elementor-clearfix\"><h2 class=\"wpr-grid-item-title elementor-repeater-item-c562b1b wpr-grid-item-display-block wpr-grid-item-align-left wpr-pointer-none wpr-pointer-line-fx wpr-pointer-fx-fade\"><div class=\"inner-block\"><a target=\"_self\"  href=\"https:\/\/clientesbrandbits.click\/en\/todos-los-ganadores-del-midseason-de-los-premios-del-cine-the-astra\/\">Todos los ganadores del midseason de los premios de cine \u00abAstra Awards\u00bb<\/a><\/div><\/h2><div class=\"wpr-grid-item-excerpt elementor-repeater-item-cfc1745 wpr-grid-item-display-block wpr-grid-item-align-left\"><div class=\"inner-block\"><p>La Alianza Creativa de Hollywood (HCA) ha anunciado hoy a los ganadores de los Premios Astra Midseason de Cine 2024.&hellip;<\/p><\/div><\/div><div class=\"wpr-grid-item-read-more elementor-repeater-item-861d914 wpr-grid-item-display-block wpr-grid-item-align-left\"><div class=\"inner-block\"><a target=\"_self\" href=\"https:\/\/clientesbrandbits.click\/en\/todos-los-ganadores-del-midseason-de-los-premios-del-cine-the-astra\/\" class=\"wpr-button-effect wpr-button-none\"><span>Read More<\/span><\/a><\/div><\/div><div class=\"wpr-grid-item-separator elementor-repeater-item-831439c wpr-grid-item-display-block wpr-grid-item-align-left wpr-grid-sep-style-1\"><div class=\"inner-block\"><span><\/span><\/div><\/div><\/div><\/div><\/article><article class=\"wpr-grid-item elementor-clearfix post-2077 post type-post status-publish format-standard has-post-thumbnail hentry category-premios tag-astras tag-hca infinite-scroll-item\"><div class=\"wpr-grid-item-inner\"><div class=\"wpr-grid-media-wrap wpr-effect-size-medium\" data-overlay-link=\"yes\"><div class=\"wpr-grid-image-wrap\" data-src=\"https:\/\/clientesbrandbits.click\/wp-content\/uploads\/2024\/05\/challengers-movie-metro-goldwyn-mayer-ftr-1-1024x577-1.png\" data-img-on-hover=\"\"  data-src-secondary=\"\"><img decoding=\"async\" data-no-lazy=\"1\" src=\"https:\/\/clientesbrandbits.click\/wp-content\/uploads\/2024\/05\/challengers-movie-metro-goldwyn-mayer-ftr-1-1024x577-1.png\" alt=\"El Midseason Astra Award ya tiene a sus nominados\" class=\"wpr-anim-timing-ease-default\"><\/div><div class=\"wpr-grid-media-hover wpr-animation-wrap\"><div class=\"wpr-grid-media-hover-bg  wpr-overlay-fade-in wpr-anim-size-large wpr-anim-timing-ease-default wpr-anim-transparency\" data-url=\"https:\/\/clientesbrandbits.click\/en\/el-midseason-astra-awards-ya-tiene-a-sus-nominados\/\"><\/div><\/div><\/div><div class=\"wpr-grid-item-below-content elementor-clearfix\"><h2 class=\"wpr-grid-item-title elementor-repeater-item-c562b1b wpr-grid-item-display-block wpr-grid-item-align-left wpr-pointer-none wpr-pointer-line-fx wpr-pointer-fx-fade\"><div class=\"inner-block\"><a target=\"_self\"  href=\"https:\/\/clientesbrandbits.click\/en\/el-midseason-astra-awards-ya-tiene-a-sus-nominados\/\">El Midseason Astra Award ya tiene a sus nominados<\/a><\/div><\/h2><div class=\"wpr-grid-item-excerpt elementor-repeater-item-cfc1745 wpr-grid-item-display-block wpr-grid-item-align-left\"><div class=\"inner-block\"><p>La Alianza de Creatividad de Hollywood (Hollywood Creative Alliance) realiz\u00f3 la votaci\u00f3n entre todos sus miembros, para elegir a las&hellip;<\/p><\/div><\/div><div class=\"wpr-grid-item-read-more elementor-repeater-item-861d914 wpr-grid-item-display-block wpr-grid-item-align-left\"><div class=\"inner-block\"><a target=\"_self\" href=\"https:\/\/clientesbrandbits.click\/en\/el-midseason-astra-awards-ya-tiene-a-sus-nominados\/\" class=\"wpr-button-effect wpr-button-none\"><span>Read More<\/span><\/a><\/div><\/div><div class=\"wpr-grid-item-separator elementor-repeater-item-831439c wpr-grid-item-display-block wpr-grid-item-align-left wpr-grid-sep-style-1\"><div class=\"inner-block\"><span><\/span><\/div><\/div><\/div><\/div><\/article><article class=\"wpr-grid-item elementor-clearfix post-1976 post type-post status-publish format-standard has-post-thumbnail hentry category-films category-premios tag-chile tag-oscars infinite-scroll-item\"><div class=\"wpr-grid-item-inner\"><div class=\"wpr-grid-media-wrap wpr-effect-size-medium\" data-overlay-link=\"yes\"><div class=\"wpr-grid-image-wrap\" data-src=\"https:\/\/clientesbrandbits.click\/wp-content\/uploads\/2024\/06\/alfredocastro-2.jpg\" data-img-on-hover=\"\"  data-src-secondary=\"\"><img decoding=\"async\" data-no-lazy=\"1\" src=\"https:\/\/clientesbrandbits.click\/wp-content\/uploads\/2024\/06\/alfredocastro-2.jpg\" alt=\"Alfredo Castro y Moira Miller son invitados a ser miembros de la Academia\" class=\"wpr-anim-timing-ease-default\"><\/div><div class=\"wpr-grid-media-hover wpr-animation-wrap\"><div class=\"wpr-grid-media-hover-bg  wpr-overlay-fade-in wpr-anim-size-large wpr-anim-timing-ease-default wpr-anim-transparency\" data-url=\"https:\/\/clientesbrandbits.click\/en\/3-chilenos-invitados-por-la-academia-para-votar-en-los-oscar\/\"><\/div><\/div><\/div><div class=\"wpr-grid-item-below-content elementor-clearfix\"><h2 class=\"wpr-grid-item-title elementor-repeater-item-c562b1b wpr-grid-item-display-block wpr-grid-item-align-left wpr-pointer-none wpr-pointer-line-fx wpr-pointer-fx-fade\"><div class=\"inner-block\"><a target=\"_self\"  href=\"https:\/\/clientesbrandbits.click\/en\/3-chilenos-invitados-por-la-academia-para-votar-en-los-oscar\/\">Alfredo Castro y Moira Miller son invitados a ser miembros de la Academia<\/a><\/div><\/h2><div class=\"wpr-grid-item-excerpt elementor-repeater-item-cfc1745 wpr-grid-item-display-block wpr-grid-item-align-left\"><div class=\"inner-block\"><p>Hoy, la Academia celebr\u00f3 la incorporaci\u00f3n de 487 nuevos miembros y el orgullo del pa\u00eds no puede ser m\u00e1s grande&hellip;<\/p><\/div><\/div><div class=\"wpr-grid-item-read-more elementor-repeater-item-861d914 wpr-grid-item-display-block wpr-grid-item-align-left\"><div class=\"inner-block\"><a target=\"_self\" href=\"https:\/\/clientesbrandbits.click\/en\/3-chilenos-invitados-por-la-academia-para-votar-en-los-oscar\/\" class=\"wpr-button-effect wpr-button-none\"><span>Read More<\/span><\/a><\/div><\/div><div class=\"wpr-grid-item-separator elementor-repeater-item-831439c wpr-grid-item-display-block wpr-grid-item-align-left wpr-grid-sep-style-1\"><div class=\"inner-block\"><span><\/span><\/div><\/div><\/div><\/div><\/article><article class=\"wpr-grid-item elementor-clearfix post-1840 post type-post status-publish format-standard has-post-thumbnail hentry category-festivales-de-cine category-premios tag-alfredo-castro tag-festival-de-cine-de-guadalajara infinite-scroll-item\"><div class=\"wpr-grid-item-inner\"><div class=\"wpr-grid-media-wrap wpr-effect-size-medium\" data-overlay-link=\"yes\"><div class=\"wpr-grid-image-wrap\" data-src=\"https:\/\/clientesbrandbits.click\/wp-content\/uploads\/2024\/06\/Alfred.jpg\" data-img-on-hover=\"\"  data-src-secondary=\"\"><img decoding=\"async\" data-no-lazy=\"1\" src=\"https:\/\/clientesbrandbits.click\/wp-content\/uploads\/2024\/06\/Alfred.jpg\" alt=\"Alfredo Castro fue homenajeado en el Festival Internacional de Cine de Guadalajara\" class=\"wpr-anim-timing-ease-default\"><\/div><div class=\"wpr-grid-media-hover wpr-animation-wrap\"><div class=\"wpr-grid-media-hover-bg  wpr-overlay-fade-in wpr-anim-size-large wpr-anim-timing-ease-default wpr-anim-transparency\" data-url=\"https:\/\/clientesbrandbits.click\/en\/alfredo-castro-fue-homenajeado-en-el-festival-internacional-de-cine-de-guadalajara\/\"><\/div><\/div><\/div><div class=\"wpr-grid-item-below-content elementor-clearfix\"><h2 class=\"wpr-grid-item-title elementor-repeater-item-c562b1b wpr-grid-item-display-block wpr-grid-item-align-left wpr-pointer-none wpr-pointer-line-fx wpr-pointer-fx-fade\"><div class=\"inner-block\"><a target=\"_self\"  href=\"https:\/\/clientesbrandbits.click\/en\/alfredo-castro-fue-homenajeado-en-el-festival-internacional-de-cine-de-guadalajara\/\">Alfredo Castro fue homenajeado en el Festival Internacional de Cine de Guadalajara<\/a><\/div><\/h2><div class=\"wpr-grid-item-excerpt elementor-repeater-item-cfc1745 wpr-grid-item-display-block wpr-grid-item-align-left\"><div class=\"inner-block\"><p>En el certamen n\u00famero 39 del Festival y como parte de su ceremonia de clausura, el actor Alfredo Castro recibi\u00f3&hellip;<\/p><\/div><\/div><div class=\"wpr-grid-item-read-more elementor-repeater-item-861d914 wpr-grid-item-display-block wpr-grid-item-align-left\"><div class=\"inner-block\"><a target=\"_self\" href=\"https:\/\/clientesbrandbits.click\/en\/alfredo-castro-fue-homenajeado-en-el-festival-internacional-de-cine-de-guadalajara\/\" class=\"wpr-button-effect wpr-button-none\"><span>Read More<\/span><\/a><\/div><\/div><div class=\"wpr-grid-item-separator elementor-repeater-item-831439c wpr-grid-item-display-block wpr-grid-item-align-left wpr-grid-sep-style-1\"><div class=\"inner-block\"><span><\/span><\/div><\/div><\/div><\/div><\/article><article class=\"wpr-grid-item elementor-clearfix post-1121 post type-post status-publish format-standard has-post-thumbnail hentry category-premios tag-film-at-lincoln-center infinite-scroll-item\"><div class=\"wpr-grid-item-inner\"><div class=\"wpr-grid-media-wrap wpr-effect-size-medium\" data-overlay-link=\"yes\"><div class=\"wpr-grid-image-wrap\" data-src=\"https:\/\/clientesbrandbits.click\/wp-content\/uploads\/2024\/04\/jeff.jpg\" data-img-on-hover=\"\"  data-src-secondary=\"\"><img decoding=\"async\" data-no-lazy=\"1\" src=\"https:\/\/clientesbrandbits.click\/wp-content\/uploads\/2024\/04\/jeff.jpg\" alt=\"Mandatory Credit: Photo by Sundholm Magnus\/action press\/REX\/Shutterstock (9893651q)Jeff BridgesJeff Bridges, who stars in &#039;Bad Times at El Royale&#039;, at the Roosevelt Hotel, Hollywood, USA - 23 Sep 2018\" class=\"wpr-anim-timing-ease-default\"><\/div><div class=\"wpr-grid-media-hover wpr-animation-wrap\"><div class=\"wpr-grid-media-hover-bg  wpr-overlay-fade-in wpr-anim-size-large wpr-anim-timing-ease-default wpr-anim-transparency\" data-url=\"https:\/\/clientesbrandbits.click\/en\/jeff-bridges-galardonado-con-el-premio-chaplin-2024-en-el-lincoln-center\/\"><\/div><\/div><\/div><div class=\"wpr-grid-item-below-content elementor-clearfix\"><h2 class=\"wpr-grid-item-title elementor-repeater-item-c562b1b wpr-grid-item-display-block wpr-grid-item-align-left wpr-pointer-none wpr-pointer-line-fx wpr-pointer-fx-fade\"><div class=\"inner-block\"><a target=\"_self\"  href=\"https:\/\/clientesbrandbits.click\/en\/jeff-bridges-galardonado-con-el-premio-chaplin-2024-en-el-lincoln-center\/\">Jeff Bridges, Award-winning Chaplin 2024 at Lincoln Center.<\/a><\/div><\/h2><div class=\"wpr-grid-item-excerpt elementor-repeater-item-cfc1745 wpr-grid-item-display-block wpr-grid-item-align-left\"><div class=\"inner-block\"><p>Anoche se llev\u00f3 a cabo la ceremonia de homenaje a Jeff Bridges, donde destacadas figuras del mundo del cine se&hellip;<\/p><\/div><\/div><div class=\"wpr-grid-item-read-more elementor-repeater-item-861d914 wpr-grid-item-display-block wpr-grid-item-align-left\"><div class=\"inner-block\"><a target=\"_self\" href=\"https:\/\/clientesbrandbits.click\/en\/jeff-bridges-galardonado-con-el-premio-chaplin-2024-en-el-lincoln-center\/\" class=\"wpr-button-effect wpr-button-none\"><span>Read More<\/span><\/a><\/div><\/div><div class=\"wpr-grid-item-separator elementor-repeater-item-831439c wpr-grid-item-display-block wpr-grid-item-align-left wpr-grid-sep-style-1\"><div class=\"inner-block\"><span><\/span><\/div><\/div><\/div><\/div><\/article><\/section><div class=\"wpr-grid-pagination elementor-clearfix wpr-grid-pagination-load-more\"><a href=\"https:\/\/clientesbrandbits.click\/en\/wp-json\/wp\/v2\/pages\/60\/page\/2\/\" class=\"wpr-load-more-btn\" data-e-disable-page-transition>Load More<\/a><div class=\"wpr-pagination-loading\"><div class=\"wpr-double-bounce\"><div class=\"wpr-child wpr-double-bounce1\"><\/div><div class=\"wpr-child wpr-double-bounce2\"><\/div><\/div><\/div><p class=\"wpr-pagination-finish\">End of content<\/p><\/div>\t\t<\/div>\n\t\t\t\t<\/div>\n\t\t\t\t<\/div>\n\t\t<div class=\"elementor-element elementor-element-4cc4525 e-con-full elementor-hidden-tablet elementor-hidden-mobile e-flex wpr-particle-no wpr-jarallax-no wpr-parallax-no wpr-sticky-section-no e-con e-child\" data-id=\"4cc4525\" data-element_type=\"container\">\n\t\t\t\t<div class=\"elementor-element elementor-element-f1a7c35 elementor-widget elementor-widget-heading\" data-id=\"f1a7c35\" data-element_type=\"widget\" data-widget_type=\"heading.default\">\n\t\t\t\t<div class=\"elementor-widget-container\">\n\t\t\t<h3 class=\"elementor-heading-title elementor-size-default\">Recent posts<\/h3>\t\t<\/div>\n\t\t\t\t<\/div>\n\t\t\t\t<div class=\"elementor-element elementor-element-f9f9d28 elementor-widget elementor-widget-sidebar\" data-id=\"f9f9d28\" data-element_type=\"widget\" data-widget_type=\"sidebar.default\">\n\t\t\t\t<div class=\"elementor-widget-container\">\n\t\t\t<aside id=\"recent-posts-widget-with-thumbnails-2\" class=\"widget inner-padding recent-posts-widget-with-thumbnails\">\n<div id=\"rpwwt-recent-posts-widget-with-thumbnails-2\" class=\"rpwwt-widget\">\r\n<h2 class=\"widget-title\">Last notes<\/h2>\n\t<ul>\r\n\t\t<li><a href=\"https:\/\/clientesbrandbits.click\/en\/llego-a-netflix-el-documental-ganador-del-oscar\/\"><img decoding=\"async\" width=\"75\" height=\"75\" src=\"https:\/\/clientesbrandbits.click\/wp-content\/uploads\/2024\/07\/maripul-150x150.jpg\" class=\"attachment-75x75 size-75x75 wp-post-image\" alt=\"\" \/><span class=\"rpwwt-post-title\">Lleg\u00f3 a Netflix el documental ganador del Oscar<\/span><\/a><div class=\"rpwwt-post-date\">2 de August de 2024<\/div><\/li>\r\n\t\t<li><a href=\"https:\/\/clientesbrandbits.click\/en\/en-agosto-mubi-estrena-caminos-cruzados-y-presenta-sus-especiales\/\"><img decoding=\"async\" width=\"75\" height=\"75\" src=\"https:\/\/clientesbrandbits.click\/wp-content\/uploads\/2024\/07\/CROSSING-2-150x150.jpg\" class=\"attachment-75x75 size-75x75 wp-post-image\" alt=\"\" \/><span class=\"rpwwt-post-title\">En agosto Mubi presenta sus especiales<\/span><\/a><div class=\"rpwwt-post-date\">1 de August de 2024<\/div><\/li>\r\n\t\t<li><a href=\"https:\/\/clientesbrandbits.click\/en\/aun-estoy-aqui-pelicula-de-walter-estara-en-el-festival-de-venecia\/\"><img decoding=\"async\" width=\"75\" height=\"75\" src=\"https:\/\/clientesbrandbits.click\/wp-content\/uploads\/2024\/08\/Walter-Salles-1-150x150.jpg\" class=\"attachment-75x75 size-75x75 wp-post-image\" alt=\"\" \/><span class=\"rpwwt-post-title\">\u00abA\u00fan Estoy Aqu\u00ed\u00bb: Pel\u00edcula de Walter estar\u00e1 en el festi&hellip;<\/span><\/a><div class=\"rpwwt-post-date\">1 de August de 2024<\/div><\/li>\r\n\t\t<li><a href=\"https:\/\/clientesbrandbits.click\/en\/hablamos-con-el-director-y-cast-de-in-our-blood-nuevo-horror-latino\/\"><img loading=\"lazy\" decoding=\"async\" width=\"75\" height=\"75\" src=\"https:\/\/clientesbrandbits.click\/wp-content\/uploads\/2024\/07\/bear-07-150x150.png\" class=\"attachment-75x75 size-75x75 wp-post-image\" alt=\"\" \/><span class=\"rpwwt-post-title\">Hablamos con el director y Cast de \u00abIn Our Blood\u00bb nuevo&hellip;<\/span><\/a><div class=\"rpwwt-post-date\">31 de July de 2024<\/div><\/li>\r\n\t\t<li><a href=\"https:\/\/clientesbrandbits.click\/en\/conoce-a-los-protagonistas-de-la-banda-de-asaltantes-de-el-fantasma\/\"><img loading=\"lazy\" decoding=\"async\" width=\"75\" height=\"75\" src=\"https:\/\/clientesbrandbits.click\/wp-content\/uploads\/2024\/07\/Dario-Lopitalo-Willy-Semler-1024x429-1-150x150.jpg\" class=\"attachment-75x75 size-75x75 wp-post-image\" alt=\"\" \/><span class=\"rpwwt-post-title\">Conoce a los protagonistas de la  banda de asaltantes d&hellip;<\/span><\/a><div class=\"rpwwt-post-date\">31 de July de 2024<\/div><\/li>\r\n\t<\/ul>\r\n<\/div><!-- .rpwwt-widget -->\r\n<\/aside><aside id=\"text-2\" class=\"widget inner-padding widget_text\">\t\t\t<div class=\"textwidget\"><\/div>\n\t\t<\/aside>\t\t<\/div>\n\t\t\t\t<\/div>\n\t\t\t\t<\/div>\n\t\t\t\t\t<\/div>\n\t\t\t\t<\/div>\n\t\t\t\t<\/div>","protected":false},"excerpt":{"rendered":"<p>Premios All Posts Premios Jeff Bridges, galardonado con el Premio Chaplin 2024 en el Lincoln Center. Anoche se llev\u00f3 a cabo la ceremonia de homenaje a Jeff Bridges, donde destacadas figuras del mundo del cine se&hellip; Leer M\u00e1s Nicole Kidman &#8230; <a title=\"Conoce a los protagonistas de la  banda de asaltantes de \u00abEl Fantasma\u00bb\" class=\"read-more\" href=\"https:\/\/clientesbrandbits.click\/en\/conoce-a-los-protagonistas-de-la-banda-de-asaltantes-de-el-fantasma\/\" aria-label=\"Read more about Conoce a los protagonistas de la  banda de asaltantes de \u00abEl Fantasma\u00bb\">Read More<\/a><\/p>","protected":false},"author":1,"featured_media":0,"parent":0,"menu_order":0,"comment_status":"closed","ping_status":"closed","template":"","meta":{"_joinchat":[],"footnotes":""},"class_list":["post-60","page","type-page","status-publish","hentry","infinite-scroll-item"],"yoast_head":"<!-- This site is optimized with the Yoast SEO plugin v22.8 - https:\/\/yoast.com\/wordpress\/plugins\/seo\/ -->\n<title>Premios - Spanglish Cinema<\/title>\n<meta name=\"robots\" content=\"index, follow, max-snippet:-1, max-image-preview:large, max-video-preview:-1\" \/>\n<link rel=\"canonical\" href=\"https:\/\/clientesbrandbits.click\/en\/premios\/\" \/>\n<meta property=\"og:locale\" content=\"en_US\" \/>\n<meta property=\"og:type\" content=\"article\" \/>\n<meta property=\"og:title\" content=\"Premios - Spanglish Cinema\" \/>\n<meta property=\"og:description\" content=\"Premios All Posts Premios Jeff Bridges, galardonado con el Premio Chaplin 2024 en el Lincoln Center. Anoche se llev\u00f3 a cabo la ceremonia de homenaje a Jeff Bridges, donde destacadas figuras del mundo del cine se&hellip; Leer M\u00e1s Nicole Kidman ... Leer M\u00e1s\" \/>\n<meta property=\"og:url\" content=\"https:\/\/clientesbrandbits.click\/en\/premios\/\" \/>\n<meta property=\"og:site_name\" content=\"Spanglish Cinema\" \/>\n<meta property=\"article:modified_time\" content=\"2024-06-03T16:42:18+00:00\" \/>\n<meta property=\"og:image\" content=\"https:\/\/clientesbrandbits.click\/wp-content\/uploads\/2024\/04\/jeff.jpg\" \/>\n<meta name=\"twitter:card\" content=\"summary_large_image\" \/>\n<meta name=\"twitter:label1\" content=\"Est. reading time\" \/>\n\t<meta name=\"twitter:data1\" content=\"5 minutes\" \/>\n<script type=\"application\/ld+json\" class=\"yoast-schema-graph\">{\"@context\":\"https:\/\/schema.org\",\"@graph\":[{\"@type\":\"WebPage\",\"@id\":\"https:\/\/clientesbrandbits.click\/premios\/\",\"url\":\"https:\/\/clientesbrandbits.click\/premios\/\",\"name\":\"Premios - Spanglish Cinema\",\"isPartOf\":{\"@id\":\"https:\/\/clientesbrandbits.click\/#website\"},\"primaryImageOfPage\":{\"@id\":\"https:\/\/clientesbrandbits.click\/premios\/#primaryimage\"},\"image\":{\"@id\":\"https:\/\/clientesbrandbits.click\/premios\/#primaryimage\"},\"thumbnailUrl\":\"https:\/\/clientesbrandbits.click\/wp-content\/uploads\/2024\/04\/jeff.jpg\",\"datePublished\":\"2024-03-18T21:53:21+00:00\",\"dateModified\":\"2024-06-03T16:42:18+00:00\",\"breadcrumb\":{\"@id\":\"https:\/\/clientesbrandbits.click\/premios\/#breadcrumb\"},\"inLanguage\":\"en-US\",\"potentialAction\":[{\"@type\":\"ReadAction\",\"target\":[\"https:\/\/clientesbrandbits.click\/premios\/\"]}]},{\"@type\":\"ImageObject\",\"inLanguage\":\"en-US\",\"@id\":\"https:\/\/clientesbrandbits.click\/premios\/#primaryimage\",\"url\":\"https:\/\/clientesbrandbits.click\/wp-content\/uploads\/2024\/04\/jeff.jpg\",\"contentUrl\":\"https:\/\/clientesbrandbits.click\/wp-content\/uploads\/2024\/04\/jeff.jpg\"},{\"@type\":\"BreadcrumbList\",\"@id\":\"https:\/\/clientesbrandbits.click\/premios\/#breadcrumb\",\"itemListElement\":[{\"@type\":\"ListItem\",\"position\":1,\"name\":\"Portada\",\"item\":\"https:\/\/clientesbrandbits.click\/\"},{\"@type\":\"ListItem\",\"position\":2,\"name\":\"Premios\"}]},{\"@type\":\"WebSite\",\"@id\":\"https:\/\/clientesbrandbits.click\/#website\",\"url\":\"https:\/\/clientesbrandbits.click\/\",\"name\":\"Spanglish Cinema\",\"description\":\"\",\"publisher\":{\"@id\":\"https:\/\/clientesbrandbits.click\/#organization\"},\"potentialAction\":[{\"@type\":\"SearchAction\",\"target\":{\"@type\":\"EntryPoint\",\"urlTemplate\":\"https:\/\/clientesbrandbits.click\/?s={search_term_string}\"},\"query-input\":\"required name=search_term_string\"}],\"inLanguage\":\"en-US\"},{\"@type\":\"Organization\",\"@id\":\"https:\/\/clientesbrandbits.click\/#organization\",\"name\":\"Spanglish Cinema\",\"url\":\"https:\/\/clientesbrandbits.click\/\",\"logo\":{\"@type\":\"ImageObject\",\"inLanguage\":\"en-US\",\"@id\":\"https:\/\/clientesbrandbits.click\/#\/schema\/logo\/image\/\",\"url\":\"https:\/\/clientesbrandbits.click\/wp-content\/uploads\/2024\/03\/spanglish_cinema.png\",\"contentUrl\":\"https:\/\/clientesbrandbits.click\/wp-content\/uploads\/2024\/03\/spanglish_cinema.png\",\"width\":612,\"height\":225,\"caption\":\"Spanglish Cinema\"},\"image\":{\"@id\":\"https:\/\/clientesbrandbits.click\/#\/schema\/logo\/image\/\"}}]}<\/script>\n<!-- \/ Yoast SEO plugin. -->","yoast_head_json":{"title":"Premios - Spanglish Cinema","robots":{"index":"index","follow":"follow","max-snippet":"max-snippet:-1","max-image-preview":"max-image-preview:large","max-video-preview":"max-video-preview:-1"},"canonical":"https:\/\/clientesbrandbits.click\/en\/premios\/","og_locale":"en_US","og_type":"article","og_title":"Premios - Spanglish Cinema","og_description":"Premios All Posts Premios Jeff Bridges, galardonado con el Premio Chaplin 2024 en el Lincoln Center. Anoche se llev\u00f3 a cabo la ceremonia de homenaje a Jeff Bridges, donde destacadas figuras del mundo del cine se&hellip; Leer M\u00e1s Nicole Kidman ... Leer M\u00e1s","og_url":"https:\/\/clientesbrandbits.click\/en\/premios\/","og_site_name":"Spanglish Cinema","article_modified_time":"2024-06-03T16:42:18+00:00","og_image":[{"url":"https:\/\/clientesbrandbits.click\/wp-content\/uploads\/2024\/04\/jeff.jpg"}],"twitter_card":"summary_large_image","twitter_misc":{"Est. reading time":"5 minutes"},"schema":{"@context":"https:\/\/schema.org","@graph":[{"@type":"WebPage","@id":"https:\/\/clientesbrandbits.click\/premios\/","url":"https:\/\/clientesbrandbits.click\/premios\/","name":"Premios - Spanglish Cinema","isPartOf":{"@id":"https:\/\/clientesbrandbits.click\/#website"},"primaryImageOfPage":{"@id":"https:\/\/clientesbrandbits.click\/premios\/#primaryimage"},"image":{"@id":"https:\/\/clientesbrandbits.click\/premios\/#primaryimage"},"thumbnailUrl":"https:\/\/clientesbrandbits.click\/wp-content\/uploads\/2024\/04\/jeff.jpg","datePublished":"2024-03-18T21:53:21+00:00","dateModified":"2024-06-03T16:42:18+00:00","breadcrumb":{"@id":"https:\/\/clientesbrandbits.click\/premios\/#breadcrumb"},"inLanguage":"en-US","potentialAction":[{"@type":"ReadAction","target":["https:\/\/clientesbrandbits.click\/premios\/"]}]},{"@type":"ImageObject","inLanguage":"en-US","@id":"https:\/\/clientesbrandbits.click\/premios\/#primaryimage","url":"https:\/\/clientesbrandbits.click\/wp-content\/uploads\/2024\/04\/jeff.jpg","contentUrl":"https:\/\/clientesbrandbits.click\/wp-content\/uploads\/2024\/04\/jeff.jpg"},{"@type":"BreadcrumbList","@id":"https:\/\/clientesbrandbits.click\/premios\/#breadcrumb","itemListElement":[{"@type":"ListItem","position":1,"name":"Portada","item":"https:\/\/clientesbrandbits.click\/"},{"@type":"ListItem","position":2,"name":"Premios"}]},{"@type":"WebSite","@id":"https:\/\/clientesbrandbits.click\/#website","url":"https:\/\/clientesbrandbits.click\/","name":"Spanglish Cinema","description":"","publisher":{"@id":"https:\/\/clientesbrandbits.click\/#organization"},"potentialAction":[{"@type":"SearchAction","target":{"@type":"EntryPoint","urlTemplate":"https:\/\/clientesbrandbits.click\/?s={search_term_string}"},"query-input":"required name=search_term_string"}],"inLanguage":"en-US"},{"@type":"Organization","@id":"https:\/\/clientesbrandbits.click\/#organization","name":"Spanglish Cinema","url":"https:\/\/clientesbrandbits.click\/","logo":{"@type":"ImageObject","inLanguage":"en-US","@id":"https:\/\/clientesbrandbits.click\/#\/schema\/logo\/image\/","url":"https:\/\/clientesbrandbits.click\/wp-content\/uploads\/2024\/03\/spanglish_cinema.png","contentUrl":"https:\/\/clientesbrandbits.click\/wp-content\/uploads\/2024\/03\/spanglish_cinema.png","width":612,"height":225,"caption":"Spanglish Cinema"},"image":{"@id":"https:\/\/clientesbrandbits.click\/#\/schema\/logo\/image\/"}}]}},"_links":{"self":[{"href":"https:\/\/clientesbrandbits.click\/en\/wp-json\/wp\/v2\/pages\/60"}],"collection":[{"href":"https:\/\/clientesbrandbits.click\/en\/wp-json\/wp\/v2\/pages"}],"about":[{"href":"https:\/\/clientesbrandbits.click\/en\/wp-json\/wp\/v2\/types\/page"}],"author":[{"embeddable":true,"href":"https:\/\/clientesbrandbits.click\/en\/wp-json\/wp\/v2\/users\/1"}],"replies":[{"embeddable":true,"href":"https:\/\/clientesbrandbits.click\/en\/wp-json\/wp\/v2\/comments?post=60"}],"version-history":[{"count":20,"href":"https:\/\/clientesbrandbits.click\/en\/wp-json\/wp\/v2\/pages\/60\/revisions"}],"predecessor-version":[{"id":1636,"href":"https:\/\/clientesbrandbits.click\/en\/wp-json\/wp\/v2\/pages\/60\/revisions\/1636"}],"wp:attachment":[{"href":"https:\/\/clientesbrandbits.click\/en\/wp-json\/wp\/v2\/media?parent=60"}],"curies":[{"name":"wp","href":"https:\/\/api.w.org\/{rel}","templated":true}]}}